{"id":8006,"date":"2024-11-13T14:18:35","date_gmt":"2024-11-13T13:18:35","guid":{"rendered":"https:\/\/www.campinglacdecarouge.fr\/lugares-imprescindibles-de-saboya\/lagos-de-saboya\/"},"modified":"2024-12-13T12:35:22","modified_gmt":"2024-12-13T11:35:22","slug":"lagos-de-saboya","status":"publish","type":"page","link":"https:\/\/www.campinglacdecarouge.fr\/es\/lugares-imprescindibles-de-saboya\/lagos-de-saboya\/","title":{"rendered":"Lagos de Saboya"},"content":{"rendered":"\t\t<div data-elementor-type=\"wp-page\" data-elementor-id=\"8006\" class=\"elementor elementor-8006 elementor-6243\" data-elementor-post-type=\"page\">\n\t\t\t\t<div class=\"elementor-element elementor-element-e8df343 e-flex e-con-boxed elementor-invisible e-con e-parent\" data-id=\"e8df343\" data-element_type=\"container\" data-e-type=\"container\" data-settings=\"{&quot;shape_divider_bottom&quot;:&quot;wave-brush&quot;,&quot;background_background&quot;:&quot;slideshow&quot;,&quot;background_slideshow_gallery&quot;:[{&quot;id&quot;:6267,&quot;url&quot;:&quot;https:\\\/\\\/www.campinglacdecarouge.fr\\\/wp-content\\\/uploads\\\/2024\\\/11\\\/maxresdefault-1.jpg&quot;},{&quot;id&quot;:6268,&quot;url&quot;:&quot;https:\\\/\\\/www.campinglacdecarouge.fr\\\/wp-content\\\/uploads\\\/2024\\\/11\\\/WP_20130821_045-scaled.jpg&quot;},{&quot;id&quot;:6269,&quot;url&quot;:&quot;https:\\\/\\\/www.campinglacdecarouge.fr\\\/wp-content\\\/uploads\\\/2024\\\/11\\\/WP_20140122_007-scaled.jpg&quot;},{&quot;id&quot;:6270,&quot;url&quot;:&quot;https:\\\/\\\/www.campinglacdecarouge.fr\\\/wp-content\\\/uploads\\\/2024\\\/11\\\/DSC_0154-scaled.jpg&quot;},{&quot;id&quot;:2657,&quot;url&quot;:&quot;https:\\\/\\\/www.campinglacdecarouge.fr\\\/wp-content\\\/uploads\\\/2024\\\/09\\\/1641812978.jpeg&quot;},{&quot;id&quot;:2656,&quot;url&quot;:&quot;https:\\\/\\\/www.campinglacdecarouge.fr\\\/wp-content\\\/uploads\\\/2024\\\/09\\\/1641812974.jpeg&quot;}],&quot;background_slideshow_lazyload&quot;:&quot;yes&quot;,&quot;background_slideshow_ken_burns&quot;:&quot;yes&quot;,&quot;background_slideshow_ken_burns_zoom_direction&quot;:&quot;out&quot;,&quot;animation&quot;:&quot;fadeIn&quot;,&quot;background_slideshow_loop&quot;:&quot;yes&quot;,&quot;background_slideshow_slide_duration&quot;:5000,&quot;background_slideshow_slide_transition&quot;:&quot;fade&quot;,&quot;background_slideshow_transition_duration&quot;:500}\">\n\t\t\t\t\t<div class=\"e-con-inner\">\n\t\t\t\t<div class=\"elementor-shape elementor-shape-bottom\" aria-hidden=\"true\" data-negative=\"false\">\n\t\t\t<svg xmlns=\"http:\/\/www.w3.org\/2000\/svg\" viewBox=\"0 0 283.5 27.8\" preserveAspectRatio=\"none\">\n\t<path class=\"elementor-shape-fill\" d=\"M283.5,9.7c0,0-7.3,4.3-14,4.6c-6.8,0.3-12.6,0-20.9-1.5c-11.3-2-33.1-10.1-44.7-5.7\ts-12.1,4.6-18,7.4c-6.6,3.2-20,9.6-36.6,9.3C131.6,23.5,99.5,7.2,86.3,8c-1.4,0.1-6.6,0.8-10.5,2c-3.8,1.2-9.4,3.8-17,4.7\tc-3.2,0.4-8.3,1.1-14.2,0.9c-1.5-0.1-6.3-0.4-12-1.6c-5.7-1.2-11-3.1-15.8-3.7C6.5,9.2,0,10.8,0,10.8V0h283.5V9.7z M260.8,11.3\tc-0.7-1-2-0.4-4.3-0.4c-2.3,0-6.1-1.2-5.8-1.1c0.3,0.1,3.1,1.5,6,1.9C259.7,12.2,261.4,12.3,260.8,11.3z M242.4,8.6\tc0,0-2.4-0.2-5.6-0.9c-3.2-0.8-10.3-2.8-15.1-3.5c-8.2-1.1-15.8,0-15.1,0.1c0.8,0.1,9.6-0.6,17.6,1.1c3.3,0.7,9.3,2.2,12.4,2.7\tC239.9,8.7,242.4,8.6,242.4,8.6z M185.2,8.5c1.7-0.7-13.3,4.7-18.5,6.1c-2.1,0.6-6.2,1.6-10,2c-3.9,0.4-8.9,0.4-8.8,0.5\tc0,0.2,5.8,0.8,11.2,0c5.4-0.8,5.2-1.1,7.6-1.6C170.5,14.7,183.5,9.2,185.2,8.5z M199.1,6.9c0.2,0-0.8-0.4-4.8,1.1\tc-4,1.5-6.7,3.5-6.9,3.7c-0.2,0.1,3.5-1.8,6.6-3C197,7.5,199,6.9,199.1,6.9z M283,6c-0.1,0.1-1.9,1.1-4.8,2.5s-6.9,2.8-6.7,2.7\tc0.2,0,3.5-0.6,7.4-2.5C282.8,6.8,283.1,5.9,283,6z M31.3,11.6c0.1-0.2-1.9-0.2-4.5-1.2s-5.4-1.6-7.8-2C15,7.6,7.3,8.5,7.7,8.6\tC8,8.7,15.9,8.3,20.2,9.3c2.2,0.5,2.4,0.5,5.7,1.6S31.2,11.9,31.3,11.6z M73,9.2c0.4-0.1,3.5-1.6,8.4-2.6c4.9-1.1,8.9-0.5,8.9-0.8\tc0-0.3-1-0.9-6.2-0.3S72.6,9.3,73,9.2z M71.6,6.7C71.8,6.8,75,5.4,77.3,5c2.3-0.3,1.9-0.5,1.9-0.6c0-0.1-1.1-0.2-2.7,0.2\tC74.8,5.1,71.4,6.6,71.6,6.7z M93.6,4.4c0.1,0.2,3.5,0.8,5.6,1.8c2.1,1,1.8,0.6,1.9,0.5c0.1-0.1-0.8-0.8-2.4-1.3\tC97.1,4.8,93.5,4.2,93.6,4.4z M65.4,11.1c-0.1,0.3,0.3,0.5,1.9-0.2s2.6-1.3,2.2-1.2s-0.9,0.4-2.5,0.8C65.3,10.9,65.5,10.8,65.4,11.1\tz M34.5,12.4c-0.2,0,2.1,0.8,3.3,0.9c1.2,0.1,2,0.1,2-0.2c0-0.3-0.1-0.5-1.6-0.4C36.6,12.8,34.7,12.4,34.5,12.4z M152.2,21.1\tc-0.1,0.1-2.4-0.3-7.5-0.3c-5,0-13.6-2.4-17.2-3.5c-3.6-1.1,10,3.9,16.5,4.1C150.5,21.6,152.3,21,152.2,21.1z\"\/>\n\t<path class=\"elementor-shape-fill\" d=\"M269.6,18c-0.1-0.1-4.6,0.3-7.2,0c-7.3-0.7-17-3.2-16.6-2.9c0.4,0.3,13.7,3.1,17,3.3\tC267.7,18.8,269.7,18,269.6,18z\"\/>\n\t<path class=\"elementor-shape-fill\" d=\"M227.4,9.8c-0.2-0.1-4.5-1-9.5-1.2c-5-0.2-12.7,0.6-12.3,0.5c0.3-0.1,5.9-1.8,13.3-1.2\tS227.6,9.9,227.4,9.8z\"\/>\n\t<path class=\"elementor-shape-fill\" d=\"M204.5,13.4c-0.1-0.1,2-1,3.2-1.1c1.2-0.1,2,0,2,0.3c0,0.3-0.1,0.5-1.6,0.4\tC206.4,12.9,204.6,13.5,204.5,13.4z\"\/>\n\t<path class=\"elementor-shape-fill\" d=\"M201,10.6c0-0.1-4.4,1.2-6.3,2.2c-1.9,0.9-6.2,3.1-6.1,3.1c0.1,0.1,4.2-1.6,6.3-2.6\tS201,10.7,201,10.6z\"\/>\n\t<path class=\"elementor-shape-fill\" d=\"M154.5,26.7c-0.1-0.1-4.6,0.3-7.2,0c-7.3-0.7-17-3.2-16.6-2.9c0.4,0.3,13.7,3.1,17,3.3\tC152.6,27.5,154.6,26.8,154.5,26.7z\"\/>\n\t<path class=\"elementor-shape-fill\" d=\"M41.9,19.3c0,0,1.2-0.3,2.9-0.1c1.7,0.2,5.8,0.9,8.2,0.7c4.2-0.4,7.4-2.7,7-2.6\tc-0.4,0-4.3,2.2-8.6,1.9c-1.8-0.1-5.1-0.5-6.7-0.4S41.9,19.3,41.9,19.3z\"\/>\n\t<path class=\"elementor-shape-fill\" d=\"M75.5,12.6c0.2,0.1,2-0.8,4.3-1.1c2.3-0.2,2.1-0.3,2.1-0.5c0-0.1-1.8-0.4-3.4,0\tC76.9,11.5,75.3,12.5,75.5,12.6z\"\/>\n\t<path class=\"elementor-shape-fill\" d=\"M15.6,13.2c0-0.1,4.3,0,6.7,0.5c2.4,0.5,5,1.9,5,2c0,0.1-2.7-0.8-5.1-1.4\tC19.9,13.7,15.7,13.3,15.6,13.2z\"\/>\n<\/svg>\t\t<\/div>\n\t\t<div class=\"elementor-element elementor-element-612bb7e e-con-full e-flex elementor-invisible e-con e-child\" data-id=\"612bb7e\" data-element_type=\"container\" data-e-type=\"container\" data-settings=\"{&quot;animation&quot;:&quot;slideInLeft&quot;,&quot;animation_delay&quot;:800}\">\n\t\t<div class=\"elementor-element elementor-element-180e719 e-con-full skew-container-light e-flex elementor-invisible e-con e-child\" data-id=\"180e719\" data-element_type=\"container\" data-e-type=\"container\" data-settings=\"{&quot;background_background&quot;:&quot;classic&quot;,&quot;animation&quot;:&quot;fadeIn&quot;,&quot;animation_delay&quot;:800}\">\n\t\t\t\t<div class=\"elementor-element elementor-element-924eb25 elementor-widget elementor-widget-heading\" data-id=\"924eb25\" data-element_type=\"widget\" data-e-type=\"widget\" data-settings=\"{&quot;_animation&quot;:&quot;none&quot;,&quot;_animation_delay&quot;:100}\" data-widget_type=\"heading.default\">\n\t\t\t\t<div class=\"elementor-widget-container\">\n\t\t\t\t\t<h1 class=\"elementor-heading-title elementor-size-default\">Lagos de Saboya<\/h1>\t\t\t\t<\/div>\n\t\t\t\t<\/div>\n\t\t\t\t<div class=\"elementor-element elementor-element-4c6f74b elementor-widget elementor-widget-text-editor\" data-id=\"4c6f74b\" data-element_type=\"widget\" data-e-type=\"widget\" data-settings=\"{&quot;_animation&quot;:&quot;none&quot;,&quot;_animation_delay&quot;:500}\" data-widget_type=\"text-editor.default\">\n\t\t\t\t<div class=\"elementor-widget-container\">\n\t\t\t\t\t\t\t\t\t<p>\u00bfEs usted un amante de la naturaleza y quiere pasar sus vacaciones en plena monta\u00f1a en un camping cerca de los lagos de Saboya, pero no sabe exactamente qu\u00e9 paseos hacer y qu\u00e9 lagos descubrir durante su estancia? No se preocupe, aqu\u00ed tiene algunas pistas para unas vacaciones inolvidables. <\/p>\n\t\t\t\t\t\t\t\t<\/div>\n\t\t\t\t<\/div>\n\t\t\t\t<\/div>\n\t\t<div class=\"elementor-element elementor-element-897605f e-con-full elementor-hidden-tablet elementor-hidden-mobile e-flex e-con e-child\" data-id=\"897605f\" data-element_type=\"container\" data-e-type=\"container\">\n\t\t\t\t<\/div>\n\t\t\t\t<\/div>\n\t\t\t\t\t<\/div>\n\t\t\t\t<\/div>\n\t\t<div class=\"elementor-element elementor-element-5f521b0 e-flex e-con-boxed e-con e-parent\" data-id=\"5f521b0\" data-element_type=\"container\" data-e-type=\"container\">\n\t\t\t\t\t<div class=\"e-con-inner\">\n\t\t\t\t<div class=\"elementor-element elementor-element-9fd89c1 elementor-widget elementor-widget-heading\" data-id=\"9fd89c1\" data-element_type=\"widget\" data-e-type=\"widget\" data-widget_type=\"heading.default\">\n\t\t\t\t<div class=\"elementor-widget-container\">\n\t\t\t\t\t<h3 class=\"elementor-heading-title elementor-size-default\">Saboya y Alta Saboya: paisajes que cortan la respiraci\u00f3n<\/h3>\t\t\t\t<\/div>\n\t\t\t\t<\/div>\n\t\t\t\t<div class=\"elementor-element elementor-element-18b5837 elementor-widget elementor-widget-spacer\" data-id=\"18b5837\" data-element_type=\"widget\" data-e-type=\"widget\" data-widget_type=\"spacer.default\">\n\t\t\t\t<div class=\"elementor-widget-container\">\n\t\t\t\t\t\t\t<div class=\"elementor-spacer\">\n\t\t\t<div class=\"elementor-spacer-inner\"><\/div>\n\t\t<\/div>\n\t\t\t\t\t\t<\/div>\n\t\t\t\t<\/div>\n\t\t\t\t<div class=\"elementor-element elementor-element-beca199 elementor-widget elementor-widget-text-editor\" data-id=\"beca199\" data-element_type=\"widget\" data-e-type=\"widget\" data-widget_type=\"text-editor.default\">\n\t\t\t\t<div class=\"elementor-widget-container\">\n\t\t\t\t\t\t\t\t\t<p>Como todos sabemos, Francia es famosa por su variada topograf\u00eda y sus paisajes naturales. Y cada regi\u00f3n tiene su encanto y sus particularidades. Las monta\u00f1as de Saboya no son una excepci\u00f3n, con una abundancia de espl\u00e9ndidos parajes naturales para descubrir durante su estancia.   <\/p>\n<p>Una de las principales bazas de la regi\u00f3n es, por supuesto, la riqueza de sus lagos. Tanto si le gusta pescar y nadar como si prefiere disfrutar de la tranquilidad del campo, le encantar\u00e1 la multitud de posibilidades que se le ofrecen al descubrir los lagos de Saboya y Alta Saboya. Desde el famoso lago de Bourget, pasando por Annecy y Aiguebelette, hasta el parque de ocio de Carouge, hay para todos los gustos. L\u00e1ncese a la aventura y descubra las particularidades de cada uno de los remansos de paz naturales de esta hermosa regi\u00f3n.   <\/p>\n\t\t\t\t\t\t\t\t<\/div>\n\t\t\t\t<\/div>\n\t\t\t\t<div class=\"elementor-element elementor-element-ac7dbfc elementor-widget elementor-widget-heading\" data-id=\"ac7dbfc\" data-element_type=\"widget\" data-e-type=\"widget\" data-widget_type=\"heading.default\">\n\t\t\t\t<div class=\"elementor-widget-container\">\n\t\t\t\t\t<h3 class=\"elementor-heading-title elementor-size-default\">Lago de Bourget: un cl\u00e1sico ineludible<\/h3>\t\t\t\t<\/div>\n\t\t\t\t<\/div>\n\t\t\t\t<div class=\"elementor-element elementor-element-d0eb78c elementor-widget elementor-widget-text-editor\" data-id=\"d0eb78c\" data-element_type=\"widget\" data-e-type=\"widget\" data-widget_type=\"text-editor.default\">\n\t\t\t\t<div class=\"elementor-widget-container\">\n\t\t\t\t\t\t\t\t\t<p>El lago Bourget es el mayor lago natural de Francia. Se form\u00f3 por el retroceso de grandes glaciares hace m\u00e1s de 19.000 a\u00f1os. Con 18 kil\u00f3metros de largo, sus cualidades residen en gran medida en su aspecto natural y virgen. De hecho, algunas partes del lugar siguen en estado salvaje, lo que lo convierte en un aut\u00e9ntico para\u00edso para determinadas especies animales (aves, peces, etc.) y vegetales. Por ello, este peque\u00f1o rinc\u00f3n de felicidad se ha convertido en un destino tur\u00edstico muy popular entre los amantes de la naturaleza. Pasear por las orillas del lago o relajarse junto al paisaje que lo rodea es una forma estupenda de recargar las pilas y disfrutar de unas vacaciones revitalizantes.     <\/p>\n<p>Este espl\u00e9ndido paisaje es tan relajante que ha inspirado a numerosos artistas, entre ellos Alphonse de Lamartine, que le dedic\u00f3 su famoso poema \u00abLe Lac\u00bb.<\/p>\n<p>Si quiere descubrirlo un poco m\u00e1s, puede visitar la <a href=\"https:\/\/hautecombe.chemin-neuf.fr\/\"><strong>abad\u00eda de Hautecombe<\/strong><\/a>, a orillas del <a href=\"https:\/\/www.campinglacdecarouge.fr\/la-region-rhone-alpes\/le-lac-du-bourget\/\"><strong>Lac du Bourget<\/strong><\/a>. Es un lugar ideal para combinar cultura y naturaleza. Este monasterio, aut\u00e9ntica joya hist\u00f3rica, ofrece una espl\u00e9ndida vista de las monta\u00f1as y el lago, perfecta para pasear despu\u00e9s de una visita cultural. <\/p>\n\t\t\t\t\t\t\t\t<\/div>\n\t\t\t\t<\/div>\n\t\t\t\t<div class=\"elementor-element elementor-element-2262615 elementor-widget elementor-widget-spacer\" data-id=\"2262615\" data-element_type=\"widget\" data-e-type=\"widget\" data-widget_type=\"spacer.default\">\n\t\t\t\t<div class=\"elementor-widget-container\">\n\t\t\t\t\t\t\t<div class=\"elementor-spacer\">\n\t\t\t<div class=\"elementor-spacer-inner\"><\/div>\n\t\t<\/div>\n\t\t\t\t\t\t<\/div>\n\t\t\t\t<\/div>\n\t\t\t\t<div class=\"elementor-element elementor-element-eebaa3c elementor-widget elementor-widget-heading\" data-id=\"eebaa3c\" data-element_type=\"widget\" data-e-type=\"widget\" data-widget_type=\"heading.default\">\n\t\t\t\t<div class=\"elementor-widget-container\">\n\t\t\t\t\t<h3 class=\"elementor-heading-title elementor-size-default\">Annecy, Aiguebelette, L\u00e9man: al aire libre<\/h3>\t\t\t\t<\/div>\n\t\t\t\t<\/div>\n\t\t\t\t<div class=\"elementor-element elementor-element-198e409 elementor-widget elementor-widget-text-editor\" data-id=\"198e409\" data-element_type=\"widget\" data-e-type=\"widget\" data-widget_type=\"text-editor.default\">\n\t\t\t\t<div class=\"elementor-widget-container\">\n\t\t\t\t\t\t\t\t\t<p>Aunque el lago de Bourget tiene fama de ser el mayor lago natural de Francia, sus vecinos no tienen nada de qu\u00e9 avergonzarse, al contrario. De hecho, el<a href=\"https:\/\/www.campinglacdecarouge.fr\/la-region-rhone-alpes\/camping-annecy\/\"><strong> lago de Annecy<\/strong><\/a> es el segundo lago natural m\u00e1s grande de nuestra regi\u00f3n. Incluso ostenta el t\u00edtulo de \u00ablago m\u00e1s puro de Europa\u00bb. Est\u00e1 situado en pleno centro de la ciudad del mismo nombre. Y ofrece un espl\u00e9ndido tel\u00f3n de fondo tanto a lugare\u00f1os como a turistas. Por eso es una visita obligada durante su estancia en un camping en Saboya.      <\/p>\n<p>Del mismo modo, el lago franco-suizo de Ginebra es un lago natural de origen glaciar de unos 72,8 kil\u00f3metros de largo. Esto lo convierte en el mayor lago natural alpino y subalpino de Europa. Conocido por sus numerosas actividades y su clima templado, es tambi\u00e9n uno de los destinos ideales para sus vacaciones. Desde actividades acu\u00e1ticas como la nataci\u00f3n hasta tratamientos termales en Thonon-les-Bains y Evian-les-Bains, \u00a1no le faltar\u00e1n opciones para que sus vacaciones sean gratificantes! A menudo conocido como el \u00abmar interior\u00bb, este lago le permite navegar por sus aguas para visitar durante una tarde a nuestros vecinos suizos.    <\/p>\n<p>Por \u00faltimo, a\u00fan siendo uno de los lagos m\u00e1s grandes de Saboya, descubra las verdes aguas del Lac d&#8217;Aiguebelette. Disfrute de un momento agradable en plena naturaleza saboyana. S\u00e9ptimo lago natural de Francia, est\u00e1 clasificado como primera reserva natural regional de agua dulce desde 2015. Adem\u00e1s, se beneficia de un decreto de 1967 que proh\u00edbe las embarcaciones a motor en sus aguas para preservar su estado salvaje. Estas precauciones lo convierten en una aut\u00e9ntica joya natural de Saboya, cuya belleza podr\u00e1 admirar durante su estancia.    <\/p>\n\t\t\t\t\t\t\t\t<\/div>\n\t\t\t\t<\/div>\n\t\t\t\t<div class=\"elementor-element elementor-element-4a18a75 elementor-widget elementor-widget-spacer\" data-id=\"4a18a75\" data-element_type=\"widget\" data-e-type=\"widget\" data-widget_type=\"spacer.default\">\n\t\t\t\t<div class=\"elementor-widget-container\">\n\t\t\t\t\t\t\t<div class=\"elementor-spacer\">\n\t\t\t<div class=\"elementor-spacer-inner\"><\/div>\n\t\t<\/div>\n\t\t\t\t\t\t<\/div>\n\t\t\t\t<\/div>\n\t\t\t\t<div class=\"elementor-element elementor-element-8eb9e02 elementor-widget elementor-widget-heading\" data-id=\"8eb9e02\" data-element_type=\"widget\" data-e-type=\"widget\" data-widget_type=\"heading.default\">\n\t\t\t\t<div class=\"elementor-widget-container\">\n\t\t\t\t\t<h3 class=\"elementor-heading-title elementor-size-default\">Lagos de Savoie en la monta\u00f1a para un entorno natural id\u00edlico<\/h3>\t\t\t\t<\/div>\n\t\t\t\t<\/div>\n\t\t\t\t<div class=\"elementor-element elementor-element-b869b96 elementor-widget elementor-widget-text-editor\" data-id=\"b869b96\" data-element_type=\"widget\" data-e-type=\"widget\" data-widget_type=\"text-editor.default\">\n\t\t\t\t<div class=\"elementor-widget-container\">\n\t\t\t\t\t\t\t\t\t<p>Como sabe, Saboya y Alta Saboya son regiones monta\u00f1osas con impresionantes vistas de naturaleza pura. As\u00ed que, \u00bfqu\u00e9 mejor manera de disfrutar de estos impresionantes paisajes que en un lago de gran altitud? <\/p>\n<p>Si lo que busca es un paseo refrescante e hist\u00f3rico, puede dirigirse al Lac de Roselend, a 1.557 metros de altitud, llamado as\u00ed por un peque\u00f1o pueblo del mismo nombre que fue engullido por las aguas cuando se construy\u00f3 una presa en 1955. Rodeado de monta\u00f1as, la m\u00e1s alta de las cuales alcanza unos 2800 metros de altitud, este peque\u00f1o remanso de paz ofrece una vista impresionante de monta\u00f1as y valles. <\/p>\n<p>En la misma l\u00ednea, seguro que apreciar\u00e1 la calma de las aguas turquesas del lago artificial de Mont-Cenis, situado en el coraz\u00f3n de los pastos de monta\u00f1a saboyanos, no lejos de la frontera italiana. Situado a m\u00e1s de 2000 metros de altitud, este paraje est\u00e1 repleto de actividades rurales por descubrir: ciclismo, senderismo, visitas hist\u00f3ricas a los antiguos fuertes de la regi\u00f3n, etc. <\/p>\n<p>Y para los amantes de las alturas, podr\u00e1 disfrutar de relajantes paseos en el entorno del lago de pastos de monta\u00f1a de Lessy, situado a 1.730 metros de altitud en el macizo de Aravis, o descubrir el paraje natural del Lac Vert, catalogado desde 1909, famoso por el color verde esmeralda de sus aguas debido a las numerosas plantas que alberga.<\/p>\n\t\t\t\t\t\t\t\t<\/div>\n\t\t\t\t<\/div>\n\t\t\t\t<div class=\"elementor-element elementor-element-3280c68 elementor-widget elementor-widget-spacer\" data-id=\"3280c68\" data-element_type=\"widget\" data-e-type=\"widget\" data-widget_type=\"spacer.default\">\n\t\t\t\t<div class=\"elementor-widget-container\">\n\t\t\t\t\t\t\t<div class=\"elementor-spacer\">\n\t\t\t<div class=\"elementor-spacer-inner\"><\/div>\n\t\t<\/div>\n\t\t\t\t\t\t<\/div>\n\t\t\t\t<\/div>\n\t\t\t\t<div class=\"elementor-element elementor-element-2f24b6e elementor-widget elementor-widget-heading\" data-id=\"2f24b6e\" data-element_type=\"widget\" data-e-type=\"widget\" data-widget_type=\"heading.default\">\n\t\t\t\t<div class=\"elementor-widget-container\">\n\t\t\t\t\t<h3 class=\"elementor-heading-title elementor-size-default\">Un centro de ocio y un lago saboyano a escala humana para divertir a grandes y peque\u00f1os<\/h3>\t\t\t\t<\/div>\n\t\t\t\t<\/div>\n\t\t\t\t<div class=\"elementor-element elementor-element-b8e656b elementor-widget elementor-widget-text-editor\" data-id=\"b8e656b\" data-element_type=\"widget\" data-e-type=\"widget\" data-widget_type=\"text-editor.default\">\n\t\t\t\t<div class=\"elementor-widget-container\">\n\t\t\t\t\t\t\t\t\t<p>El lago de Carouge es una antigua gravera transformada en centro de ocio para grandes y peque\u00f1os.<\/p>\n<p>Con una superficie de unas 10 hect\u00e1reas, no faltan actividades: juegos infantiles, ba\u00f1o vigilado (de 13:00 a 19:00), pesca, etc. Un lugar ideal para pasar una tarde de relax en familia. Adem\u00e1s, la playa de Carouge cuenta con el distintivo de \u00abbandera azul\u00bb desde 2018. Es, por tanto, un lugar de muy alta calidad medioambiental. As\u00ed que podr\u00e1 relajarse y disfrutar en un entorno ideal.    <\/p>\n<p>En conclusi\u00f3n, cuando se aloje en el <a href=\"https:\/\/www.campinglacdecarouge.fr\/le-camping\/activites-et-loisirs\/le-lac-de-carouge\/\">Camping du Lac de Carouge<\/a>, podr\u00e1 visitar los numerosos lagos de Saboya. <\/p>\n\t\t\t\t\t\t\t\t<\/div>\n\t\t\t\t<\/div>\n\t\t\t\t\t<\/div>\n\t\t\t\t<\/div>\n\t\t\t\t<\/div>\n\t\t","protected":false},"excerpt":{"rendered":"<p>\u00bfEs un amante de la naturaleza y quiere pasar sus vacaciones en plena monta\u00f1a en un camping cerca de los lagos de Saboya?<\/p>\n","protected":false},"author":1,"featured_media":0,"parent":5759,"menu_order":0,"comment_status":"closed","ping_status":"closed","template":"elementor_header_footer","meta":{"footnotes":""},"class_list":["post-8006","page","type-page","status-publish","hentry"],"blocksy_meta":[],"yoast_head":"<!-- This site is optimized with the Yoast SEO Premium plugin v27.2 (Yoast SEO v27.2) - https:\/\/yoast.com\/product\/yoast-seo-premium-wordpress\/ -->\n<title>Lagos de Saboya - Camping du Lac de Carouge<\/title>\n<meta name=\"description\" content=\"Planifique unas vacaciones inolvidables en un camping cerca de los lagos de Saboya. Explore las pintorescas monta\u00f1as y lagos de la regi\u00f3n.\" \/>\n<meta name=\"robots\" content=\"index, follow, max-snippet:-1, max-image-preview:large, max-video-preview:-1\" \/>\n<link rel=\"canonical\" href=\"https:\/\/www.campinglacdecarouge.fr\/es\/lugares-imprescindibles-de-saboya\/lagos-de-saboya\/\" \/>\n<meta property=\"og:locale\" content=\"es_ES\" \/>\n<meta property=\"og:type\" content=\"article\" \/>\n<meta property=\"og:title\" content=\"Lagos de Saboya\" \/>\n<meta property=\"og:description\" content=\"Planifique unas vacaciones inolvidables en un camping cerca de los lagos de Saboya. Explore las pintorescas monta\u00f1as y lagos de la regi\u00f3n.\" \/>\n<meta property=\"og:url\" content=\"https:\/\/www.campinglacdecarouge.fr\/es\/lugares-imprescindibles-de-saboya\/lagos-de-saboya\/\" \/>\n<meta property=\"og:site_name\" content=\"Camping du Lac de Carouge\" \/>\n<meta property=\"article:publisher\" content=\"https:\/\/www.facebook.com\/pagelacdecarouge\/\" \/>\n<meta property=\"article:modified_time\" content=\"2024-12-13T11:35:22+00:00\" \/>\n<meta property=\"og:image\" content=\"https:\/\/www.campinglacdecarouge.fr\/wp-content\/uploads\/2024\/11\/20240624_105940-scaled.jpg\" \/>\n\t<meta property=\"og:image:width\" content=\"2560\" \/>\n\t<meta property=\"og:image:height\" content=\"1442\" \/>\n\t<meta property=\"og:image:type\" content=\"image\/jpeg\" \/>\n<meta name=\"twitter:card\" content=\"summary_large_image\" \/>\n<meta name=\"twitter:site\" content=\"@lacdecarouge\" \/>\n<meta name=\"twitter:label1\" content=\"Tiempo de lectura\" \/>\n\t<meta name=\"twitter:data1\" content=\"5 minutos\" \/>\n<script type=\"application\/ld+json\" class=\"yoast-schema-graph\">{\"@context\":\"https:\/\/schema.org\",\"@graph\":[{\"@type\":\"WebPage\",\"@id\":\"https:\/\/www.campinglacdecarouge.fr\/es\/lugares-imprescindibles-de-saboya\/lagos-de-saboya\/\",\"url\":\"https:\/\/www.campinglacdecarouge.fr\/es\/lugares-imprescindibles-de-saboya\/lagos-de-saboya\/\",\"name\":\"Lagos de Saboya - Camping du Lac de Carouge\",\"isPartOf\":{\"@id\":\"https:\/\/www.campinglacdecarouge.fr\/es\/#website\"},\"datePublished\":\"2024-11-13T13:18:35+00:00\",\"dateModified\":\"2024-12-13T11:35:22+00:00\",\"description\":\"Planifique unas vacaciones inolvidables en un camping cerca de los lagos de Saboya. Explore las pintorescas monta\u00f1as y lagos de la regi\u00f3n.\",\"breadcrumb\":{\"@id\":\"https:\/\/www.campinglacdecarouge.fr\/es\/lugares-imprescindibles-de-saboya\/lagos-de-saboya\/#breadcrumb\"},\"inLanguage\":\"es\",\"potentialAction\":[{\"@type\":\"ReadAction\",\"target\":[\"https:\/\/www.campinglacdecarouge.fr\/es\/lugares-imprescindibles-de-saboya\/lagos-de-saboya\/\"]}]},{\"@type\":\"BreadcrumbList\",\"@id\":\"https:\/\/www.campinglacdecarouge.fr\/es\/lugares-imprescindibles-de-saboya\/lagos-de-saboya\/#breadcrumb\",\"itemListElement\":[{\"@type\":\"ListItem\",\"position\":1,\"name\":\"Accueil\",\"item\":\"https:\/\/www.campinglacdecarouge.fr\/es\/pagina-de-inicio-2\/\"},{\"@type\":\"ListItem\",\"position\":2,\"name\":\"Regi\u00f3n R\u00f3dano-Alpes\",\"item\":\"https:\/\/www.campinglacdecarouge.fr\/es\/la-region-rhone-alpes\/\"},{\"@type\":\"ListItem\",\"position\":3,\"name\":\"Lagos de Saboya\"}]},{\"@type\":\"WebSite\",\"@id\":\"https:\/\/www.campinglacdecarouge.fr\/es\/#website\",\"url\":\"https:\/\/www.campinglacdecarouge.fr\/es\/\",\"name\":\"Camping du Lac de Carouge\",\"description\":\"Sitio web del camping Lac de Carouge en Saboya\",\"publisher\":{\"@id\":\"https:\/\/www.campinglacdecarouge.fr\/es\/#organization\"},\"potentialAction\":[{\"@type\":\"SearchAction\",\"target\":{\"@type\":\"EntryPoint\",\"urlTemplate\":\"https:\/\/www.campinglacdecarouge.fr\/es\/?s={search_term_string}\"},\"query-input\":{\"@type\":\"PropertyValueSpecification\",\"valueRequired\":true,\"valueName\":\"search_term_string\"}}],\"inLanguage\":\"es\"},{\"@type\":\"Organization\",\"@id\":\"https:\/\/www.campinglacdecarouge.fr\/es\/#organization\",\"name\":\"Camping du Lac de Carouge\",\"url\":\"https:\/\/www.campinglacdecarouge.fr\/es\/\",\"logo\":{\"@type\":\"ImageObject\",\"inLanguage\":\"es\",\"@id\":\"https:\/\/www.campinglacdecarouge.fr\/es\/#\/schema\/logo\/image\/\",\"url\":\"https:\/\/www.campinglacdecarouge.fr\/wp-content\/uploads\/2024\/07\/logo-1.png\",\"contentUrl\":\"https:\/\/www.campinglacdecarouge.fr\/wp-content\/uploads\/2024\/07\/logo-1.png\",\"width\":530,\"height\":270,\"caption\":\"Camping du Lac de Carouge\"},\"image\":{\"@id\":\"https:\/\/www.campinglacdecarouge.fr\/es\/#\/schema\/logo\/image\/\"},\"sameAs\":[\"https:\/\/www.facebook.com\/pagelacdecarouge\/\",\"https:\/\/x.com\/lacdecarouge\",\"https:\/\/www.instagram.com\/lacdecarouge\/\"],\"legalName\":\"SAS SELYV\",\"foundingDate\":\"2009-01-01\",\"numberOfEmployees\":{\"@type\":\"QuantitativeValue\",\"minValue\":\"1\",\"maxValue\":\"10\"},\"publishingPrinciples\":\"https:\/\/www.campinglacdecarouge.fr\/principes-editoriaux\/\",\"correctionsPolicy\":\"https:\/\/www.campinglacdecarouge.fr\/politique-de-correction-editoriale-camping-du-lac-de-carouge\/\",\"ethicsPolicy\":\"https:\/\/www.campinglacdecarouge.fr\/standards-de-comportement-camping-du-lac-de-carouge\/\",\"diversityPolicy\":\"https:\/\/www.campinglacdecarouge.fr\/politique-de-diversite-pour-le-contenu-editorial\/\"}]}<\/script>\n<!-- \/ Yoast SEO Premium plugin. -->","yoast_head_json":{"title":"Lagos de Saboya - Camping du Lac de Carouge","description":"Planifique unas vacaciones inolvidables en un camping cerca de los lagos de Saboya. Explore las pintorescas monta\u00f1as y lagos de la regi\u00f3n.","robots":{"index":"index","follow":"follow","max-snippet":"max-snippet:-1","max-image-preview":"max-image-preview:large","max-video-preview":"max-video-preview:-1"},"canonical":"https:\/\/www.campinglacdecarouge.fr\/es\/lugares-imprescindibles-de-saboya\/lagos-de-saboya\/","og_locale":"es_ES","og_type":"article","og_title":"Lagos de Saboya","og_description":"Planifique unas vacaciones inolvidables en un camping cerca de los lagos de Saboya. Explore las pintorescas monta\u00f1as y lagos de la regi\u00f3n.","og_url":"https:\/\/www.campinglacdecarouge.fr\/es\/lugares-imprescindibles-de-saboya\/lagos-de-saboya\/","og_site_name":"Camping du Lac de Carouge","article_publisher":"https:\/\/www.facebook.com\/pagelacdecarouge\/","article_modified_time":"2024-12-13T11:35:22+00:00","og_image":[{"width":2560,"height":1442,"url":"https:\/\/www.campinglacdecarouge.fr\/wp-content\/uploads\/2024\/11\/20240624_105940-scaled.jpg","type":"image\/jpeg"}],"twitter_card":"summary_large_image","twitter_site":"@lacdecarouge","twitter_misc":{"Tiempo de lectura":"5 minutos"},"schema":{"@context":"https:\/\/schema.org","@graph":[{"@type":"WebPage","@id":"https:\/\/www.campinglacdecarouge.fr\/es\/lugares-imprescindibles-de-saboya\/lagos-de-saboya\/","url":"https:\/\/www.campinglacdecarouge.fr\/es\/lugares-imprescindibles-de-saboya\/lagos-de-saboya\/","name":"Lagos de Saboya - Camping du Lac de Carouge","isPartOf":{"@id":"https:\/\/www.campinglacdecarouge.fr\/es\/#website"},"datePublished":"2024-11-13T13:18:35+00:00","dateModified":"2024-12-13T11:35:22+00:00","description":"Planifique unas vacaciones inolvidables en un camping cerca de los lagos de Saboya. Explore las pintorescas monta\u00f1as y lagos de la regi\u00f3n.","breadcrumb":{"@id":"https:\/\/www.campinglacdecarouge.fr\/es\/lugares-imprescindibles-de-saboya\/lagos-de-saboya\/#breadcrumb"},"inLanguage":"es","potentialAction":[{"@type":"ReadAction","target":["https:\/\/www.campinglacdecarouge.fr\/es\/lugares-imprescindibles-de-saboya\/lagos-de-saboya\/"]}]},{"@type":"BreadcrumbList","@id":"https:\/\/www.campinglacdecarouge.fr\/es\/lugares-imprescindibles-de-saboya\/lagos-de-saboya\/#breadcrumb","itemListElement":[{"@type":"ListItem","position":1,"name":"Accueil","item":"https:\/\/www.campinglacdecarouge.fr\/es\/pagina-de-inicio-2\/"},{"@type":"ListItem","position":2,"name":"Regi\u00f3n R\u00f3dano-Alpes","item":"https:\/\/www.campinglacdecarouge.fr\/es\/la-region-rhone-alpes\/"},{"@type":"ListItem","position":3,"name":"Lagos de Saboya"}]},{"@type":"WebSite","@id":"https:\/\/www.campinglacdecarouge.fr\/es\/#website","url":"https:\/\/www.campinglacdecarouge.fr\/es\/","name":"Camping du Lac de Carouge","description":"Sitio web del camping Lac de Carouge en Saboya","publisher":{"@id":"https:\/\/www.campinglacdecarouge.fr\/es\/#organization"},"potentialAction":[{"@type":"SearchAction","target":{"@type":"EntryPoint","urlTemplate":"https:\/\/www.campinglacdecarouge.fr\/es\/?s={search_term_string}"},"query-input":{"@type":"PropertyValueSpecification","valueRequired":true,"valueName":"search_term_string"}}],"inLanguage":"es"},{"@type":"Organization","@id":"https:\/\/www.campinglacdecarouge.fr\/es\/#organization","name":"Camping du Lac de Carouge","url":"https:\/\/www.campinglacdecarouge.fr\/es\/","logo":{"@type":"ImageObject","inLanguage":"es","@id":"https:\/\/www.campinglacdecarouge.fr\/es\/#\/schema\/logo\/image\/","url":"https:\/\/www.campinglacdecarouge.fr\/wp-content\/uploads\/2024\/07\/logo-1.png","contentUrl":"https:\/\/www.campinglacdecarouge.fr\/wp-content\/uploads\/2024\/07\/logo-1.png","width":530,"height":270,"caption":"Camping du Lac de Carouge"},"image":{"@id":"https:\/\/www.campinglacdecarouge.fr\/es\/#\/schema\/logo\/image\/"},"sameAs":["https:\/\/www.facebook.com\/pagelacdecarouge\/","https:\/\/x.com\/lacdecarouge","https:\/\/www.instagram.com\/lacdecarouge\/"],"legalName":"SAS SELYV","foundingDate":"2009-01-01","numberOfEmployees":{"@type":"QuantitativeValue","minValue":"1","maxValue":"10"},"publishingPrinciples":"https:\/\/www.campinglacdecarouge.fr\/principes-editoriaux\/","correctionsPolicy":"https:\/\/www.campinglacdecarouge.fr\/politique-de-correction-editoriale-camping-du-lac-de-carouge\/","ethicsPolicy":"https:\/\/www.campinglacdecarouge.fr\/standards-de-comportement-camping-du-lac-de-carouge\/","diversityPolicy":"https:\/\/www.campinglacdecarouge.fr\/politique-de-diversite-pour-le-contenu-editorial\/"}]}},"_links":{"self":[{"href":"https:\/\/www.campinglacdecarouge.fr\/es\/wp-json\/wp\/v2\/pages\/8006","targetHints":{"allow":["GET"]}}],"collection":[{"href":"https:\/\/www.campinglacdecarouge.fr\/es\/wp-json\/wp\/v2\/pages"}],"about":[{"href":"https:\/\/www.campinglacdecarouge.fr\/es\/wp-json\/wp\/v2\/types\/page"}],"author":[{"embeddable":true,"href":"https:\/\/www.campinglacdecarouge.fr\/es\/wp-json\/wp\/v2\/users\/1"}],"replies":[{"embeddable":true,"href":"https:\/\/www.campinglacdecarouge.fr\/es\/wp-json\/wp\/v2\/comments?post=8006"}],"version-history":[{"count":0,"href":"https:\/\/www.campinglacdecarouge.fr\/es\/wp-json\/wp\/v2\/pages\/8006\/revisions"}],"up":[{"embeddable":true,"href":"https:\/\/www.campinglacdecarouge.fr\/es\/wp-json\/wp\/v2\/pages\/5759"}],"wp:attachment":[{"href":"https:\/\/www.campinglacdecarouge.fr\/es\/wp-json\/wp\/v2\/media?parent=8006"}],"curies":[{"name":"wp","href":"https:\/\/api.w.org\/{rel}","templated":true}]}}