{"id":14463,"date":"2024-11-25T15:20:03","date_gmt":"2024-11-25T14:20:03","guid":{"rendered":"https:\/\/www.campinglacdecarouge.fr\/le-camping-du-lac-de-carouge\/actividades-y-ocio\/ciclismo\/"},"modified":"2025-05-04T11:44:22","modified_gmt":"2025-05-04T09:44:22","slug":"ciclismo","status":"publish","type":"page","link":"https:\/\/www.campinglacdecarouge.fr\/es\/el-camping\/actividades-y-ocio\/ciclismo\/","title":{"rendered":"Ciclismo"},"content":{"rendered":"\t\t<div data-elementor-type=\"wp-page\" data-elementor-id=\"14463\" class=\"elementor elementor-14463 elementor-10024\" data-elementor-post-type=\"page\">\n\t\t\t\t<div class=\"elementor-element elementor-element-7cb0a48c e-flex e-con-boxed elementor-invisible e-con e-parent\" data-id=\"7cb0a48c\" data-element_type=\"container\" data-e-type=\"container\" data-settings=\"{&quot;shape_divider_bottom&quot;:&quot;wave-brush&quot;,&quot;background_background&quot;:&quot;slideshow&quot;,&quot;background_slideshow_lazyload&quot;:&quot;yes&quot;,&quot;background_slideshow_ken_burns&quot;:&quot;yes&quot;,&quot;background_slideshow_ken_burns_zoom_direction&quot;:&quot;out&quot;,&quot;animation&quot;:&quot;fadeIn&quot;,&quot;background_slideshow_gallery&quot;:[{&quot;id&quot;:52878,&quot;url&quot;:&quot;https:\\\/\\\/www.campinglacdecarouge.fr\\\/wp-content\\\/uploads\\\/2025\\\/05\\\/Office-de-Tourisme-Coeur-de-Savoie9-scaled.jpeg&quot;},{&quot;id&quot;:52877,&quot;url&quot;:&quot;https:\\\/\\\/www.campinglacdecarouge.fr\\\/wp-content\\\/uploads\\\/2025\\\/05\\\/Office-de-Tourisme-Coeur-de-Savoie-Val-pelouse-scaled.jpeg&quot;},{&quot;id&quot;:6367,&quot;url&quot;:&quot;https:\\\/\\\/www.campinglacdecarouge.fr\\\/wp-content\\\/uploads\\\/2024\\\/11\\\/IMG_20080708_093526.jpg&quot;},{&quot;id&quot;:6370,&quot;url&quot;:&quot;https:\\\/\\\/www.campinglacdecarouge.fr\\\/wp-content\\\/uploads\\\/2024\\\/11\\\/IMG_20090613_163302-scaled.jpg&quot;},{&quot;id&quot;:6371,&quot;url&quot;:&quot;https:\\\/\\\/www.campinglacdecarouge.fr\\\/wp-content\\\/uploads\\\/2024\\\/11\\\/IMG_20120717_161952-scaled.jpg&quot;}],&quot;background_slideshow_loop&quot;:&quot;yes&quot;,&quot;background_slideshow_slide_duration&quot;:5000,&quot;background_slideshow_slide_transition&quot;:&quot;fade&quot;,&quot;background_slideshow_transition_duration&quot;:500}\">\n\t\t\t\t\t<div class=\"e-con-inner\">\n\t\t\t\t<div class=\"elementor-shape elementor-shape-bottom\" aria-hidden=\"true\" data-negative=\"false\">\n\t\t\t<svg xmlns=\"http:\/\/www.w3.org\/2000\/svg\" viewBox=\"0 0 283.5 27.8\" preserveAspectRatio=\"none\">\n\t<path class=\"elementor-shape-fill\" d=\"M283.5,9.7c0,0-7.3,4.3-14,4.6c-6.8,0.3-12.6,0-20.9-1.5c-11.3-2-33.1-10.1-44.7-5.7\ts-12.1,4.6-18,7.4c-6.6,3.2-20,9.6-36.6,9.3C131.6,23.5,99.5,7.2,86.3,8c-1.4,0.1-6.6,0.8-10.5,2c-3.8,1.2-9.4,3.8-17,4.7\tc-3.2,0.4-8.3,1.1-14.2,0.9c-1.5-0.1-6.3-0.4-12-1.6c-5.7-1.2-11-3.1-15.8-3.7C6.5,9.2,0,10.8,0,10.8V0h283.5V9.7z M260.8,11.3\tc-0.7-1-2-0.4-4.3-0.4c-2.3,0-6.1-1.2-5.8-1.1c0.3,0.1,3.1,1.5,6,1.9C259.7,12.2,261.4,12.3,260.8,11.3z M242.4,8.6\tc0,0-2.4-0.2-5.6-0.9c-3.2-0.8-10.3-2.8-15.1-3.5c-8.2-1.1-15.8,0-15.1,0.1c0.8,0.1,9.6-0.6,17.6,1.1c3.3,0.7,9.3,2.2,12.4,2.7\tC239.9,8.7,242.4,8.6,242.4,8.6z M185.2,8.5c1.7-0.7-13.3,4.7-18.5,6.1c-2.1,0.6-6.2,1.6-10,2c-3.9,0.4-8.9,0.4-8.8,0.5\tc0,0.2,5.8,0.8,11.2,0c5.4-0.8,5.2-1.1,7.6-1.6C170.5,14.7,183.5,9.2,185.2,8.5z M199.1,6.9c0.2,0-0.8-0.4-4.8,1.1\tc-4,1.5-6.7,3.5-6.9,3.7c-0.2,0.1,3.5-1.8,6.6-3C197,7.5,199,6.9,199.1,6.9z M283,6c-0.1,0.1-1.9,1.1-4.8,2.5s-6.9,2.8-6.7,2.7\tc0.2,0,3.5-0.6,7.4-2.5C282.8,6.8,283.1,5.9,283,6z M31.3,11.6c0.1-0.2-1.9-0.2-4.5-1.2s-5.4-1.6-7.8-2C15,7.6,7.3,8.5,7.7,8.6\tC8,8.7,15.9,8.3,20.2,9.3c2.2,0.5,2.4,0.5,5.7,1.6S31.2,11.9,31.3,11.6z M73,9.2c0.4-0.1,3.5-1.6,8.4-2.6c4.9-1.1,8.9-0.5,8.9-0.8\tc0-0.3-1-0.9-6.2-0.3S72.6,9.3,73,9.2z M71.6,6.7C71.8,6.8,75,5.4,77.3,5c2.3-0.3,1.9-0.5,1.9-0.6c0-0.1-1.1-0.2-2.7,0.2\tC74.8,5.1,71.4,6.6,71.6,6.7z M93.6,4.4c0.1,0.2,3.5,0.8,5.6,1.8c2.1,1,1.8,0.6,1.9,0.5c0.1-0.1-0.8-0.8-2.4-1.3\tC97.1,4.8,93.5,4.2,93.6,4.4z M65.4,11.1c-0.1,0.3,0.3,0.5,1.9-0.2s2.6-1.3,2.2-1.2s-0.9,0.4-2.5,0.8C65.3,10.9,65.5,10.8,65.4,11.1\tz M34.5,12.4c-0.2,0,2.1,0.8,3.3,0.9c1.2,0.1,2,0.1,2-0.2c0-0.3-0.1-0.5-1.6-0.4C36.6,12.8,34.7,12.4,34.5,12.4z M152.2,21.1\tc-0.1,0.1-2.4-0.3-7.5-0.3c-5,0-13.6-2.4-17.2-3.5c-3.6-1.1,10,3.9,16.5,4.1C150.5,21.6,152.3,21,152.2,21.1z\"\/>\n\t<path class=\"elementor-shape-fill\" d=\"M269.6,18c-0.1-0.1-4.6,0.3-7.2,0c-7.3-0.7-17-3.2-16.6-2.9c0.4,0.3,13.7,3.1,17,3.3\tC267.7,18.8,269.7,18,269.6,18z\"\/>\n\t<path class=\"elementor-shape-fill\" d=\"M227.4,9.8c-0.2-0.1-4.5-1-9.5-1.2c-5-0.2-12.7,0.6-12.3,0.5c0.3-0.1,5.9-1.8,13.3-1.2\tS227.6,9.9,227.4,9.8z\"\/>\n\t<path class=\"elementor-shape-fill\" d=\"M204.5,13.4c-0.1-0.1,2-1,3.2-1.1c1.2-0.1,2,0,2,0.3c0,0.3-0.1,0.5-1.6,0.4\tC206.4,12.9,204.6,13.5,204.5,13.4z\"\/>\n\t<path class=\"elementor-shape-fill\" d=\"M201,10.6c0-0.1-4.4,1.2-6.3,2.2c-1.9,0.9-6.2,3.1-6.1,3.1c0.1,0.1,4.2-1.6,6.3-2.6\tS201,10.7,201,10.6z\"\/>\n\t<path class=\"elementor-shape-fill\" d=\"M154.5,26.7c-0.1-0.1-4.6,0.3-7.2,0c-7.3-0.7-17-3.2-16.6-2.9c0.4,0.3,13.7,3.1,17,3.3\tC152.6,27.5,154.6,26.8,154.5,26.7z\"\/>\n\t<path class=\"elementor-shape-fill\" d=\"M41.9,19.3c0,0,1.2-0.3,2.9-0.1c1.7,0.2,5.8,0.9,8.2,0.7c4.2-0.4,7.4-2.7,7-2.6\tc-0.4,0-4.3,2.2-8.6,1.9c-1.8-0.1-5.1-0.5-6.7-0.4S41.9,19.3,41.9,19.3z\"\/>\n\t<path class=\"elementor-shape-fill\" d=\"M75.5,12.6c0.2,0.1,2-0.8,4.3-1.1c2.3-0.2,2.1-0.3,2.1-0.5c0-0.1-1.8-0.4-3.4,0\tC76.9,11.5,75.3,12.5,75.5,12.6z\"\/>\n\t<path class=\"elementor-shape-fill\" d=\"M15.6,13.2c0-0.1,4.3,0,6.7,0.5c2.4,0.5,5,1.9,5,2c0,0.1-2.7-0.8-5.1-1.4\tC19.9,13.7,15.7,13.3,15.6,13.2z\"\/>\n<\/svg>\t\t<\/div>\n\t\t<div class=\"elementor-element elementor-element-3f292c8c e-con-full e-flex elementor-invisible e-con e-child\" data-id=\"3f292c8c\" data-element_type=\"container\" data-e-type=\"container\" data-settings=\"{&quot;animation&quot;:&quot;slideInLeft&quot;,&quot;animation_delay&quot;:800}\">\n\t\t<div class=\"elementor-element elementor-element-3968437f e-con-full skew-container-light e-flex elementor-invisible e-con e-child\" data-id=\"3968437f\" data-element_type=\"container\" data-e-type=\"container\" data-settings=\"{&quot;background_background&quot;:&quot;classic&quot;,&quot;animation&quot;:&quot;fadeIn&quot;,&quot;animation_delay&quot;:800}\">\n\t\t\t\t<div class=\"elementor-element elementor-element-ede6c2b elementor-widget elementor-widget-heading\" data-id=\"ede6c2b\" data-element_type=\"widget\" data-e-type=\"widget\" data-settings=\"{&quot;_animation&quot;:&quot;none&quot;,&quot;_animation_delay&quot;:100}\" data-widget_type=\"heading.default\">\n\t\t\t\t<div class=\"elementor-widget-container\">\n\t\t\t\t\t<h1 class=\"elementor-heading-title elementor-size-default\">Ciclismo<\/h1>\t\t\t\t<\/div>\n\t\t\t\t<\/div>\n\t\t\t\t<div class=\"elementor-element elementor-element-7fc4a42f elementor-widget elementor-widget-text-editor\" data-id=\"7fc4a42f\" data-element_type=\"widget\" data-e-type=\"widget\" data-settings=\"{&quot;_animation&quot;:&quot;none&quot;,&quot;_animation_delay&quot;:500}\" data-widget_type=\"text-editor.default\">\n\t\t\t\t<div class=\"elementor-widget-container\">\n\t\t\t\t\t\t\t\t\t<p>La bicicleta tiene su lugar en Saboya La belleza y la diversidad de los paisajes de Saboya se realzan con la bicicleta. Desde hace algunos a\u00f1os, el nuevo plan departamental para esta regi\u00f3n se centra en el desarrollo de carriles bici. Savoie es ahora un destino popular para senderistas y ciclistas que desean pedalear en un entorno agradable y tranquilo. \u00bfQu\u00e9 te parece un soplo de aire fresco en el coraz\u00f3n de esta regi\u00f3n de encanto infinito? Sin m\u00e1s dilaci\u00f3n, reserva tu camping y disfruta de unas vacaciones inigualables.    <\/p>\t\t\t\t\t\t\t\t<\/div>\n\t\t\t\t<\/div>\n\t\t\t\t<\/div>\n\t\t<div class=\"elementor-element elementor-element-52dd0605 e-con-full elementor-hidden-tablet elementor-hidden-mobile e-flex e-con e-child\" data-id=\"52dd0605\" data-element_type=\"container\" data-e-type=\"container\">\n\t\t\t\t<\/div>\n\t\t\t\t<\/div>\n\t\t\t\t\t<\/div>\n\t\t\t\t<\/div>\n\t\t<div class=\"elementor-element elementor-element-25332ae8 e-flex e-con-boxed e-con e-parent\" data-id=\"25332ae8\" data-element_type=\"container\" data-e-type=\"container\">\n\t\t\t\t\t<div class=\"e-con-inner\">\n\t\t\t\t<div class=\"elementor-element elementor-element-621f1cca elementor-widget elementor-widget-heading\" data-id=\"621f1cca\" data-element_type=\"widget\" data-e-type=\"widget\" data-widget_type=\"heading.default\">\n\t\t\t\t<div class=\"elementor-widget-container\">\n\t\t\t\t\t<h2 class=\"elementor-heading-title elementor-size-default\">Vive plenamente tu pasi\u00f3n en Saboya<\/h2>\t\t\t\t<\/div>\n\t\t\t\t<\/div>\n\t\t\t\t<div class=\"elementor-element elementor-element-529501a2 elementor-widget elementor-widget-text-editor\" data-id=\"529501a2\" data-element_type=\"widget\" data-e-type=\"widget\" data-widget_type=\"text-editor.default\">\n\t\t\t\t<div class=\"elementor-widget-container\">\n\t\t\t\t\t\t\t\t\t<p>Carreteras de monta\u00f1a, terrenos de juego perfectos para los aficionados al ciclismo, rutas originales como la Grande Travers\u00e9e des Alpes, etc., son s\u00f3lo algunas de las razones por las que deber\u00edas pasar aqu\u00ed tus pr\u00f3ximas vacaciones. \u00bfQu\u00e9 m\u00e1s puedes pedir que descubrir y explorar esta hermosa regi\u00f3n? Los ciclistas de carretera estar\u00e1n en el para\u00edso cuando recorran las rutas imprescindibles, como el Col de l&#8217;Iseran y el Col du Petit St Bernard. Se trata de puertos reservados exclusivamente a los ciclistas con pantorrillas de acero, ya que el recorrido no es nada f\u00e1cil. De todos modos, es la oportunidad perfecta para poner a prueba tu rendimiento de campe\u00f3n. En cualquier caso, hay un carril bici de diez kil\u00f3metros para los entusiastas menos aguerridos. Este \u00faltimo conduce a un camping donde puedes alojarte para una mayor interacci\u00f3n con la naturaleza.      <\/p>\t\t\t\t\t\t\t\t<\/div>\n\t\t\t\t<\/div>\n\t\t\t\t<div class=\"elementor-element elementor-element-c407ef3 elementor-widget elementor-widget-text-editor\" data-id=\"c407ef3\" data-element_type=\"widget\" data-e-type=\"widget\" data-widget_type=\"text-editor.default\">\n\t\t\t\t<div class=\"elementor-widget-container\">\n\t\t\t\t\t\t\t\t\t<p>Con la abundancia de rutas ciclistas de la regi\u00f3n, los entusiastas del todoterreno se lo pasar\u00e1n como nunca. Lo mejor es que la zona tiene senderos para todos los niveles, as\u00ed que podr\u00e1s disfrutar al m\u00e1ximo de tu pasi\u00f3n. No hay que preocuparse por el alojamiento o los servicios que se adapten a tu perfil de entusiasta, por la sencilla raz\u00f3n de que todo est\u00e1 bien pensado. Adem\u00e1s de un lugar donde descansar en un camping de esta regi\u00f3n, tambi\u00e9n dispondr\u00e1s de todo lo necesario para guardar tu equipo.   <\/p>\t\t\t\t\t\t\t\t<\/div>\n\t\t\t\t<\/div>\n\t\t\t\t<div class=\"elementor-element elementor-element-613f0842 elementor-widget elementor-widget-spacer\" data-id=\"613f0842\" data-element_type=\"widget\" data-e-type=\"widget\" data-widget_type=\"spacer.default\">\n\t\t\t\t<div class=\"elementor-widget-container\">\n\t\t\t\t\t\t\t<div class=\"elementor-spacer\">\n\t\t\t<div class=\"elementor-spacer-inner\"><\/div>\n\t\t<\/div>\n\t\t\t\t\t\t<\/div>\n\t\t\t\t<\/div>\n\t\t\t\t<div class=\"elementor-element elementor-element-57db857e elementor-widget elementor-widget-heading\" data-id=\"57db857e\" data-element_type=\"widget\" data-e-type=\"widget\" data-widget_type=\"heading.default\">\n\t\t\t\t<div class=\"elementor-widget-container\">\n\t\t\t\t\t<h2 class=\"elementor-heading-title elementor-size-default\">El Tour des Bauges en bicicleta, 130 km de ciclismo entre Saboya y Alta Saboya.\n\n<\/h2>\t\t\t\t<\/div>\n\t\t\t\t<\/div>\n\t\t\t\t<div class=\"elementor-element elementor-element-2b2ce144 elementor-widget elementor-widget-text-editor\" data-id=\"2b2ce144\" data-element_type=\"widget\" data-e-type=\"widget\" data-widget_type=\"text-editor.default\">\n\t\t\t\t<div class=\"elementor-widget-container\">\n\t\t\t\t\t\t\t\t\t<p>Siguiendo el trazado de las rutas ciclistas V62\/63, el Tour des Bauges es una invitaci\u00f3n al paseo y a la evasi\u00f3n, que te recomendamos recorrer en tres o cuatro d\u00edas en su ruta ciclista m\u00e1s larga. Entre Saboya y Alta Saboya, de Aix-les-Bains a Annecy pasando por Chamb\u00e9ry, Montm\u00e9lian y Albertville, la ruta ciclista serpentea por las estribaciones del Parque Natural Regional de Bauges, Geoparque de la UNESCO, un para\u00edso en plena monta\u00f1a ideal para la pr\u00e1ctica del ciclismo. Entre lagos, campi\u00f1as, vi\u00f1edos y monta\u00f1as de fondo, la ruta est\u00e1 salpicada a lo largo de todo su recorrido de pepitas naturales, culturales y enogastron\u00f3micas para descubrir a tu aire, tom\u00e1ndote tu tiempo.  <\/p>\t\t\t\t\t\t\t\t<\/div>\n\t\t\t\t<\/div>\n\t\t\t\t<div class=\"elementor-element elementor-element-3096f276 elementor-widget elementor-widget-spacer\" data-id=\"3096f276\" data-element_type=\"widget\" data-e-type=\"widget\" data-widget_type=\"spacer.default\">\n\t\t\t\t<div class=\"elementor-widget-container\">\n\t\t\t\t\t\t\t<div class=\"elementor-spacer\">\n\t\t\t<div class=\"elementor-spacer-inner\"><\/div>\n\t\t<\/div>\n\t\t\t\t\t\t<\/div>\n\t\t\t\t<\/div>\n\t\t\t\t<div class=\"elementor-element elementor-element-37d5d8f5 elementor-widget elementor-widget-heading\" data-id=\"37d5d8f5\" data-element_type=\"widget\" data-e-type=\"widget\" data-widget_type=\"heading.default\">\n\t\t\t\t<div class=\"elementor-widget-container\">\n\t\t\t\t\t<h2 class=\"elementor-heading-title elementor-size-default\">Una ruta accesible para todos.\n<\/h2>\t\t\t\t<\/div>\n\t\t\t\t<\/div>\n\t\t\t\t<div class=\"elementor-element elementor-element-27d5e54 elementor-widget elementor-widget-text-editor\" data-id=\"27d5e54\" data-element_type=\"widget\" data-e-type=\"widget\" data-widget_type=\"text-editor.default\">\n\t\t\t\t<div class=\"elementor-widget-container\">\n\t\t\t\t\t\t\t\t\t<p>Para enriquecer tu experiencia vacacional, hemos establecido esta colaboraci\u00f3n con las piscinas locales. Como campista, podr\u00e1s disfrutar de tiempo libre en el agua en dos lugares excepcionales situados a pocos minutos de nuestro camping. <\/p><p>Tanto si le gusta relajarse en el agua como si es un nadador deportivo o un padre que quiere que sus hijos jueguen en el agua, estas piscinas satisfar\u00e1n todas sus necesidades. Adem\u00e1s de nadar en el lago, esta es una oportunidad ideal para variar sus placeres y aprovechar al m\u00e1ximo sus vacaciones. <\/p>\t\t\t\t\t\t\t\t<\/div>\n\t\t\t\t<\/div>\n\t\t\t\t<div class=\"elementor-element elementor-element-8f8c45d elementor-widget elementor-widget-heading\" data-id=\"8f8c45d\" data-element_type=\"widget\" data-e-type=\"widget\" data-widget_type=\"heading.default\">\n\t\t\t\t<div class=\"elementor-widget-container\">\n\t\t\t\t\t<h2 class=\"elementor-heading-title elementor-size-default\">El camping ideal para los aficionados al ciclismo<\/h2>\t\t\t\t<\/div>\n\t\t\t\t<\/div>\n\t\t\t\t<div class=\"elementor-element elementor-element-5bf0e21 elementor-widget elementor-widget-text-editor\" data-id=\"5bf0e21\" data-element_type=\"widget\" data-e-type=\"widget\" data-widget_type=\"text-editor.default\">\n\t\t\t\t<div class=\"elementor-widget-container\">\n\t\t\t\t\t\t\t\t\t<p>\u00bfBuscas un lugar ideal para acampar durante tus rutas ciclistas por Saboya? No te preocupes, en esta zona hay instalaciones perfectamente adaptadas a tus necesidades ciclistas, para que puedas descubrir la regi\u00f3n en bicicleta. Hablamos, en concreto, de amplios terrenos y parcelas concebidos para acoger a los ciclistas que pasan por la regi\u00f3n. La ruta ciclista V62, que pasa cerca del camping, te permitir\u00e1 descubrir todos los tipos de bicicleta que puedes probar.   <\/p><p>Tanto si le gusta relajarse en el agua como si es un nadador deportivo o un padre que quiere que sus hijos jueguen en el agua, estas piscinas satisfar\u00e1n todas sus necesidades. Adem\u00e1s de nadar en el lago, esta es una oportunidad ideal para variar sus placeres y aprovechar al m\u00e1ximo sus vacaciones. <\/p>\t\t\t\t\t\t\t\t<\/div>\n\t\t\t\t<\/div>\n\t\t\t\t<div class=\"elementor-element elementor-element-c78e4ab elementor-widget elementor-widget-text-editor\" data-id=\"c78e4ab\" data-element_type=\"widget\" data-e-type=\"widget\" data-widget_type=\"text-editor.default\">\n\t\t\t\t<div class=\"elementor-widget-container\">\n\t\t\t\t\t\t\t\t\t<p>Adem\u00e1s, podr\u00e1s disfrutar de servicios adicionales como alquiler de barbacoas para momentos de convivencia con aficionados, zonas de juegos y sala de juegos, sin olvidar un alojamiento que garantiza el m\u00e1ximo confort, sobre todo despu\u00e9s de una jornada de ciclismo en el coraz\u00f3n de los Alpes. La proximidad de la ruta ciclista te permite salir a la carretera a tu antojo, pero tambi\u00e9n relajarte al final de la jornada en total intimidad. Todos estamos de acuerdo en que una buena noche de sue\u00f1o completa un d\u00eda lleno de emociones, si quieres que tu estancia sea impecable. Que no cunda el p\u00e1nico, nuestros amplios alojamientos, de alta gama y totalmente equipados, est\u00e1n ah\u00ed para recibirte.   <\/p>\t\t\t\t\t\t\t\t<\/div>\n\t\t\t\t<\/div>\n\t\t\t\t<div class=\"elementor-element elementor-element-6b08469 elementor-widget elementor-widget-text-editor\" data-id=\"6b08469\" data-element_type=\"widget\" data-e-type=\"widget\" data-widget_type=\"text-editor.default\">\n\t\t\t\t<div class=\"elementor-widget-container\">\n\t\t\t\t\t\t\t\t\t<p>Si quieres entrenar entre dos rutas ciclistas, puedes alquilar una bicicleta de monta\u00f1a.<\/p>\t\t\t\t\t\t\t\t<\/div>\n\t\t\t\t<\/div>\n\t\t\t\t<div class=\"elementor-element elementor-element-91e44d3 elementor-widget elementor-widget-heading\" data-id=\"91e44d3\" data-element_type=\"widget\" data-e-type=\"widget\" data-widget_type=\"heading.default\">\n\t\t\t\t<div class=\"elementor-widget-container\">\n\t\t\t\t\t<h2 class=\"elementor-heading-title elementor-size-default\">Grandes pases para los amantes del rendimiento.<\/h2>\t\t\t\t<\/div>\n\t\t\t\t<\/div>\n\t\t\t\t<div class=\"elementor-element elementor-element-5a55fe9 elementor-widget elementor-widget-text-editor\" data-id=\"5a55fe9\" data-element_type=\"widget\" data-e-type=\"widget\" data-widget_type=\"text-editor.default\">\n\t\t\t\t<div class=\"elementor-widget-container\">\n\t\t\t\t\t\t\t\t\t<p>En los alrededores del camping podr\u00e1s escalar algunos de los puertos m\u00e1s legendarios del Tour de Francia o del Crit\u00e9rium du Dauphin\u00e9, como el Col de la Croix de Fer o el Col du Galibier. Pero eso no es todo, algunos de los puertos m\u00e1s accesibles ofrecen magn\u00edficos paisajes y grandes desaf\u00edos, como el Col du Fr\u00eane (justo encima del camping) o el Col du Tami\u00e9, tambi\u00e9n a tiro de piedra.<\/p>\t\t\t\t\t\t\t\t<\/div>\n\t\t\t\t<\/div>\n\t\t\t\t<div class=\"elementor-element elementor-element-d466a2e elementor-widget elementor-widget-heading\" data-id=\"d466a2e\" data-element_type=\"widget\" data-e-type=\"widget\" data-widget_type=\"heading.default\">\n\t\t\t\t<div class=\"elementor-widget-container\">\n\t\t\t\t\t<h2 class=\"elementor-heading-title elementor-size-default\">Una pr\u00e1ctica f\u00edsica que permite la contemplaci\u00f3n.<\/h2>\t\t\t\t<\/div>\n\t\t\t\t<\/div>\n\t\t\t\t<div class=\"elementor-element elementor-element-6d384f0 elementor-widget elementor-widget-text-editor\" data-id=\"6d384f0\" data-element_type=\"widget\" data-e-type=\"widget\" data-widget_type=\"text-editor.default\">\n\t\t\t\t<div class=\"elementor-widget-container\">\n\t\t\t\t\t\t\t\t\t<p>Sin embargo, el ciclismo en Savoie no tiene por qu\u00e9 significar subidas empinadas y alto rendimiento. Para los que s\u00f3lo quieren pasar un buen rato con la familia, Saboya, y m\u00e1s concretamente la Combe de Savoie, ofrece magn\u00edficos paisajes para disfrutar a tu ritmo.   <\/p>\t\t\t\t\t\t\t\t<\/div>\n\t\t\t\t<\/div>\n\t\t\t\t<div class=\"elementor-element elementor-element-a4b8c5d elementor-widget elementor-widget-text-editor\" data-id=\"a4b8c5d\" data-element_type=\"widget\" data-e-type=\"widget\" data-widget_type=\"text-editor.default\">\n\t\t\t\t<div class=\"elementor-widget-container\">\n\t\t\t\t\t\t\t\t\t<p>El Camping du Lac de Carouge est\u00e1 situado en la ruta ciclista V62 que une Albertville con Montm\u00e9lian y pasa justo por detr\u00e1s de nuestro establecimiento. Esta ruta ciclista te permite llegar a la ciudad de Annecy por un lado y te permitir\u00e1 llegar muy r\u00e1pidamente a Chamb\u00e9ry sin tener que subir cuestas muy largas. <\/p>\t\t\t\t\t\t\t\t<\/div>\n\t\t\t\t<\/div>\n\t\t\t\t<div class=\"elementor-element elementor-element-dac0236 elementor-widget elementor-widget-heading\" data-id=\"dac0236\" data-element_type=\"widget\" data-e-type=\"widget\" data-widget_type=\"heading.default\">\n\t\t\t\t<div class=\"elementor-widget-container\">\n\t\t\t\t\t<h2 class=\"elementor-heading-title elementor-size-default\">Un camping tranquilo donde podr\u00e1s relajarte.<\/h2>\t\t\t\t<\/div>\n\t\t\t\t<\/div>\n\t\t\t\t<div class=\"elementor-element elementor-element-64ef95f0 elementor-widget elementor-widget-text-editor\" data-id=\"64ef95f0\" data-element_type=\"widget\" data-e-type=\"widget\" data-widget_type=\"text-editor.default\">\n\t\t\t\t<div class=\"elementor-widget-container\">\n\t\t\t\t\t\t\t\t\t<p>Est\u00e1s en la regi\u00f3n para hacer ciclismo, pero tambi\u00e9n para acampar, \u00a1sobre todo para alejarte del ajetreo de la vida cotidiana! Pues est\u00e1s de suerte, porque elegir un alojamiento en una zona muy tranquila significa tambi\u00e9n aprovechar los servicios a medida que ofrecen tus anfitriones. As\u00ed, podr\u00e1s disfrutar de animaciones y servicios para grandes y peque\u00f1os en un entorno relajante y tranquilo. Los campings de Chamb\u00e9ry est\u00e1n bien pensados para que todos los veraneantes puedan aprovechar al m\u00e1ximo su estancia.   <\/p>\t\t\t\t\t\t\t\t<\/div>\n\t\t\t\t<\/div>\n\t\t\t\t<div class=\"elementor-element elementor-element-4d061e1 elementor-widget elementor-widget-text-editor\" data-id=\"4d061e1\" data-element_type=\"widget\" data-e-type=\"widget\" data-widget_type=\"text-editor.default\">\n\t\t\t\t<div class=\"elementor-widget-container\">\n\t\t\t\t\t\t\t\t\t<p>Se ofrecen muchas actividades para que tu estancia sea memorable. Adem\u00e1s de un encuentro \u00fanico con la naturaleza, tambi\u00e9n tendr\u00e1s acceso a la piscina con su tobog\u00e1n acu\u00e1tico y su zona arbolada. Los amantes de las emociones fuertes podr\u00e1n practicar barranquismo, accrobranche o, por qu\u00e9 no, parapente. Hay para todos los gustos, por no hablar de una gastronom\u00eda inigualable que har\u00e1 que tu estancia sea inolvidable.   <\/p>\t\t\t\t\t\t\t\t<\/div>\n\t\t\t\t<\/div>\n\t\t\t\t<div class=\"elementor-element elementor-element-d9406dd elementor-widget elementor-widget-heading\" data-id=\"d9406dd\" data-element_type=\"widget\" data-e-type=\"widget\" data-widget_type=\"heading.default\">\n\t\t\t\t<div class=\"elementor-widget-container\">\n\t\t\t\t\t<h2 class=\"elementor-heading-title elementor-size-default\">Un camping tranquilo donde podr\u00e1s relajarte.<\/h2>\t\t\t\t<\/div>\n\t\t\t\t<\/div>\n\t\t\t\t<div class=\"elementor-element elementor-element-3b343d7 elementor-widget elementor-widget-text-editor\" data-id=\"3b343d7\" data-element_type=\"widget\" data-e-type=\"widget\" data-widget_type=\"text-editor.default\">\n\t\t\t\t<div class=\"elementor-widget-container\">\n\t\t\t\t\t\t\t\t\t<p>\u00bfSue\u00f1as con un paseo dominical por los grandes puertos de monta\u00f1a de Saboya? Nada mejor que acampar en la regi\u00f3n para experimentar sensaciones \u00fanicas mientras te entregas en cuerpo y alma a tu pasi\u00f3n. La ruta de los Grandes Alpes es un fabuloso itinerario de 720 km que bien merece una escapada para admirar el sublime paisaje. Tambi\u00e9n puedes hacer senderismo alrededor de los grandes lagos, bordeando el Lac du Bourget y el Lac d&#8217;Annecy antes de escalar varios collados. Te lo advertimos, \u00a1va a ser un trabajo duro!    <\/p>\t\t\t\t\t\t\t\t<\/div>\n\t\t\t\t<\/div>\n\t\t\t\t<div class=\"elementor-element elementor-element-044b554 elementor-widget elementor-widget-text-editor\" data-id=\"044b554\" data-element_type=\"widget\" data-e-type=\"widget\" data-widget_type=\"text-editor.default\">\n\t\t\t\t<div class=\"elementor-widget-container\">\n\t\t\t\t\t\t\t\t\t<p>Luego sigue hacia el Macizo des Bauges, donde te espera un hermoso circuito circular de 100 km. Mientras pedaleas por los distintos puertos de esta regi\u00f3n -Leschaux, Bellecombe-en-Bauges y La Motte-en-Bauges- disfrutar\u00e1s de la belleza \u00fanica del paisaje. <\/p>\t\t\t\t\t\t\t\t<\/div>\n\t\t\t\t<\/div>\n\t\t\t\t<div class=\"elementor-element elementor-element-0368c17 elementor-widget elementor-widget-text-editor\" data-id=\"0368c17\" data-element_type=\"widget\" data-e-type=\"widget\" data-widget_type=\"text-editor.default\">\n\t\t\t\t<div class=\"elementor-widget-container\">\n\t\t\t\t\t\t\t\t\t<p>En resumen, \u00a1una estancia en esta regi\u00f3n es la promesa de unas vacaciones de \u00e9xito! \u00bfPor qu\u00e9 no lo intentas? <\/p>\t\t\t\t\t\t\t\t<\/div>\n\t\t\t\t<\/div>\n\t\t\t\t\t<\/div>\n\t\t\t\t<\/div>\n\t\t\t\t<\/div>\n\t\t","protected":false},"excerpt":{"rendered":"<p>La bicicleta tiene su lugar en Saboya La belleza y la diversidad de los paisajes de Saboya se realzan con la bicicleta. Desde hace algunos a\u00f1os, el nuevo plan departamental para esta regi\u00f3n se centra en el desarrollo de carriles bici. Savoie es ahora un destino popular para senderistas y ciclistas que desean pedalear en [&hellip;]<\/p>\n","protected":false},"author":1,"featured_media":0,"parent":9057,"menu_order":0,"comment_status":"closed","ping_status":"closed","template":"elementor_header_footer","meta":{"footnotes":""},"class_list":["post-14463","page","type-page","status-publish","hentry"],"blocksy_meta":[],"yoast_head":"<!-- This site is optimized with the Yoast SEO Premium plugin v27.2 (Yoast SEO v27.2) - https:\/\/yoast.com\/product\/yoast-seo-premium-wordpress\/ -->\n<title>Ciclismo - Camping du Lac de Carouge<\/title>\n<meta name=\"robots\" content=\"index, follow, max-snippet:-1, max-image-preview:large, max-video-preview:-1\" \/>\n<link rel=\"canonical\" href=\"https:\/\/www.campinglacdecarouge.fr\/es\/el-camping\/actividades-y-ocio\/ciclismo\/\" \/>\n<meta property=\"og:locale\" content=\"es_ES\" \/>\n<meta property=\"og:type\" content=\"article\" \/>\n<meta property=\"og:title\" content=\"Ciclismo\" \/>\n<meta property=\"og:description\" content=\"La bicicleta tiene su lugar en Saboya La belleza y la diversidad de los paisajes de Saboya se realzan con la bicicleta. Desde hace algunos a\u00f1os, el nuevo plan departamental para esta regi\u00f3n se centra en el desarrollo de carriles bici. Savoie es ahora un destino popular para senderistas y ciclistas que desean pedalear en [&hellip;]\" \/>\n<meta property=\"og:url\" content=\"https:\/\/www.campinglacdecarouge.fr\/es\/el-camping\/actividades-y-ocio\/ciclismo\/\" \/>\n<meta property=\"og:site_name\" content=\"Camping du Lac de Carouge\" \/>\n<meta property=\"article:publisher\" content=\"https:\/\/www.facebook.com\/pagelacdecarouge\/\" \/>\n<meta property=\"article:modified_time\" content=\"2025-05-04T09:44:22+00:00\" \/>\n<meta property=\"og:image\" content=\"https:\/\/www.campinglacdecarouge.fr\/wp-content\/uploads\/2024\/11\/20240624_105940-scaled.jpg\" \/>\n\t<meta property=\"og:image:width\" content=\"2560\" \/>\n\t<meta property=\"og:image:height\" content=\"1442\" \/>\n\t<meta property=\"og:image:type\" content=\"image\/jpeg\" \/>\n<meta name=\"twitter:card\" content=\"summary_large_image\" \/>\n<meta name=\"twitter:site\" content=\"@lacdecarouge\" \/>\n<meta name=\"twitter:label1\" content=\"Tiempo de lectura\" \/>\n\t<meta name=\"twitter:data1\" content=\"7 minutos\" \/>\n<script type=\"application\/ld+json\" class=\"yoast-schema-graph\">{\"@context\":\"https:\/\/schema.org\",\"@graph\":[{\"@type\":\"WebPage\",\"@id\":\"https:\/\/www.campinglacdecarouge.fr\/es\/el-camping\/actividades-y-ocio\/ciclismo\/\",\"url\":\"https:\/\/www.campinglacdecarouge.fr\/es\/el-camping\/actividades-y-ocio\/ciclismo\/\",\"name\":\"Ciclismo - Camping du Lac de Carouge\",\"isPartOf\":{\"@id\":\"https:\/\/www.campinglacdecarouge.fr\/es\/#website\"},\"datePublished\":\"2024-11-25T14:20:03+00:00\",\"dateModified\":\"2025-05-04T09:44:22+00:00\",\"breadcrumb\":{\"@id\":\"https:\/\/www.campinglacdecarouge.fr\/es\/el-camping\/actividades-y-ocio\/ciclismo\/#breadcrumb\"},\"inLanguage\":\"es\",\"potentialAction\":[{\"@type\":\"ReadAction\",\"target\":[\"https:\/\/www.campinglacdecarouge.fr\/es\/el-camping\/actividades-y-ocio\/ciclismo\/\"]}]},{\"@type\":\"BreadcrumbList\",\"@id\":\"https:\/\/www.campinglacdecarouge.fr\/es\/el-camping\/actividades-y-ocio\/ciclismo\/#breadcrumb\",\"itemListElement\":[{\"@type\":\"ListItem\",\"position\":1,\"name\":\"Accueil\",\"item\":\"https:\/\/www.campinglacdecarouge.fr\/es\/pagina-de-inicio-2\/\"},{\"@type\":\"ListItem\",\"position\":2,\"name\":\"Le Camping du Lac de Carouge\",\"item\":\"https:\/\/www.campinglacdecarouge.fr\/es\/el-camping\/\"},{\"@type\":\"ListItem\",\"position\":3,\"name\":\"Actividades y Ocio\",\"item\":\"https:\/\/www.campinglacdecarouge.fr\/es\/el-camping\/actividades-y-ocio\/\"},{\"@type\":\"ListItem\",\"position\":4,\"name\":\"Ciclismo\"}]},{\"@type\":\"WebSite\",\"@id\":\"https:\/\/www.campinglacdecarouge.fr\/es\/#website\",\"url\":\"https:\/\/www.campinglacdecarouge.fr\/es\/\",\"name\":\"Camping du Lac de Carouge\",\"description\":\"Sitio web del camping Lac de Carouge en Saboya\",\"publisher\":{\"@id\":\"https:\/\/www.campinglacdecarouge.fr\/es\/#organization\"},\"potentialAction\":[{\"@type\":\"SearchAction\",\"target\":{\"@type\":\"EntryPoint\",\"urlTemplate\":\"https:\/\/www.campinglacdecarouge.fr\/es\/?s={search_term_string}\"},\"query-input\":{\"@type\":\"PropertyValueSpecification\",\"valueRequired\":true,\"valueName\":\"search_term_string\"}}],\"inLanguage\":\"es\"},{\"@type\":\"Organization\",\"@id\":\"https:\/\/www.campinglacdecarouge.fr\/es\/#organization\",\"name\":\"Camping du Lac de Carouge\",\"url\":\"https:\/\/www.campinglacdecarouge.fr\/es\/\",\"logo\":{\"@type\":\"ImageObject\",\"inLanguage\":\"es\",\"@id\":\"https:\/\/www.campinglacdecarouge.fr\/es\/#\/schema\/logo\/image\/\",\"url\":\"https:\/\/www.campinglacdecarouge.fr\/wp-content\/uploads\/2024\/07\/logo-1.png\",\"contentUrl\":\"https:\/\/www.campinglacdecarouge.fr\/wp-content\/uploads\/2024\/07\/logo-1.png\",\"width\":530,\"height\":270,\"caption\":\"Camping du Lac de Carouge\"},\"image\":{\"@id\":\"https:\/\/www.campinglacdecarouge.fr\/es\/#\/schema\/logo\/image\/\"},\"sameAs\":[\"https:\/\/www.facebook.com\/pagelacdecarouge\/\",\"https:\/\/x.com\/lacdecarouge\",\"https:\/\/www.instagram.com\/lacdecarouge\/\"],\"legalName\":\"SAS SELYV\",\"foundingDate\":\"2009-01-01\",\"numberOfEmployees\":{\"@type\":\"QuantitativeValue\",\"minValue\":\"1\",\"maxValue\":\"10\"},\"publishingPrinciples\":\"https:\/\/www.campinglacdecarouge.fr\/principes-editoriaux\/\",\"correctionsPolicy\":\"https:\/\/www.campinglacdecarouge.fr\/politique-de-correction-editoriale-camping-du-lac-de-carouge\/\",\"ethicsPolicy\":\"https:\/\/www.campinglacdecarouge.fr\/standards-de-comportement-camping-du-lac-de-carouge\/\",\"diversityPolicy\":\"https:\/\/www.campinglacdecarouge.fr\/politique-de-diversite-pour-le-contenu-editorial\/\"}]}<\/script>\n<!-- \/ Yoast SEO Premium plugin. -->","yoast_head_json":{"title":"Ciclismo - Camping du Lac de Carouge","robots":{"index":"index","follow":"follow","max-snippet":"max-snippet:-1","max-image-preview":"max-image-preview:large","max-video-preview":"max-video-preview:-1"},"canonical":"https:\/\/www.campinglacdecarouge.fr\/es\/el-camping\/actividades-y-ocio\/ciclismo\/","og_locale":"es_ES","og_type":"article","og_title":"Ciclismo","og_description":"La bicicleta tiene su lugar en Saboya La belleza y la diversidad de los paisajes de Saboya se realzan con la bicicleta. Desde hace algunos a\u00f1os, el nuevo plan departamental para esta regi\u00f3n se centra en el desarrollo de carriles bici. Savoie es ahora un destino popular para senderistas y ciclistas que desean pedalear en [&hellip;]","og_url":"https:\/\/www.campinglacdecarouge.fr\/es\/el-camping\/actividades-y-ocio\/ciclismo\/","og_site_name":"Camping du Lac de Carouge","article_publisher":"https:\/\/www.facebook.com\/pagelacdecarouge\/","article_modified_time":"2025-05-04T09:44:22+00:00","og_image":[{"width":2560,"height":1442,"url":"https:\/\/www.campinglacdecarouge.fr\/wp-content\/uploads\/2024\/11\/20240624_105940-scaled.jpg","type":"image\/jpeg"}],"twitter_card":"summary_large_image","twitter_site":"@lacdecarouge","twitter_misc":{"Tiempo de lectura":"7 minutos"},"schema":{"@context":"https:\/\/schema.org","@graph":[{"@type":"WebPage","@id":"https:\/\/www.campinglacdecarouge.fr\/es\/el-camping\/actividades-y-ocio\/ciclismo\/","url":"https:\/\/www.campinglacdecarouge.fr\/es\/el-camping\/actividades-y-ocio\/ciclismo\/","name":"Ciclismo - Camping du Lac de Carouge","isPartOf":{"@id":"https:\/\/www.campinglacdecarouge.fr\/es\/#website"},"datePublished":"2024-11-25T14:20:03+00:00","dateModified":"2025-05-04T09:44:22+00:00","breadcrumb":{"@id":"https:\/\/www.campinglacdecarouge.fr\/es\/el-camping\/actividades-y-ocio\/ciclismo\/#breadcrumb"},"inLanguage":"es","potentialAction":[{"@type":"ReadAction","target":["https:\/\/www.campinglacdecarouge.fr\/es\/el-camping\/actividades-y-ocio\/ciclismo\/"]}]},{"@type":"BreadcrumbList","@id":"https:\/\/www.campinglacdecarouge.fr\/es\/el-camping\/actividades-y-ocio\/ciclismo\/#breadcrumb","itemListElement":[{"@type":"ListItem","position":1,"name":"Accueil","item":"https:\/\/www.campinglacdecarouge.fr\/es\/pagina-de-inicio-2\/"},{"@type":"ListItem","position":2,"name":"Le Camping du Lac de Carouge","item":"https:\/\/www.campinglacdecarouge.fr\/es\/el-camping\/"},{"@type":"ListItem","position":3,"name":"Actividades y Ocio","item":"https:\/\/www.campinglacdecarouge.fr\/es\/el-camping\/actividades-y-ocio\/"},{"@type":"ListItem","position":4,"name":"Ciclismo"}]},{"@type":"WebSite","@id":"https:\/\/www.campinglacdecarouge.fr\/es\/#website","url":"https:\/\/www.campinglacdecarouge.fr\/es\/","name":"Camping du Lac de Carouge","description":"Sitio web del camping Lac de Carouge en Saboya","publisher":{"@id":"https:\/\/www.campinglacdecarouge.fr\/es\/#organization"},"potentialAction":[{"@type":"SearchAction","target":{"@type":"EntryPoint","urlTemplate":"https:\/\/www.campinglacdecarouge.fr\/es\/?s={search_term_string}"},"query-input":{"@type":"PropertyValueSpecification","valueRequired":true,"valueName":"search_term_string"}}],"inLanguage":"es"},{"@type":"Organization","@id":"https:\/\/www.campinglacdecarouge.fr\/es\/#organization","name":"Camping du Lac de Carouge","url":"https:\/\/www.campinglacdecarouge.fr\/es\/","logo":{"@type":"ImageObject","inLanguage":"es","@id":"https:\/\/www.campinglacdecarouge.fr\/es\/#\/schema\/logo\/image\/","url":"https:\/\/www.campinglacdecarouge.fr\/wp-content\/uploads\/2024\/07\/logo-1.png","contentUrl":"https:\/\/www.campinglacdecarouge.fr\/wp-content\/uploads\/2024\/07\/logo-1.png","width":530,"height":270,"caption":"Camping du Lac de Carouge"},"image":{"@id":"https:\/\/www.campinglacdecarouge.fr\/es\/#\/schema\/logo\/image\/"},"sameAs":["https:\/\/www.facebook.com\/pagelacdecarouge\/","https:\/\/x.com\/lacdecarouge","https:\/\/www.instagram.com\/lacdecarouge\/"],"legalName":"SAS SELYV","foundingDate":"2009-01-01","numberOfEmployees":{"@type":"QuantitativeValue","minValue":"1","maxValue":"10"},"publishingPrinciples":"https:\/\/www.campinglacdecarouge.fr\/principes-editoriaux\/","correctionsPolicy":"https:\/\/www.campinglacdecarouge.fr\/politique-de-correction-editoriale-camping-du-lac-de-carouge\/","ethicsPolicy":"https:\/\/www.campinglacdecarouge.fr\/standards-de-comportement-camping-du-lac-de-carouge\/","diversityPolicy":"https:\/\/www.campinglacdecarouge.fr\/politique-de-diversite-pour-le-contenu-editorial\/"}]}},"_links":{"self":[{"href":"https:\/\/www.campinglacdecarouge.fr\/es\/wp-json\/wp\/v2\/pages\/14463","targetHints":{"allow":["GET"]}}],"collection":[{"href":"https:\/\/www.campinglacdecarouge.fr\/es\/wp-json\/wp\/v2\/pages"}],"about":[{"href":"https:\/\/www.campinglacdecarouge.fr\/es\/wp-json\/wp\/v2\/types\/page"}],"author":[{"embeddable":true,"href":"https:\/\/www.campinglacdecarouge.fr\/es\/wp-json\/wp\/v2\/users\/1"}],"replies":[{"embeddable":true,"href":"https:\/\/www.campinglacdecarouge.fr\/es\/wp-json\/wp\/v2\/comments?post=14463"}],"version-history":[{"count":3,"href":"https:\/\/www.campinglacdecarouge.fr\/es\/wp-json\/wp\/v2\/pages\/14463\/revisions"}],"predecessor-version":[{"id":52887,"href":"https:\/\/www.campinglacdecarouge.fr\/es\/wp-json\/wp\/v2\/pages\/14463\/revisions\/52887"}],"up":[{"embeddable":true,"href":"https:\/\/www.campinglacdecarouge.fr\/es\/wp-json\/wp\/v2\/pages\/9057"}],"wp:attachment":[{"href":"https:\/\/www.campinglacdecarouge.fr\/es\/wp-json\/wp\/v2\/media?parent=14463"}],"curies":[{"name":"wp","href":"https:\/\/api.w.org\/{rel}","templated":true}]}}