{"id":14356,"date":"2024-12-02T11:19:02","date_gmt":"2024-12-02T10:19:02","guid":{"rendered":"https:\/\/www.campinglacdecarouge.fr\/nuestras-condiciones-generales-de-venta\/"},"modified":"2024-12-15T18:38:16","modified_gmt":"2024-12-15T17:38:16","slug":"nuestras-condiciones-generales-de-venta","status":"publish","type":"page","link":"https:\/\/www.campinglacdecarouge.fr\/es\/nuestras-condiciones-generales-de-venta\/","title":{"rendered":"Nuestras Condiciones Generales de Venta"},"content":{"rendered":"\t\t<div data-elementor-type=\"wp-page\" data-elementor-id=\"14356\" class=\"elementor elementor-14356 elementor-14198\" data-elementor-post-type=\"page\">\n\t\t\t\t<div class=\"elementor-element elementor-element-5099678 e-flex e-con-boxed e-con e-parent\" data-id=\"5099678\" data-element_type=\"container\" data-e-type=\"container\">\n\t\t\t\t\t<div class=\"e-con-inner\">\n\t\t<div class=\"elementor-element elementor-element-b6d7f7f e-con-full e-flex e-con e-child\" data-id=\"b6d7f7f\" data-element_type=\"container\" data-e-type=\"container\" data-settings=\"{&quot;background_background&quot;:&quot;classic&quot;}\">\n\t\t\t\t<div class=\"elementor-element elementor-element-bbd1d45 elementor-widget elementor-widget-text-editor\" data-id=\"bbd1d45\" data-element_type=\"widget\" data-e-type=\"widget\" data-widget_type=\"text-editor.default\">\n\t\t\t\t<div class=\"elementor-widget-container\">\n\t\t\t\t\t\t\t\t\t<p>Condiciones del 15 de diciembre de 2024.<\/p>\n<p>Camping du Lac de Carouge explotado por SAS SELYV inscrita en el Registro Mercantil de Chamb\u00e9ry con el n\u00famero 53411326100018, 670 All\u00e9e du Lac, 73250 Saint Pierre d&#8217;Albigny, Tel : 04.80.81.97.90, email : contact@lacdecarouge.com, https:\/\/www.campinglacdecarouge.fr<\/p>\n<p><strong><u>DEFINICIONES<\/u><\/strong><\/p>\n<p><strong>PEDIDO <\/strong>o <strong>RESERVA <\/strong>o <strong>ALQUILER<\/strong>: compra de servicios.<\/p>\n<p><strong>SERVICIOS<\/strong>: Alquiler por temporada de alojamientos o parcelas descubiertas para \u00abturismo\u00bb.<\/p>\n<p><strong>ALOJAMIENTO<\/strong>: Alojamiento en tienda, caravana, autocaravana y ocio ligero.<\/p>\n<p><strong> <\/strong><\/p>\n<h2>ART\u00cdCULO 1 &#8211; \u00c1MBITO DE APLICACI\u00d3N<\/h2>\n<p>Las presentes Condiciones Generales de Venta se aplican, sin restricci\u00f3n ni reserva alguna, a cualquier alquiler de alojamiento o de parcelas descubiertas en el camping del Lago de Carouge, explotado por la SAS SELYV (\u00abel Prestador de Servicios\u00bb), a clientes no profesionales (\u00ablos Clientes\u00bb o \u00abel Cliente\u00bb), en su sitio web <a href=\"http:\/\/www.campinglacdecarouge.fr\">http:\/\/www.campinglacdecarouge.fr<\/a> o por tel\u00e9fono, correo postal o electr\u00f3nico (e-mails), o en un lugar donde el Prestador de Servicios comercialice los Servicios. No se aplican al alquiler de parcelas para casas m\u00f3viles, que son objeto de un contrato de \u00abocio\u00bb. Las principales caracter\u00edsticas de los Servicios se presentan en el sitio web <a href=\"http:\/\/www.campinglacdecarouge.fr\">http:\/\/www.campinglacdecarouge.fr<\/a> en soporte escrito -papel o electr\u00f3nico- en caso de reserva por un medio distinto al pedido a distancia. El Cliente est\u00e1 obligado a leerlas antes de realizar cualquier pedido. La elecci\u00f3n y la compra de un Servicio son responsabilidad exclusiva del Cliente. Las presentes Condiciones Generales de Venta se aplican con exclusi\u00f3n de todas las dem\u00e1s condiciones del Proveedor de Servicios, en particular las aplicables a otros canales de venta de los Servicios.     <\/p>\n<p>Las presentes Condiciones Generales de Venta est\u00e1n accesibles en todo momento en el Sitio Web y prevalecer\u00e1n, en su caso, sobre cualquier otra versi\u00f3n o cualquier otro documento contractual. La versi\u00f3n aplicable al Cliente es la vigente en el Sitio Web o comunicada por el Proveedor de Servicios en la fecha en que el Cliente realiza el Pedido. Salvo prueba en contrario, los datos registrados en el sistema inform\u00e1tico del Proveedor de Servicios constituir\u00e1n la prueba de todas las transacciones realizadas con el Cliente.  <\/p>\n<p>En las condiciones definidas por la Ley francesa de Protecci\u00f3n de Datos y el Reglamento Europeo de Protecci\u00f3n de Datos, el Cliente tiene derecho, en cualquier momento, a acceder, rectificar y oponerse, si el tratamiento no es indispensable para la ejecuci\u00f3n del pedido y de la estancia, as\u00ed como a sus consecuencias, a todos sus datos personales escribiendo, por correo y acreditando su identidad, directamente al Camping du Lac Saint Clair. El Cliente declara haber le\u00eddo las presentes Condiciones Generales de Venta y haberlas aceptado, bien marcando la casilla prevista a tal efecto antes de completar el procedimiento de Pedido en l\u00ednea, as\u00ed como las condiciones generales de uso del sitio web <a href=\"\">http:\/\/www.campinglacdecarouge.fr\/<\/a>, o bien, en el caso de reservas fuera de l\u00ednea, por cualquier otro medio apropiado. <\/p>\n<h2>ART\u00cdCULO 2 &#8211; RESERVAS<\/h2>\n<p>El Cliente selecciona los servicios que desea solicitar en el Sitio Web o proporciona informaci\u00f3n en cualquier documento enviado por el Proveedor de Servicios, de la siguiente manera:<\/p>\n<p>Comunicaci\u00f3n inicial del cliente para reservar alojamiento en el sitio web de reservas online, por tel\u00e9fono, por correo electr\u00f3nico o por chat en el sitio web. No es posible reservar por correo postal. <\/p>\n<p>Es responsabilidad del Cliente comprobar la exactitud del Pedido y notificar inmediatamente al Proveedor cualquier error. El Pedido s\u00f3lo se considerar\u00e1 definitivo una vez que el Proveedor haya enviado al Cliente la confirmaci\u00f3n de aceptaci\u00f3n del Pedido por correo electr\u00f3nico o, excepcionalmente, por correo postal, o mediante la firma del contrato en caso de que el Pedido se reserve directamente en el local donde el Proveedor comercializa los Servicios. <\/p>\n<p>Cualquier Pedido realizado en el sitio web <a href=\"http:\/\/www.campinglacdecarouge.fr\">http:\/\/www.campinglacdecarouge.fr<\/a> constituye la formaci\u00f3n de un contrato a distancia entre el Cliente y el Proveedor de Servicios.<\/p>\n<p>Todos los Pedidos son personales y no pueden transferirse bajo ninguna circunstancia.<\/p>\n<p><strong>La organizaci\u00f3n de despedidas de soltero o soltera en el camping est\u00e1 totalmente prohibida. El proveedor de servicios se reserva el derecho a denegar el acceso al camping a dichos grupos.   <\/strong><\/p>\n<h2>ART\u00cdCULO 3 &#8211; PRECIOS<\/h2>\n<p>Los Servicios ofrecidos por el Proveedor de Servicios se prestan a los precios vigentes en el <a href=\"http:\/\/www.campinglacdecarouge.fr\">sitio web http:\/\/www.campinglacdecarouge.fr,<\/a> o en cualquier soporte informativo del Proveedor de Servicios, en el momento en que el Cliente realiza el pedido. Los precios se expresan en Euros, sin IVA y con IVA incluido. <\/p>\n<p>Los precios tienen en cuenta cualquier descuento ofrecido por el Proveedor de Servicios en el sitio web <a href=\"http:\/\/www.campinglacdecarouge.fr\">http:\/\/www.campinglacdecarouge.fr<\/a> o en cualquier otro medio de informaci\u00f3n o comunicaci\u00f3n.<\/p>\n<p>Estos precios son firmes y no revisables durante su periodo de validez, tal y como se indica en el sitio web <a href=\"http:\/\/www.campinglacdecarouge.fr\">http:\/\/www.campinglacdecarouge.fr<\/a> en el correo electr\u00f3nico o en la propuesta escrita enviada al Cliente. Tras este periodo de validez, la oferta caduca y el Proveedor de Servicios deja de estar vinculado por los precios. <\/p>\n<p>No incluyen los gastos de procesamiento y administraci\u00f3n, que se facturan adicionalmente, en las condiciones indicadas en el sitio web <a href=\"http:\/\/www.campinglacdecarouge.fr\">http:\/\/www.campinglacdecarouge.fr<\/a> o en la informaci\u00f3n (correo postal, correo electr\u00f3nico, etc.) comunicada previamente al Cliente, y calculados antes de realizar el Pedido.<\/p>\n<p>El pago solicitado al Cliente corresponde al importe total de la compra, incluidos estos gastos.<\/p>\n<p>El Vendedor elaborar\u00e1 una factura y la enviar\u00e1 al Cliente a m\u00e1s tardar cuando se pague el saldo del precio.<\/p>\n<h3>3.1. TAXE DE S\u00c9JOUR <\/h3>\n<p>La tasa tur\u00edstica, recaudada en nombre de la comuna\/municipio, no est\u00e1 incluida en las tarifas. El importe se determina por persona y d\u00eda y var\u00eda seg\u00fan el destino. Debe abonarse al pagar el Servicio y figura por separado en la factura.  <\/p>\n<h2>ART\u00cdCULO 4 &#8211; CONDICIONES DE PAGO<\/h2>\n<h3>4.1. ACOMPTE <\/h3>\n<p>Las cantidades pagadas por adelantado son dep\u00f3sitos. Constituyen un anticipo sobre el precio total adeudado por el Cliente. <\/p>\n<p>Al realizar el pedido, el Cliente deber\u00e1 abonar un anticipo del 30% del precio total de los Servicios solicitados. Si el Cliente realiza el pedido con menos de 30 d\u00edas de antelaci\u00f3n al d\u00eda de llegada, el dep\u00f3sito exigido ser\u00e1 del 100%. Deber\u00e1 abonarse en el momento de la recepci\u00f3n del contrato de alquiler definitivo, que se adjunta al ejemplar a devolver. Se deducir\u00e1 del importe total del pedido. No podr\u00e1 ser reembolsada por el Proveedor en caso de anulaci\u00f3n por parte del Cliente.     El saldo de la estancia debe abonarse en su totalidad 30 d\u00edas antes de la fecha de llegada (de lo contrario, se cancelar\u00e1 el alquiler). Del mismo modo, el Prestatario no tendr\u00e1 derecho a ning\u00fan reembolso en caso de anulaci\u00f3n por parte del Cliente.<\/p>\n<h3>4.2. PAIEMENTS <\/h3>\n<p>Los pagos realizados por el Cliente s\u00f3lo se considerar\u00e1n definitivos una vez que los importes debidos hayan sido efectivamente cobrados por el Proveedor de Servicios.<\/p>\n<p>En caso de demora en el pago y de pago de las sumas debidas por el Cliente despu\u00e9s del plazo establecido anteriormente, o despu\u00e9s de la fecha de pago que figura en la factura enviada al Cliente, las penalizaciones por demora calculadas al tipo legal del importe (impuestos incluidos) del precio de la prestaci\u00f3n de los Servicios, ser\u00e1n autom\u00e1ticamente y por efecto de la ley pagaderas al Proveedor de Servicios, sin ninguna formalidad o notificaci\u00f3n formal previa.<\/p>\n<p>El retraso en el pago dar\u00e1 lugar al pago inmediato de todas las cantidades adeudadas por el Cliente, sin perjuicio de cualquier otra acci\u00f3n que el Proveedor de Servicios pueda tener derecho a emprender contra el Cliente a este respecto.<\/p>\n<h3>4.3. NON-RESPECT DES CONDITIONS DE PAIEMENT <\/h3>\n<p>Adem\u00e1s, el Proveedor de Servicios se reserva el derecho, en caso de incumplimiento de las condiciones de pago establecidas anteriormente, a suspender o cancelar la prestaci\u00f3n de los Servicios encargados por el Cliente y\/o a suspender el cumplimiento de sus obligaciones despu\u00e9s de que la notificaci\u00f3n formal haya quedado sin efecto.<\/p>\n<h2>ART\u00cdCULO 5 &#8211; PRESTACI\u00d3N DE SERVICIOS<\/h2>\n<h3>5.1. MISE A DISPOSITION ET UTILISATION DES PRESTATIONS <\/h3>\n<p>Los alojamientos podr\u00e1n ocuparse a partir de las 15.00 h y deber\u00e1n quedar libres antes de las 10.00 h del d\u00eda de salida. Las parcelas podr\u00e1n ocuparse a partir de las 13.00 h del d\u00eda de llegada y deber\u00e1n quedar libres antes de las 12.00 h del d\u00eda de salida.<\/p>\n<p>El saldo de la estancia debe abonarse en su totalidad 30 d\u00edas antes de la fecha de llegada (de lo contrario, se cancelar\u00e1 el alquiler).<\/p>\n<p>Los alojamientos y las parcelas est\u00e1n dise\u00f1ados para un n\u00famero determinado de ocupantes en el momento del alquiler y en ning\u00fan caso pueden ser ocupados por un n\u00famero mayor de personas.<\/p>\n<p>El alojamiento y las parcelas deben devolverse en el mismo estado de limpieza en que se entregaron. En caso contrario, el arrendatario deber\u00e1 abonar un importe global de 80 euros en concepto de limpieza. Cualquier desperfecto en el alojamiento o sus accesorios ser\u00e1 reparado inmediatamente a cargo del arrendatario. El inventario al final del periodo de alquiler debe ser exactamente el mismo que al principio.   <\/p>\n<h3>5.2. D\u00c9P\u00d4T DE GARANTIE <\/h3>\n<p>Para los alquileres de alojamiento, se exige al Cliente una fianza de 200 \u20ac el d\u00eda de la entrega de llaves, que se le devolver\u00e1 a m\u00e1s tardar 7 d\u00edas despu\u00e9s del final del periodo de alquiler, menos los gastos ocasionados por la restauraci\u00f3n de la propiedad. Esta fianza no constituye un l\u00edmite de responsabilidad. <\/p>\n<h2>ART\u00cdCULO 6 &#8211; RETRASO, INTERRUPCI\u00d3N O CANCELACI\u00d3N DEL VIAJE POR PARTE DEL CLIENTE<\/h2>\n<p>No se conceder\u00e1n descuentos por llegadas tard\u00edas, salidas anticipadas o cambios en el n\u00famero de personas (ya sea para toda la estancia prevista o parte de ella).<\/p>\n<h3>6.1. MODIFICATION <\/h3>\n<p>En caso de cambio de fechas o de n\u00famero de personas, el Proveedor har\u00e1 todo lo posible para aceptar las solicitudes de cambio de fecha dentro de los l\u00edmites de la disponibilidad, sin perjuicio de los posibles gastos adicionales; en todos los casos, el Proveedor s\u00f3lo est\u00e1 obligado a hacer todo lo posible y no puede garantizar la disponibilidad de una parcela o de un alojamiento o de otra fecha; en tales casos, podr\u00e1 solicitarse un gasto adicional. Cualquier solicitud de reducci\u00f3n de la duraci\u00f3n de la estancia ser\u00e1 considerada por el Proveedor como una cancelaci\u00f3n parcial, cuyas consecuencias se rigen por el Art\u00edculo 6.3. <\/p>\n<h3>6.2. INTERRUPTION <\/h3>\n<p>La salida anticipada no dar\u00e1 lugar a ning\u00fan reembolso por parte del Proveedor.<\/p>\n<h3>6.3. ANNULATION <\/h3>\n<p>En caso de anulaci\u00f3n de la Reserva por el Cliente despu\u00e9s de que haya sido aceptada por el Proveedor, por cualquier motivo que no sea de fuerza mayor, el anticipo pagado por la Reserva, tal como se define en el Art\u00edculo <strong>4 &#8211; CONDICIONES DE PAGO<\/strong> de las presentes Condiciones Generales de Venta, se perder\u00e1 autom\u00e1ticamente a favor del Proveedor, en concepto de indemnizaci\u00f3n, y no podr\u00e1 dar lugar a reembolso alguno.<\/p>\n<p>En todos los casos de cancelaci\u00f3n, los costes de procesamiento y administraci\u00f3n (art\u00edculo 3) ser\u00e1n retenidos por el Proveedor de Servicios.<\/p>\n<h2>6.4. ANNULATION EN CAS DE PANDEMIE <\/h2>\n<p>No obstante lo dispuesto en el art\u00edculo <strong>6.3 ANULACI\u00d3N<\/strong>, en caso de que el Cliente se vea obligado a anular la estancia en su totalidad debido a medidas gubernamentales que no permitan viajar a los participantes (confinamiento general o local, prohibici\u00f3n de viajar, cierre de fronteras), aunque el camping pueda cumplir con su obligaci\u00f3n y acoger a los Clientes, el Proveedor deber\u00e1<\/p>\n<p>&#8211; emitir\u00e1 una nota de cr\u00e9dito correspondiente a las sumas abonadas por el Cliente, menos los gastos de tramitaci\u00f3n y administraci\u00f3n (art\u00edculo 3), que ser\u00e1n retenidos por el Proveedor. Esta nota de cr\u00e9dito, no reembolsable e intransferible, tendr\u00e1 una validez de 12 meses. <\/p>\n<p>Si el Cliente contrata un seguro espec\u00edfico, las indemnizaciones del seguro recibidas por el Cliente se deducir\u00e1n del importe del abono.<\/p>\n<h2>ART\u00cdCULO 7 &#8211; OBLIGACIONES DEL CLIENTE<\/h2>\n<h3>7.1. ASSURANCE RESPONSABILITE CIVILE <\/h3>\n<p>Los Clientes que se alojen en una parcela o en un alojamiento deben tener un seguro de responsabilidad civil. Se podr\u00e1 solicitar un certificado de seguro al Cliente antes del inicio del servicio. <\/p>\n<h3>7.2. ANIMAUX <\/h3>\n<p>Se aceptan mascotas bajo la responsabilidad de sus due\u00f1os. Se aceptan previo pago de una tasa, que se puede solicitar al Proveedor y abonar in situ. <\/p>\n<h3>7.3. R\u00c8GLEMENT INT\u00c9RIEUR <\/h3>\n<p>Las normas de la casa est\u00e1n expuestas en la entrada del establecimiento y en la recepci\u00f3n. Los clientes deben leerlas y cumplirlas. Est\u00e1n a disposici\u00f3n de quien las solicite.  <\/p>\n<h3>7.4. VOITURES ELECTRIQUES <\/h3>\n<p>Est\u00e1 terminantemente prohibido cargar un coche el\u00e9ctrico en los puntos de carga del camping o en las tomas de las autocaravanas, sea cual sea el tipo de toma de carga.<\/p>\n<p>A la entrada del camping hay un punto de carga para veh\u00edculos el\u00e9ctricos. El precio por kilovatio hora se puede consultar en recepci\u00f3n. <\/p>\n<h3>ART\u00cdCULO 8 &#8211; OBLIGACIONES DEL PRESTADOR DE SERVICIOS &#8211; GARANT\u00cdA<\/h3>\n<p>El Proveedor de Servicios garantiza al Cliente, de conformidad con las disposiciones legales y sin pago adicional, contra cualquier falta de conformidad o defecto latente resultante de un fallo de dise\u00f1o o producci\u00f3n en los Servicios solicitados.<\/p>\n<p>Para hacer valer sus derechos, el Cliente deber\u00e1 informar por escrito al Proveedor de Servicios de la existencia de cualquier defecto o falta de conformidad en un plazo m\u00e1ximo de 48 horas desde la prestaci\u00f3n de los Servicios.<\/p>\n<p>El Proveedor de Servicios reembolsar\u00e1 o rectificar\u00e1 o har\u00e1 rectificar (en la medida de lo posible) los servicios considerados defectuosos lo antes posible y, a m\u00e1s tardar, dentro de los 8 d\u00edas siguientes al descubrimiento del defecto o fallo por parte del Proveedor de Servicios. El reembolso se efectuar\u00e1 mediante abono en la cuenta bancaria del Cliente o mediante cheque enviado al Cliente. <\/p>\n<p>La garant\u00eda del Proveedor de Servicios se limita al reembolso de los Servicios efectivamente pagados por el Cliente. El Proveedor de Servicios no ser\u00e1 responsable ni incurrir\u00e1 en mora por cualquier retraso o incumplimiento resultante de la ocurrencia de un evento de fuerza mayor, tal y como suele reconocer la jurisprudencia francesa. <\/p>\n<p>Esta cl\u00e1usula s\u00f3lo se aplica a los servicios ofrecidos \u00fanicamente por el proveedor de servicios. Los servicios solicitados a proveedores ajenos al camping deben consultarse con estos otros proveedores. <\/p>\n<p>Los Servicios prestados a trav\u00e9s del sitio web <a href=\"http:\/\/www.campinglacdecarouge.fr\">http:\/\/www.campinglacdecarouge.fr<\/a> del Proveedor de Servicios cumplen la normativa vigente en Francia.<\/p>\n<h2>ART\u00cdCULO 9 &#8211; DERECHO DE DESISTIMIENTO<\/h2>\n<p>Las actividades relativas a la organizaci\u00f3n y venta de vacaciones o excursiones en una fecha determinada o durante un per\u00edodo determinado no est\u00e1n sujetas al plazo de desistimiento aplicable a las ventas a distancia y fuera del establecimiento, de conformidad con lo dispuesto en el art\u00edculo L221-28 del C\u00f3digo de Consumo franc\u00e9s.<\/p>\n<h2>ART\u00cdCULO 10 &#8211; PROTECCI\u00d3N DE DATOS PERSONALES<\/h2>\n<p>El Proveedor de Servicios, como redactor de este documento, procesa datos personales sobre la siguiente base legal:<\/p>\n<ul>\n<li>O el inter\u00e9s leg\u00edtimo perseguido por el Proveedor de Servicios cuando persigue los siguientes fines:<\/li>\n<\/ul>\n<p>&#8211; prospecci\u00f3n<\/p>\n<p>&#8211; Gestionar las relaciones con los clientes actuales y potenciales,<\/p>\n<p>&#8211; la organizaci\u00f3n, inscripci\u00f3n e invitaci\u00f3n a los eventos del Proveedor de Servicios,<\/p>\n<p>&#8211; procesar, ejecutar, prospectar, producir, gestionar y supervisar las solicitudes y los expedientes de los clientes,<\/p>\n<p>&#8211; redactar escrituras en nombre de sus clientes.<\/p>\n<ul>\n<li>o para cumplir obligaciones legales y reglamentarias cuando lleve a cabo un tratamiento con fines de :<\/li>\n<\/ul>\n<p>&#8211; la prevenci\u00f3n del blanqueo de capitales y de la financiaci\u00f3n del terrorismo y la lucha contra la corrupci\u00f3n,<\/p>\n<p>&#8211; facturaci\u00f3n,<\/p>\n<p>&#8211; contabilidad.<\/p>\n<p>El Proveedor de Servicios conserva los datos s\u00f3lo durante el tiempo necesario para los fines para los que fueron recogidos y en cumplimiento de la normativa vigente.<\/p>\n<p>A este respecto, los datos de los clientes se conservan durante la duraci\u00f3n de la relaci\u00f3n contractual m\u00e1s 3 a\u00f1os con fines promocionales y de prospecci\u00f3n, sin perjuicio de las obligaciones de conservaci\u00f3n o de los plazos de prescripci\u00f3n.<\/p>\n<p>Por lo que respecta a la prevenci\u00f3n del blanqueo de capitales y de la financiaci\u00f3n del terrorismo, los datos se conservan durante 5 a\u00f1os tras el fin de la relaci\u00f3n con el Proveedor de Servicios. A efectos contables, los datos se conservan durante 10 a\u00f1os a partir del final del ejercicio. <\/p>\n<p>Los datos de los clientes potenciales se conservan durante un periodo de 3 a\u00f1os si no han participado ni se han inscrito en ninguno de los eventos del Proveedor de Servicios.<\/p>\n<p>Los datos tratados est\u00e1n destinados a personas autorizadas dentro del Proveedor de Servicios.<\/p>\n<p>En las condiciones definidas por la Ley francesa de Protecci\u00f3n de Datos y el Reglamento Europeo de Protecci\u00f3n de Datos, las personas f\u00edsicas tienen derecho a acceder, rectificar, consultar, limitar, portar o suprimir los datos que les conciernan.<\/p>\n<p>Los interesados tambi\u00e9n tienen derecho a oponerse en cualquier momento, por motivos relacionados con su situaci\u00f3n particular, al tratamiento de datos personales cuya base jur\u00eddica sea el inter\u00e9s leg\u00edtimo del Proveedor de Servicios, as\u00ed como el derecho a oponerse a la prospecci\u00f3n comercial.<\/p>\n<p>Tambi\u00e9n tienen derecho a definir directrices generales y espec\u00edficas sobre la forma en que desean que se ejerzan los derechos mencionados tras su fallecimiento, por correo electr\u00f3nico a la siguiente direcci\u00f3n: <a href=\"mailto:contact@lacdecarouge.com\">contact@lacdecarouge.com<\/a> o por correo postal a la direcci\u00f3n del camping, acompa\u00f1adas de una copia de un documento de identidad firmado. Los interesados tienen derecho a presentar una reclamaci\u00f3n ante la CNIL. <\/p>\n<h2>ART\u00cdCULO 11 &#8211; PROPIEDAD INTELECTUAL<\/h2>\n<p>El contenido del sitio web <a href=\"http:\/\/www.campinglacdecarouge.fr\">http:\/\/www.campinglacdecarouge.fr<\/a> es propiedad del Proveedor de Servicios y de sus socios y est\u00e1 protegido por las leyes francesas e internacionales de propiedad intelectual.<\/p>\n<p>Cualquier reproducci\u00f3n, distribuci\u00f3n o uso de todo o parte de este contenido est\u00e1 estrictamente prohibido y puede constituir una infracci\u00f3n de los derechos de autor.<\/p>\n<p>Adem\u00e1s, el Proveedor de Servicios conserva la propiedad de todos los derechos de propiedad intelectual sobre las fotograf\u00edas, presentaciones, estudios, dibujos, modelos, prototipos, etc. realizados (incluso a petici\u00f3n del Cliente) con el fin de prestar los Servicios al Cliente. Por lo tanto, se proh\u00edbe al Cliente reproducir o explotar dichos estudios, dibujos, modelos y prototipos, etc., sin la autorizaci\u00f3n expresa, escrita y previa del Proveedor de Servicios, que podr\u00e1 estar sujeta a una contraprestaci\u00f3n econ\u00f3mica. <\/p>\n<p>Lo mismo se aplica a los nombres, logotipos o, de forma m\u00e1s general, cualquier representaci\u00f3n gr\u00e1fica o texto perteneciente al Proveedor de Servicios o utilizado y distribuido por \u00e9l.<\/p>\n<h2>ART\u00cdCULO 12 &#8211; LEY APLICABLE &#8211; LENGUA<\/h2>\n<p>Las presentes Condiciones Generales de Venta y las transacciones que de ellas se deriven se rigen y est\u00e1n sujetas a la legislaci\u00f3n francesa.<\/p>\n<p>Las presentes Condiciones Generales de Venta est\u00e1n redactadas en franc\u00e9s. Si se traducen a una o varias lenguas extranjeras, en caso de litigio s\u00f3lo se considerar\u00e1 aut\u00e9ntico el texto franc\u00e9s. <\/p>\n<h2>ART\u00cdCULO 13 &#8211; LITIGIOS<\/h2>\n<p>Todos los litigios a los que puedan dar lugar las operaciones de compraventa celebradas en virtud de las presentes Condiciones Generales de Venta, relativos a su validez, interpretaci\u00f3n, ejecuci\u00f3n, resoluci\u00f3n, consecuencias y consecuencias de las mismas, y que no puedan resolverse entre el Proveedor de Servicios y el Cliente, se someter\u00e1n a los tribunales competentes en las condiciones del derecho com\u00fan.<\/p>\n<p>El Cliente queda informado de que, en caso de litigio, podr\u00e1 recurrir a un procedimiento de mediaci\u00f3n convencional o a cualquier otro m\u00e9todo alternativo de resoluci\u00f3n de litigios.<\/p>\n<p>En particular, el Cliente podr\u00e1 recurrir gratuitamente al siguiente Mediador de Consumo:<\/p>\n<p>CM2C<\/p>\n<p>14 rue Saint Jean<\/p>\n<p>75017 Par\u00eds<\/p>\n<p><a href=\"https:\/\/www.cm2c.net\/\">https:\/\/www.cm2c.net\/<\/a><\/p>\n<h2>ART\u00cdCULO 14 &#8211; INFORMACI\u00d3N PRECONTRACTUAL &#8211; ACEPTACI\u00d3N DEL CLIENTE<\/h2>\n<p>El Cliente reconoce que, antes de realizar su Pedido, se le han facilitado, de forma legible y comprensible, las presentes Condiciones Generales de Venta, as\u00ed como toda la informaci\u00f3n y datos contemplados en los art\u00edculos L 111-1 a L111-7 del C\u00f3digo de Consumo franc\u00e9s, adem\u00e1s de la informaci\u00f3n exigida en virtud del decreto de 22 de octubre de 2008 relativo a la informaci\u00f3n previa al consumidor sobre las caracter\u00edsticas de los alojamientos de alquiler en hoteles al aire libre y, en particular :<\/p>\n<p>las caracter\u00edsticas esenciales de los Servicios, teniendo en cuenta el soporte de comunicaci\u00f3n utilizado y los Servicios de que se trate ;<\/p>\n<p>el precio de los Servicios y los costes accesorios ;<\/p>\n<p>la informaci\u00f3n relativa a la identidad del Proveedor de Servicios, sus datos postales, telef\u00f3nicos y electr\u00f3nicos de contacto, as\u00ed como sus actividades, si ello no se desprende del contexto;<\/p>\n<p>informaci\u00f3n sobre las garant\u00edas legales y contractuales y c\u00f3mo se aplican; las funcionalidades de los contenidos digitales y, en su caso, su interoperabilidad;<\/p>\n<p>la posibilidad de recurrir a la mediaci\u00f3n convencional en caso de litigio ;<\/p>\n<p>informaci\u00f3n sobre la rescisi\u00f3n y otras condiciones contractuales importantes.<\/p>\n<p>El hecho de que una persona f\u00edsica (o jur\u00eddica) realice un pedido en el sitio web <a href=\"http:\/\/www.campinglacdecarouge.fr\">http:\/\/www.campinglacdecarouge.fr<\/a> implica la aceptaci\u00f3n plena y sin reservas de las presentes Condiciones Generales de Venta, lo que es reconocido expresamente por el Cliente, quien, en particular, renuncia a invocar cualquier documento contradictorio que ser\u00eda inoponible al Proveedor de Servicios.<\/p>\n\t\t\t\t\t\t\t\t<\/div>\n\t\t\t\t<\/div>\n\t\t\t\t<\/div>\n\t\t\t\t\t<\/div>\n\t\t\t\t<\/div>\n\t\t\t\t<\/div>\n\t\t","protected":false},"excerpt":{"rendered":"<p>Condiciones del 15 de diciembre de 2024. Camping du Lac de Carouge explotado por SAS SELYV inscrita en el Registro Mercantil de Chamb\u00e9ry con el n\u00famero 53411326100018, 670 All\u00e9e du Lac, 73250 Saint Pierre d&#8217;Albigny, Tel : 04.80.81.97.90, email : contact@lacdecarouge.com, https:\/\/www.campinglacdecarouge.fr DEFINICIONES PEDIDO o RESERVA o ALQUILER: compra de servicios. SERVICIOS: Alquiler por temporada [&hellip;]<\/p>\n","protected":false},"author":2,"featured_media":0,"parent":0,"menu_order":0,"comment_status":"closed","ping_status":"closed","template":"","meta":{"footnotes":""},"class_list":["post-14356","page","type-page","status-publish","hentry"],"blocksy_meta":[],"yoast_head":"<!-- This site is optimized with the Yoast SEO Premium plugin v27.2 (Yoast SEO v27.2) - https:\/\/yoast.com\/product\/yoast-seo-premium-wordpress\/ -->\n<title>Nuestras Condiciones Generales de Venta - Camping du Lac de Carouge<\/title>\n<meta name=\"description\" content=\"Consulta las Condiciones Generales de Venta del Camping du Lac de Carouge en Saboya y los Alpes. \u00a1Ven a visitarnos!\" \/>\n<meta name=\"robots\" content=\"index, follow, max-snippet:-1, max-image-preview:large, max-video-preview:-1\" \/>\n<link rel=\"canonical\" href=\"https:\/\/www.campinglacdecarouge.fr\/es\/nuestras-condiciones-generales-de-venta\/\" \/>\n<meta property=\"og:locale\" content=\"es_ES\" \/>\n<meta property=\"og:type\" content=\"article\" \/>\n<meta property=\"og:title\" content=\"Nuestras Condiciones Generales de Venta\" \/>\n<meta property=\"og:description\" content=\"Consulta las Condiciones Generales de Venta del Camping du Lac de Carouge en Saboya y los Alpes. \u00a1Ven a visitarnos!\" \/>\n<meta property=\"og:url\" content=\"https:\/\/www.campinglacdecarouge.fr\/es\/nuestras-condiciones-generales-de-venta\/\" \/>\n<meta property=\"og:site_name\" content=\"Camping du Lac de Carouge\" \/>\n<meta property=\"article:publisher\" content=\"https:\/\/www.facebook.com\/pagelacdecarouge\/\" \/>\n<meta property=\"article:modified_time\" content=\"2024-12-15T17:38:16+00:00\" \/>\n<meta property=\"og:image\" content=\"https:\/\/www.campinglacdecarouge.fr\/wp-content\/uploads\/2024\/11\/20240624_105940-scaled.jpg\" \/>\n\t<meta property=\"og:image:width\" content=\"2560\" \/>\n\t<meta property=\"og:image:height\" content=\"1442\" \/>\n\t<meta property=\"og:image:type\" content=\"image\/jpeg\" \/>\n<meta name=\"twitter:card\" content=\"summary_large_image\" \/>\n<meta name=\"twitter:site\" content=\"@lacdecarouge\" \/>\n<meta name=\"twitter:label1\" content=\"Tiempo de lectura\" \/>\n\t<meta name=\"twitter:data1\" content=\"18 minutos\" \/>\n<script type=\"application\/ld+json\" class=\"yoast-schema-graph\">{\"@context\":\"https:\/\/schema.org\",\"@graph\":[{\"@type\":\"WebPage\",\"@id\":\"https:\/\/www.campinglacdecarouge.fr\/es\/nuestras-condiciones-generales-de-venta\/\",\"url\":\"https:\/\/www.campinglacdecarouge.fr\/es\/nuestras-condiciones-generales-de-venta\/\",\"name\":\"Nuestras Condiciones Generales de Venta - Camping du Lac de Carouge\",\"isPartOf\":{\"@id\":\"https:\/\/www.campinglacdecarouge.fr\/es\/#website\"},\"datePublished\":\"2024-12-02T10:19:02+00:00\",\"dateModified\":\"2024-12-15T17:38:16+00:00\",\"description\":\"Consulta las Condiciones Generales de Venta del Camping du Lac de Carouge en Saboya y los Alpes. \u00a1Ven a visitarnos!\",\"breadcrumb\":{\"@id\":\"https:\/\/www.campinglacdecarouge.fr\/es\/nuestras-condiciones-generales-de-venta\/#breadcrumb\"},\"inLanguage\":\"es\",\"potentialAction\":[{\"@type\":\"ReadAction\",\"target\":[\"https:\/\/www.campinglacdecarouge.fr\/es\/nuestras-condiciones-generales-de-venta\/\"]}]},{\"@type\":\"BreadcrumbList\",\"@id\":\"https:\/\/www.campinglacdecarouge.fr\/es\/nuestras-condiciones-generales-de-venta\/#breadcrumb\",\"itemListElement\":[{\"@type\":\"ListItem\",\"position\":1,\"name\":\"Accueil\",\"item\":\"https:\/\/www.campinglacdecarouge.fr\/es\/pagina-de-inicio-2\/\"},{\"@type\":\"ListItem\",\"position\":2,\"name\":\"Nuestras Condiciones Generales de Venta\"}]},{\"@type\":\"WebSite\",\"@id\":\"https:\/\/www.campinglacdecarouge.fr\/es\/#website\",\"url\":\"https:\/\/www.campinglacdecarouge.fr\/es\/\",\"name\":\"Camping du Lac de Carouge\",\"description\":\"Sitio web del camping Lac de Carouge en Saboya\",\"publisher\":{\"@id\":\"https:\/\/www.campinglacdecarouge.fr\/es\/#organization\"},\"potentialAction\":[{\"@type\":\"SearchAction\",\"target\":{\"@type\":\"EntryPoint\",\"urlTemplate\":\"https:\/\/www.campinglacdecarouge.fr\/es\/?s={search_term_string}\"},\"query-input\":{\"@type\":\"PropertyValueSpecification\",\"valueRequired\":true,\"valueName\":\"search_term_string\"}}],\"inLanguage\":\"es\"},{\"@type\":\"Organization\",\"@id\":\"https:\/\/www.campinglacdecarouge.fr\/es\/#organization\",\"name\":\"Camping du Lac de Carouge\",\"url\":\"https:\/\/www.campinglacdecarouge.fr\/es\/\",\"logo\":{\"@type\":\"ImageObject\",\"inLanguage\":\"es\",\"@id\":\"https:\/\/www.campinglacdecarouge.fr\/es\/#\/schema\/logo\/image\/\",\"url\":\"https:\/\/www.campinglacdecarouge.fr\/wp-content\/uploads\/2024\/07\/logo-1.png\",\"contentUrl\":\"https:\/\/www.campinglacdecarouge.fr\/wp-content\/uploads\/2024\/07\/logo-1.png\",\"width\":530,\"height\":270,\"caption\":\"Camping du Lac de Carouge\"},\"image\":{\"@id\":\"https:\/\/www.campinglacdecarouge.fr\/es\/#\/schema\/logo\/image\/\"},\"sameAs\":[\"https:\/\/www.facebook.com\/pagelacdecarouge\/\",\"https:\/\/x.com\/lacdecarouge\",\"https:\/\/www.instagram.com\/lacdecarouge\/\"],\"legalName\":\"SAS SELYV\",\"foundingDate\":\"2009-01-01\",\"numberOfEmployees\":{\"@type\":\"QuantitativeValue\",\"minValue\":\"1\",\"maxValue\":\"10\"},\"publishingPrinciples\":\"https:\/\/www.campinglacdecarouge.fr\/principes-editoriaux\/\",\"correctionsPolicy\":\"https:\/\/www.campinglacdecarouge.fr\/politique-de-correction-editoriale-camping-du-lac-de-carouge\/\",\"ethicsPolicy\":\"https:\/\/www.campinglacdecarouge.fr\/standards-de-comportement-camping-du-lac-de-carouge\/\",\"diversityPolicy\":\"https:\/\/www.campinglacdecarouge.fr\/politique-de-diversite-pour-le-contenu-editorial\/\"}]}<\/script>\n<!-- \/ Yoast SEO Premium plugin. -->","yoast_head_json":{"title":"Nuestras Condiciones Generales de Venta - Camping du Lac de Carouge","description":"Consulta las Condiciones Generales de Venta del Camping du Lac de Carouge en Saboya y los Alpes. \u00a1Ven a visitarnos!","robots":{"index":"index","follow":"follow","max-snippet":"max-snippet:-1","max-image-preview":"max-image-preview:large","max-video-preview":"max-video-preview:-1"},"canonical":"https:\/\/www.campinglacdecarouge.fr\/es\/nuestras-condiciones-generales-de-venta\/","og_locale":"es_ES","og_type":"article","og_title":"Nuestras Condiciones Generales de Venta","og_description":"Consulta las Condiciones Generales de Venta del Camping du Lac de Carouge en Saboya y los Alpes. \u00a1Ven a visitarnos!","og_url":"https:\/\/www.campinglacdecarouge.fr\/es\/nuestras-condiciones-generales-de-venta\/","og_site_name":"Camping du Lac de Carouge","article_publisher":"https:\/\/www.facebook.com\/pagelacdecarouge\/","article_modified_time":"2024-12-15T17:38:16+00:00","og_image":[{"width":2560,"height":1442,"url":"https:\/\/www.campinglacdecarouge.fr\/wp-content\/uploads\/2024\/11\/20240624_105940-scaled.jpg","type":"image\/jpeg"}],"twitter_card":"summary_large_image","twitter_site":"@lacdecarouge","twitter_misc":{"Tiempo de lectura":"18 minutos"},"schema":{"@context":"https:\/\/schema.org","@graph":[{"@type":"WebPage","@id":"https:\/\/www.campinglacdecarouge.fr\/es\/nuestras-condiciones-generales-de-venta\/","url":"https:\/\/www.campinglacdecarouge.fr\/es\/nuestras-condiciones-generales-de-venta\/","name":"Nuestras Condiciones Generales de Venta - Camping du Lac de Carouge","isPartOf":{"@id":"https:\/\/www.campinglacdecarouge.fr\/es\/#website"},"datePublished":"2024-12-02T10:19:02+00:00","dateModified":"2024-12-15T17:38:16+00:00","description":"Consulta las Condiciones Generales de Venta del Camping du Lac de Carouge en Saboya y los Alpes. \u00a1Ven a visitarnos!","breadcrumb":{"@id":"https:\/\/www.campinglacdecarouge.fr\/es\/nuestras-condiciones-generales-de-venta\/#breadcrumb"},"inLanguage":"es","potentialAction":[{"@type":"ReadAction","target":["https:\/\/www.campinglacdecarouge.fr\/es\/nuestras-condiciones-generales-de-venta\/"]}]},{"@type":"BreadcrumbList","@id":"https:\/\/www.campinglacdecarouge.fr\/es\/nuestras-condiciones-generales-de-venta\/#breadcrumb","itemListElement":[{"@type":"ListItem","position":1,"name":"Accueil","item":"https:\/\/www.campinglacdecarouge.fr\/es\/pagina-de-inicio-2\/"},{"@type":"ListItem","position":2,"name":"Nuestras Condiciones Generales de Venta"}]},{"@type":"WebSite","@id":"https:\/\/www.campinglacdecarouge.fr\/es\/#website","url":"https:\/\/www.campinglacdecarouge.fr\/es\/","name":"Camping du Lac de Carouge","description":"Sitio web del camping Lac de Carouge en Saboya","publisher":{"@id":"https:\/\/www.campinglacdecarouge.fr\/es\/#organization"},"potentialAction":[{"@type":"SearchAction","target":{"@type":"EntryPoint","urlTemplate":"https:\/\/www.campinglacdecarouge.fr\/es\/?s={search_term_string}"},"query-input":{"@type":"PropertyValueSpecification","valueRequired":true,"valueName":"search_term_string"}}],"inLanguage":"es"},{"@type":"Organization","@id":"https:\/\/www.campinglacdecarouge.fr\/es\/#organization","name":"Camping du Lac de Carouge","url":"https:\/\/www.campinglacdecarouge.fr\/es\/","logo":{"@type":"ImageObject","inLanguage":"es","@id":"https:\/\/www.campinglacdecarouge.fr\/es\/#\/schema\/logo\/image\/","url":"https:\/\/www.campinglacdecarouge.fr\/wp-content\/uploads\/2024\/07\/logo-1.png","contentUrl":"https:\/\/www.campinglacdecarouge.fr\/wp-content\/uploads\/2024\/07\/logo-1.png","width":530,"height":270,"caption":"Camping du Lac de Carouge"},"image":{"@id":"https:\/\/www.campinglacdecarouge.fr\/es\/#\/schema\/logo\/image\/"},"sameAs":["https:\/\/www.facebook.com\/pagelacdecarouge\/","https:\/\/x.com\/lacdecarouge","https:\/\/www.instagram.com\/lacdecarouge\/"],"legalName":"SAS SELYV","foundingDate":"2009-01-01","numberOfEmployees":{"@type":"QuantitativeValue","minValue":"1","maxValue":"10"},"publishingPrinciples":"https:\/\/www.campinglacdecarouge.fr\/principes-editoriaux\/","correctionsPolicy":"https:\/\/www.campinglacdecarouge.fr\/politique-de-correction-editoriale-camping-du-lac-de-carouge\/","ethicsPolicy":"https:\/\/www.campinglacdecarouge.fr\/standards-de-comportement-camping-du-lac-de-carouge\/","diversityPolicy":"https:\/\/www.campinglacdecarouge.fr\/politique-de-diversite-pour-le-contenu-editorial\/"}]}},"_links":{"self":[{"href":"https:\/\/www.campinglacdecarouge.fr\/es\/wp-json\/wp\/v2\/pages\/14356","targetHints":{"allow":["GET"]}}],"collection":[{"href":"https:\/\/www.campinglacdecarouge.fr\/es\/wp-json\/wp\/v2\/pages"}],"about":[{"href":"https:\/\/www.campinglacdecarouge.fr\/es\/wp-json\/wp\/v2\/types\/page"}],"author":[{"embeddable":true,"href":"https:\/\/www.campinglacdecarouge.fr\/es\/wp-json\/wp\/v2\/users\/2"}],"replies":[{"embeddable":true,"href":"https:\/\/www.campinglacdecarouge.fr\/es\/wp-json\/wp\/v2\/comments?post=14356"}],"version-history":[{"count":0,"href":"https:\/\/www.campinglacdecarouge.fr\/es\/wp-json\/wp\/v2\/pages\/14356\/revisions"}],"wp:attachment":[{"href":"https:\/\/www.campinglacdecarouge.fr\/es\/wp-json\/wp\/v2\/media?parent=14356"}],"curies":[{"name":"wp","href":"https:\/\/api.w.org\/{rel}","templated":true}]}}