{"id":5755,"date":"2024-09-02T16:51:26","date_gmt":"2024-09-02T14:51:26","guid":{"rendered":"https:\/\/www.campinglacdecarouge.fr\/die-unumgaenglichen-orte-in-savoyen\/"},"modified":"2025-06-15T17:29:03","modified_gmt":"2025-06-15T15:29:03","slug":"die-unumgaenglichen-orte-in-savoyen","status":"publish","type":"page","link":"https:\/\/www.campinglacdecarouge.fr\/de\/die-unumgaenglichen-orte-in-savoyen\/","title":{"rendered":"Die Region Rhone-Alpes"},"content":{"rendered":"\t\t<div data-elementor-type=\"wp-page\" data-elementor-id=\"5755\" class=\"elementor elementor-5755 elementor-2333\" data-elementor-post-type=\"page\">\n\t\t\t\t<div class=\"elementor-element elementor-element-9d590d7 e-con-full e-flex e-con e-parent\" data-id=\"9d590d7\" data-element_type=\"container\" data-e-type=\"container\" data-settings=\"{&quot;background_background&quot;:&quot;slideshow&quot;,&quot;shape_divider_bottom&quot;:&quot;triangle&quot;,&quot;background_slideshow_gallery&quot;:[{&quot;id&quot;:2580,&quot;url&quot;:&quot;https:\\\/\\\/www.campinglacdecarouge.fr\\\/wp-content\\\/uploads\\\/2024\\\/09\\\/ASMB-SC0263-SavoieMontBlanc-Chabance-scaled.jpg&quot;},{&quot;id&quot;:2579,&quot;url&quot;:&quot;https:\\\/\\\/www.campinglacdecarouge.fr\\\/wp-content\\\/uploads\\\/2024\\\/09\\\/ASMB-EB07424-SavoieMontBlanc-Boutet-scaled.jpg&quot;},{&quot;id&quot;:2578,&quot;url&quot;:&quot;https:\\\/\\\/www.campinglacdecarouge.fr\\\/wp-content\\\/uploads\\\/2024\\\/09\\\/ASMB-CM0010-SavoieMontBlanc-Mari.jpg&quot;},{&quot;id&quot;:2575,&quot;url&quot;:&quot;https:\\\/\\\/www.campinglacdecarouge.fr\\\/wp-content\\\/uploads\\\/2024\\\/09\\\/ASMB-SC0254-SavoieMontBlanc-Chabance-scaled.jpg&quot;},{&quot;id&quot;:10176,&quot;url&quot;:&quot;https:\\\/\\\/www.campinglacdecarouge.fr\\\/wp-content\\\/uploads\\\/2024\\\/11\\\/Island-Palace-Annecy-in-France.-River-town-in-France-Annecy-Castle-landscape-shutterstock_638444734.jpg&quot;},{&quot;id&quot;:6362,&quot;url&quot;:&quot;https:\\\/\\\/www.campinglacdecarouge.fr\\\/wp-content\\\/uploads\\\/2024\\\/11\\\/IMG_20070714_113939-1.jpg&quot;},{&quot;id&quot;:2646,&quot;url&quot;:&quot;https:\\\/\\\/www.campinglacdecarouge.fr\\\/wp-content\\\/uploads\\\/2024\\\/09\\\/1580112834.png&quot;},{&quot;id&quot;:6363,&quot;url&quot;:&quot;https:\\\/\\\/www.campinglacdecarouge.fr\\\/wp-content\\\/uploads\\\/2024\\\/11\\\/IMG_20080824_154524.jpg&quot;},{&quot;id&quot;:2657,&quot;url&quot;:&quot;https:\\\/\\\/www.campinglacdecarouge.fr\\\/wp-content\\\/uploads\\\/2024\\\/09\\\/1641812978.jpeg&quot;},{&quot;id&quot;:10188,&quot;url&quot;:&quot;https:\\\/\\\/www.campinglacdecarouge.fr\\\/wp-content\\\/uploads\\\/2024\\\/11\\\/img-20181124-221225-largejpg.jpg&quot;}],&quot;background_slideshow_slide_duration&quot;:3000,&quot;background_slideshow_ken_burns&quot;:&quot;yes&quot;,&quot;background_slideshow_ken_burns_zoom_direction&quot;:&quot;out&quot;,&quot;background_slideshow_loop&quot;:&quot;yes&quot;,&quot;background_slideshow_slide_transition&quot;:&quot;fade&quot;,&quot;background_slideshow_transition_duration&quot;:500}\">\n\t\t\t\t<div class=\"elementor-shape elementor-shape-bottom\" aria-hidden=\"true\" data-negative=\"false\">\n\t\t\t<svg xmlns=\"http:\/\/www.w3.org\/2000\/svg\" viewBox=\"0 0 1000 100\" preserveAspectRatio=\"none\">\n\t<path class=\"elementor-shape-fill\" d=\"M500,98.9L0,6.1V0h1000v6.1L500,98.9z\"\/>\n<\/svg>\t\t<\/div>\n\t\t<div class=\"elementor-element elementor-element-62b08f3 e-flex e-con-boxed e-con e-child\" data-id=\"62b08f3\" data-element_type=\"container\" data-e-type=\"container\">\n\t\t\t\t\t<div class=\"e-con-inner\">\n\t\t\t\t<div class=\"elementor-element elementor-element-7ec8e05 elementor-invisible elementor-widget elementor-widget-heading\" data-id=\"7ec8e05\" data-element_type=\"widget\" data-e-type=\"widget\" data-settings=\"{&quot;_animation&quot;:&quot;fadeIn&quot;,&quot;_animation_delay&quot;:600}\" data-widget_type=\"heading.default\">\n\t\t\t\t<div class=\"elementor-widget-container\">\n\t\t\t\t\t<h1 class=\"elementor-heading-title elementor-size-default\">Entdecken Sie die unverzichtbaren Sehensw\u00fcrdigkeiten von Savoyen.<\/h1>\t\t\t\t<\/div>\n\t\t\t\t<\/div>\n\t\t<div class=\"elementor-element elementor-element-49fd87a animated-fast e-flex e-con-boxed elementor-invisible e-con e-child\" data-id=\"49fd87a\" data-element_type=\"container\" data-e-type=\"container\" data-settings=\"{&quot;background_background&quot;:&quot;gradient&quot;,&quot;animation&quot;:&quot;fadeInUp&quot;,&quot;animation_delay&quot;:300}\">\n\t\t\t\t\t<div class=\"e-con-inner\">\n\t\t\t\t<div class=\"elementor-element elementor-element-6607563 elementor-widget elementor-widget-text-editor\" data-id=\"6607563\" data-element_type=\"widget\" data-e-type=\"widget\" data-widget_type=\"text-editor.default\">\n\t\t\t\t<div class=\"elementor-widget-container\">\n\t\t\t\t\t\t\t\t\t<p>Tauchen Sie ein in das Herz der Alpen und entdecken Sie den Zauber von Savoyen, indem Sie auf dem Campingplatz Lac de Carouge \u00fcbernachten. Eingebettet in eine au\u00dfergew\u00f6hnliche nat\u00fcrliche Umgebung, ideal gelegen in der Region Rhone Alpes. Dieser Ort ist der ideale Ausgangspunkt f\u00fcr unvergessliche Ausfl\u00fcge. Lassen Sie sich von der Sch\u00f6nheit der umliegenden Berge verzaubern, erkunden Sie die Wanderwege, die sich durch W\u00e4lder und Almen schl\u00e4ngeln, und genie\u00dfen Sie die atemberaubende Aussicht auf die schneebedeckten Gipfel. Naturliebhaber werden von der abwechslungsreichen Landschaft begeistert sein, w\u00e4hrend Abenteuerlustige sich an verschiedenen Aktivit\u00e4ten beteiligen k\u00f6nnen, die vom Mountainbiken bis zum Klettern reichen.    <\/p>\t\t\t\t\t\t\t\t<\/div>\n\t\t\t\t<\/div>\n\t\t\t\t\t<\/div>\n\t\t\t\t<\/div>\n\t\t\t\t\t<\/div>\n\t\t\t\t<\/div>\n\t\t\t\t<\/div>\n\t\t<div class=\"elementor-element elementor-element-3dab38c e-flex e-con-boxed e-con e-parent\" data-id=\"3dab38c\" data-element_type=\"container\" data-e-type=\"container\">\n\t\t\t\t\t<div class=\"e-con-inner\">\n\t\t<div class=\"elementor-element elementor-element-84f8980 e-con-full e-flex e-con e-child\" data-id=\"84f8980\" data-element_type=\"container\" data-e-type=\"container\">\n\t\t\t\t<div class=\"elementor-element elementor-element-1005fa9 elementor-invisible elementor-widget elementor-widget-text-editor\" data-id=\"1005fa9\" data-element_type=\"widget\" data-e-type=\"widget\" data-settings=\"{&quot;_animation&quot;:&quot;fadeInDown&quot;,&quot;_animation_delay&quot;:600}\" data-widget_type=\"text-editor.default\">\n\t\t\t\t<div class=\"elementor-widget-container\">\n\t\t\t\t\t\t\t\t\t<p>Die kulturellen und historischen Reicht\u00fcmer Savoyens werden Sie in Staunen versetzen. Entdecken Sie die malerischen D\u00f6rfer, die die Region s\u00e4umen und jeweils einen einzigartigen Charme und eine fesselnde Geschichte bieten. Besuchen Sie die mittelalterlichen Schl\u00f6sser, schlendern Sie durch die Gassen von Chamb\u00e9ry oder lassen Sie sich von der Eleganz von Annecy, dem \u201eVenedig der Alpen\u201c, verzaubern. Zu jeder Jahreszeit l\u00e4dt Sie Savoyen dazu ein, seine Traditionen, gastronomischen Spezialit\u00e4ten und Natursch\u00e4tze zu entdecken und so einen ebenso abwechslungsreichen wie unvergesslichen Urlaub zu verbringen.   <\/p>\t\t\t\t\t\t\t\t<\/div>\n\t\t\t\t<\/div>\n\t\t\t\t<\/div>\n\t\t\t\t\t<\/div>\n\t\t\t\t<\/div>\n\t\t<div class=\"elementor-element elementor-element-2b0c8a9 e-flex e-con-boxed e-con e-parent\" data-id=\"2b0c8a9\" data-element_type=\"container\" data-e-type=\"container\" data-settings=\"{&quot;background_background&quot;:&quot;slideshow&quot;,&quot;shape_divider_bottom&quot;:&quot;wave-brush&quot;,&quot;background_slideshow_gallery&quot;:[{&quot;id&quot;:2653,&quot;url&quot;:&quot;https:\\\/\\\/www.campinglacdecarouge.fr\\\/wp-content\\\/uploads\\\/2024\\\/09\\\/1528814062.jpeg&quot;},{&quot;id&quot;:6380,&quot;url&quot;:&quot;https:\\\/\\\/www.campinglacdecarouge.fr\\\/wp-content\\\/uploads\\\/2024\\\/11\\\/lac-st-andre-vigne1-scaled.jpg&quot;},{&quot;id&quot;:2657,&quot;url&quot;:&quot;https:\\\/\\\/www.campinglacdecarouge.fr\\\/wp-content\\\/uploads\\\/2024\\\/09\\\/1641812978.jpeg&quot;},{&quot;id&quot;:532,&quot;url&quot;:&quot;https:\\\/\\\/www.campinglacdecarouge.fr\\\/wp-content\\\/uploads\\\/2024\\\/07\\\/20240624_105951-scaled.jpg&quot;}],&quot;background_slideshow_ken_burns&quot;:&quot;yes&quot;,&quot;background_slideshow_ken_burns_zoom_direction&quot;:&quot;out&quot;,&quot;shape_divider_top&quot;:&quot;arrow&quot;,&quot;background_slideshow_loop&quot;:&quot;yes&quot;,&quot;background_slideshow_slide_duration&quot;:5000,&quot;background_slideshow_slide_transition&quot;:&quot;fade&quot;,&quot;background_slideshow_transition_duration&quot;:500}\">\n\t\t\t\t\t<div class=\"e-con-inner\">\n\t\t\t\t<div class=\"elementor-shape elementor-shape-top\" aria-hidden=\"true\" data-negative=\"false\">\n\t\t\t<svg xmlns=\"http:\/\/www.w3.org\/2000\/svg\" viewBox=\"0 0 700 10\" preserveAspectRatio=\"none\">\n\t<path class=\"elementor-shape-fill\" d=\"M350,10L340,0h20L350,10z\"\/>\n<\/svg>\t\t<\/div>\n\t\t\t\t<div class=\"elementor-shape elementor-shape-bottom\" aria-hidden=\"true\" data-negative=\"false\">\n\t\t\t<svg xmlns=\"http:\/\/www.w3.org\/2000\/svg\" viewBox=\"0 0 283.5 27.8\" preserveAspectRatio=\"none\">\n\t<path class=\"elementor-shape-fill\" d=\"M283.5,9.7c0,0-7.3,4.3-14,4.6c-6.8,0.3-12.6,0-20.9-1.5c-11.3-2-33.1-10.1-44.7-5.7\ts-12.1,4.6-18,7.4c-6.6,3.2-20,9.6-36.6,9.3C131.6,23.5,99.5,7.2,86.3,8c-1.4,0.1-6.6,0.8-10.5,2c-3.8,1.2-9.4,3.8-17,4.7\tc-3.2,0.4-8.3,1.1-14.2,0.9c-1.5-0.1-6.3-0.4-12-1.6c-5.7-1.2-11-3.1-15.8-3.7C6.5,9.2,0,10.8,0,10.8V0h283.5V9.7z M260.8,11.3\tc-0.7-1-2-0.4-4.3-0.4c-2.3,0-6.1-1.2-5.8-1.1c0.3,0.1,3.1,1.5,6,1.9C259.7,12.2,261.4,12.3,260.8,11.3z M242.4,8.6\tc0,0-2.4-0.2-5.6-0.9c-3.2-0.8-10.3-2.8-15.1-3.5c-8.2-1.1-15.8,0-15.1,0.1c0.8,0.1,9.6-0.6,17.6,1.1c3.3,0.7,9.3,2.2,12.4,2.7\tC239.9,8.7,242.4,8.6,242.4,8.6z M185.2,8.5c1.7-0.7-13.3,4.7-18.5,6.1c-2.1,0.6-6.2,1.6-10,2c-3.9,0.4-8.9,0.4-8.8,0.5\tc0,0.2,5.8,0.8,11.2,0c5.4-0.8,5.2-1.1,7.6-1.6C170.5,14.7,183.5,9.2,185.2,8.5z M199.1,6.9c0.2,0-0.8-0.4-4.8,1.1\tc-4,1.5-6.7,3.5-6.9,3.7c-0.2,0.1,3.5-1.8,6.6-3C197,7.5,199,6.9,199.1,6.9z M283,6c-0.1,0.1-1.9,1.1-4.8,2.5s-6.9,2.8-6.7,2.7\tc0.2,0,3.5-0.6,7.4-2.5C282.8,6.8,283.1,5.9,283,6z M31.3,11.6c0.1-0.2-1.9-0.2-4.5-1.2s-5.4-1.6-7.8-2C15,7.6,7.3,8.5,7.7,8.6\tC8,8.7,15.9,8.3,20.2,9.3c2.2,0.5,2.4,0.5,5.7,1.6S31.2,11.9,31.3,11.6z M73,9.2c0.4-0.1,3.5-1.6,8.4-2.6c4.9-1.1,8.9-0.5,8.9-0.8\tc0-0.3-1-0.9-6.2-0.3S72.6,9.3,73,9.2z M71.6,6.7C71.8,6.8,75,5.4,77.3,5c2.3-0.3,1.9-0.5,1.9-0.6c0-0.1-1.1-0.2-2.7,0.2\tC74.8,5.1,71.4,6.6,71.6,6.7z M93.6,4.4c0.1,0.2,3.5,0.8,5.6,1.8c2.1,1,1.8,0.6,1.9,0.5c0.1-0.1-0.8-0.8-2.4-1.3\tC97.1,4.8,93.5,4.2,93.6,4.4z M65.4,11.1c-0.1,0.3,0.3,0.5,1.9-0.2s2.6-1.3,2.2-1.2s-0.9,0.4-2.5,0.8C65.3,10.9,65.5,10.8,65.4,11.1\tz M34.5,12.4c-0.2,0,2.1,0.8,3.3,0.9c1.2,0.1,2,0.1,2-0.2c0-0.3-0.1-0.5-1.6-0.4C36.6,12.8,34.7,12.4,34.5,12.4z M152.2,21.1\tc-0.1,0.1-2.4-0.3-7.5-0.3c-5,0-13.6-2.4-17.2-3.5c-3.6-1.1,10,3.9,16.5,4.1C150.5,21.6,152.3,21,152.2,21.1z\"\/>\n\t<path class=\"elementor-shape-fill\" d=\"M269.6,18c-0.1-0.1-4.6,0.3-7.2,0c-7.3-0.7-17-3.2-16.6-2.9c0.4,0.3,13.7,3.1,17,3.3\tC267.7,18.8,269.7,18,269.6,18z\"\/>\n\t<path class=\"elementor-shape-fill\" d=\"M227.4,9.8c-0.2-0.1-4.5-1-9.5-1.2c-5-0.2-12.7,0.6-12.3,0.5c0.3-0.1,5.9-1.8,13.3-1.2\tS227.6,9.9,227.4,9.8z\"\/>\n\t<path class=\"elementor-shape-fill\" d=\"M204.5,13.4c-0.1-0.1,2-1,3.2-1.1c1.2-0.1,2,0,2,0.3c0,0.3-0.1,0.5-1.6,0.4\tC206.4,12.9,204.6,13.5,204.5,13.4z\"\/>\n\t<path class=\"elementor-shape-fill\" d=\"M201,10.6c0-0.1-4.4,1.2-6.3,2.2c-1.9,0.9-6.2,3.1-6.1,3.1c0.1,0.1,4.2-1.6,6.3-2.6\tS201,10.7,201,10.6z\"\/>\n\t<path class=\"elementor-shape-fill\" d=\"M154.5,26.7c-0.1-0.1-4.6,0.3-7.2,0c-7.3-0.7-17-3.2-16.6-2.9c0.4,0.3,13.7,3.1,17,3.3\tC152.6,27.5,154.6,26.8,154.5,26.7z\"\/>\n\t<path class=\"elementor-shape-fill\" d=\"M41.9,19.3c0,0,1.2-0.3,2.9-0.1c1.7,0.2,5.8,0.9,8.2,0.7c4.2-0.4,7.4-2.7,7-2.6\tc-0.4,0-4.3,2.2-8.6,1.9c-1.8-0.1-5.1-0.5-6.7-0.4S41.9,19.3,41.9,19.3z\"\/>\n\t<path class=\"elementor-shape-fill\" d=\"M75.5,12.6c0.2,0.1,2-0.8,4.3-1.1c2.3-0.2,2.1-0.3,2.1-0.5c0-0.1-1.8-0.4-3.4,0\tC76.9,11.5,75.3,12.5,75.5,12.6z\"\/>\n\t<path class=\"elementor-shape-fill\" d=\"M15.6,13.2c0-0.1,4.3,0,6.7,0.5c2.4,0.5,5,1.9,5,2c0,0.1-2.7-0.8-5.1-1.4\tC19.9,13.7,15.7,13.3,15.6,13.2z\"\/>\n<\/svg>\t\t<\/div>\n\t\t<div class=\"elementor-element elementor-element-e9cc283 e-con-full e-flex elementor-invisible e-con e-child\" data-id=\"e9cc283\" data-element_type=\"container\" data-e-type=\"container\" data-settings=\"{&quot;background_background&quot;:&quot;classic&quot;,&quot;animation&quot;:&quot;fadeInRight&quot;}\">\n\t\t\t\t<div class=\"elementor-element elementor-element-c3a924c elementor-view-default elementor-widget elementor-widget-icon\" data-id=\"c3a924c\" data-element_type=\"widget\" data-e-type=\"widget\" data-widget_type=\"icon.default\">\n\t\t\t\t<div class=\"elementor-widget-container\">\n\t\t\t\t\t\t\t<div class=\"elementor-icon-wrapper\">\n\t\t\t<div class=\"elementor-icon\">\n\t\t\t<i aria-hidden=\"true\" class=\"icon icon-lac\"><\/i>\t\t\t<\/div>\n\t\t<\/div>\n\t\t\t\t\t\t<\/div>\n\t\t\t\t<\/div>\n\t\t\t\t<div class=\"elementor-element elementor-element-8586278 elementor-widget__width-initial elementor-widget elementor-widget-heading\" data-id=\"8586278\" data-element_type=\"widget\" data-e-type=\"widget\" data-settings=\"{&quot;_animation&quot;:&quot;none&quot;,&quot;_animation_delay&quot;:100}\" data-widget_type=\"heading.default\">\n\t\t\t\t<div class=\"elementor-widget-container\">\n\t\t\t\t\t<h2 class=\"elementor-heading-title elementor-size-default\">Die Seen in Savoyen<\/h2>\t\t\t\t<\/div>\n\t\t\t\t<\/div>\n\t\t\t\t<div class=\"elementor-element elementor-element-9862fbe elementor-widget elementor-widget-text-editor\" data-id=\"9862fbe\" data-element_type=\"widget\" data-e-type=\"widget\" data-settings=\"{&quot;_animation&quot;:&quot;none&quot;,&quot;_animation_delay&quot;:500}\" data-widget_type=\"text-editor.default\">\n\t\t\t\t<div class=\"elementor-widget-container\">\n\t\t\t\t\t\t\t\t\t<p>Savoyen ist eine Region mit spektakul\u00e4ren Landschaften, in der Berge und Seen aufeinandertreffen, um atemberaubende Panoramen zu bieten. Inmitten dieser gro\u00dfz\u00fcgigen Natur sind die Seen von Savoyen wahre Juwelen, die sich perfekt f\u00fcr Momente der Entspannung, des Abenteuers oder der Entdeckung eignen. <\/p><p>Ob Sie nun gerne baden, Wassersport treiben, wandern oder einfach nur die Ruhe suchen, diese Seen werden all Ihren W\u00fcnschen gerecht. Erkunden Sie diese unumg\u00e4nglichen Orte w\u00e4hrend Ihres Aufenthalts und tauchen Sie ein in die authentische Sch\u00f6nheit der Region. <\/p>\t\t\t\t\t\t\t\t<\/div>\n\t\t\t\t<\/div>\n\t\t\t\t<\/div>\n\t\t<div class=\"elementor-element elementor-element-619be5a e-con-full e-flex e-con e-child\" data-id=\"619be5a\" data-element_type=\"container\" data-e-type=\"container\">\n\t\t<div class=\"elementor-element elementor-element-a01e888 e-con-full e-flex e-con e-child\" data-id=\"a01e888\" data-element_type=\"container\" data-e-type=\"container\" data-settings=\"{&quot;background_background&quot;:&quot;classic&quot;}\">\n\t\t<div class=\"elementor-element elementor-element-abd3cec e-con-full animated-fast e-flex elementor-invisible e-con e-child\" data-id=\"abd3cec\" data-element_type=\"container\" data-e-type=\"container\" data-settings=\"{&quot;animation&quot;:&quot;fadeInUp&quot;,&quot;animation_delay&quot;:100,&quot;background_background&quot;:&quot;classic&quot;}\">\n\t\t\t\t<div class=\"elementor-element elementor-element-4c09a47 elementor-widget elementor-widget-icon-box\" data-id=\"4c09a47\" data-element_type=\"widget\" data-e-type=\"widget\" data-widget_type=\"icon-box.default\">\n\t\t\t\t<div class=\"elementor-widget-container\">\n\t\t\t\t\t\t\t<div class=\"elementor-icon-box-wrapper\">\n\n\t\t\t\n\t\t\t\t\t\t<div class=\"elementor-icon-box-content\">\n\n\t\t\t\t\t\t\t\t\t<h3 class=\"elementor-icon-box-title\">\n\t\t\t\t\t\t<span  >\n\t\t\t\t\t\t\tSee von Annecy\t\t\t\t\t\t<\/span>\n\t\t\t\t\t<\/h3>\n\t\t\t\t\n\t\t\t\t\t\t\t\t\t<p class=\"elementor-icon-box-description\">\n\t\t\t\t\t\tDer Lac d'Annecy, der oft als einer der reinsten Seen Europas bezeichnet wird, ist ein Reiseziel, das Sie sich nicht entgehen lassen sollten. Umgeben von Bergen bietet er kristallklares Wasser, das zum Schwimmen, Wassersport oder auch zu Fahrradtouren auf seinen panoramischen Radwegen einl\u00e4dt. Die Stadt Annecy mit ihrem mittelalterlichen Charme befindet sich in der N\u00e4he und l\u00e4dt dazu ein, ihre malerischen Kan\u00e4le zu erkunden.  \t\t\t\t\t<\/p>\n\t\t\t\t\n\t\t\t<\/div>\n\t\t\t\n\t\t<\/div>\n\t\t\t\t\t\t<\/div>\n\t\t\t\t<\/div>\n\t\t\t\t<div class=\"elementor-element elementor-element-f086a98 elementor-align-justify elementor-widget elementor-widget-button\" data-id=\"f086a98\" data-element_type=\"widget\" data-e-type=\"widget\" data-widget_type=\"button.default\">\n\t\t\t\t<div class=\"elementor-widget-container\">\n\t\t\t\t\t\t\t\t\t<div class=\"elementor-button-wrapper\">\n\t\t\t\t\t<a class=\"elementor-button elementor-button-link elementor-size-sm\" href=\"https:\/\/www.campinglacdecarouge.fr\/de\/die-unumgaenglichen-orte-in-savoyen\/die-seen-in-savoyen\/#annecy\">\n\t\t\t\t\t\t<span class=\"elementor-button-content-wrapper\">\n\t\t\t\t\t\t<span class=\"elementor-button-icon\">\n\t\t\t\t<svg aria-hidden=\"true\" class=\"e-font-icon-svg e-fas-info-circle\" viewBox=\"0 0 512 512\" xmlns=\"http:\/\/www.w3.org\/2000\/svg\"><path d=\"M256 8C119.043 8 8 119.083 8 256c0 136.997 111.043 248 248 248s248-111.003 248-248C504 119.083 392.957 8 256 8zm0 110c23.196 0 42 18.804 42 42s-18.804 42-42 42-42-18.804-42-42 18.804-42 42-42zm56 254c0 6.627-5.373 12-12 12h-88c-6.627 0-12-5.373-12-12v-24c0-6.627 5.373-12 12-12h12v-64h-12c-6.627 0-12-5.373-12-12v-24c0-6.627 5.373-12 12-12h64c6.627 0 12 5.373 12 12v100h12c6.627 0 12 5.373 12 12v24z\"><\/path><\/svg>\t\t\t<\/span>\n\t\t\t\t\t\t\t\t\t<span class=\"elementor-button-text\">Weitere Informationen<\/span>\n\t\t\t\t\t<\/span>\n\t\t\t\t\t<\/a>\n\t\t\t\t<\/div>\n\t\t\t\t\t\t\t\t<\/div>\n\t\t\t\t<\/div>\n\t\t\t\t<\/div>\n\t\t<div class=\"elementor-element elementor-element-c5ea453 e-con-full animated-fast e-flex elementor-invisible e-con e-child\" data-id=\"c5ea453\" data-element_type=\"container\" data-e-type=\"container\" data-settings=\"{&quot;animation&quot;:&quot;fadeInUp&quot;,&quot;animation_delay&quot;:300,&quot;background_background&quot;:&quot;classic&quot;}\">\n\t\t\t\t<div class=\"elementor-element elementor-element-ba479b5 elementor-widget elementor-widget-icon-box\" data-id=\"ba479b5\" data-element_type=\"widget\" data-e-type=\"widget\" data-widget_type=\"icon-box.default\">\n\t\t\t\t<div class=\"elementor-widget-container\">\n\t\t\t\t\t\t\t<div class=\"elementor-icon-box-wrapper\">\n\n\t\t\t\n\t\t\t\t\t\t<div class=\"elementor-icon-box-content\">\n\n\t\t\t\t\t\t\t\t\t<h3 class=\"elementor-icon-box-title\">\n\t\t\t\t\t\t<span  >\n\t\t\t\t\t\t\tDer Lac du Bourget\t\t\t\t\t\t<\/span>\n\t\t\t\t\t<\/h3>\n\t\t\t\t\n\t\t\t\t\t\t\t\t\t<p class=\"elementor-icon-box-description\">\n\t\t\t\t\t\tDer Lac du Bourget ist der gr\u00f6\u00dfte nat\u00fcrliche See Frankreichs. Eingebettet zwischen den Bergen bietet dieser See eine friedliche Umgebung, die ideal zum Entspannen ist. Sie k\u00f6nnen an seinen Str\u00e4nden faulenzen, Boot fahren oder die Kurstadt Aix-les-Bains besuchen, die f\u00fcr ihre hei\u00dfen Quellen und ihre kulturellen Aktivit\u00e4ten bekannt ist. Der Aussichtspunkt La Chambotte bietet Ihnen einen atemberaubenden Blick auf diesen majest\u00e4tischen See.   \t\t\t\t\t<\/p>\n\t\t\t\t\n\t\t\t<\/div>\n\t\t\t\n\t\t<\/div>\n\t\t\t\t\t\t<\/div>\n\t\t\t\t<\/div>\n\t\t\t\t<div class=\"elementor-element elementor-element-7e14e0c elementor-align-justify elementor-widget elementor-widget-button\" data-id=\"7e14e0c\" data-element_type=\"widget\" data-e-type=\"widget\" data-widget_type=\"button.default\">\n\t\t\t\t<div class=\"elementor-widget-container\">\n\t\t\t\t\t\t\t\t\t<div class=\"elementor-button-wrapper\">\n\t\t\t\t\t<a class=\"elementor-button elementor-button-link elementor-size-sm\" href=\"https:\/\/www.campinglacdecarouge.fr\/de\/die-unumgaenglichen-orte-in-savoyen\/die-seen-in-savoyen\/#bourget\">\n\t\t\t\t\t\t<span class=\"elementor-button-content-wrapper\">\n\t\t\t\t\t\t<span class=\"elementor-button-icon\">\n\t\t\t\t<svg aria-hidden=\"true\" class=\"e-font-icon-svg e-fas-info-circle\" viewBox=\"0 0 512 512\" xmlns=\"http:\/\/www.w3.org\/2000\/svg\"><path d=\"M256 8C119.043 8 8 119.083 8 256c0 136.997 111.043 248 248 248s248-111.003 248-248C504 119.083 392.957 8 256 8zm0 110c23.196 0 42 18.804 42 42s-18.804 42-42 42-42-18.804-42-42 18.804-42 42-42zm56 254c0 6.627-5.373 12-12 12h-88c-6.627 0-12-5.373-12-12v-24c0-6.627 5.373-12 12-12h12v-64h-12c-6.627 0-12-5.373-12-12v-24c0-6.627 5.373-12 12-12h64c6.627 0 12 5.373 12 12v100h12c6.627 0 12 5.373 12 12v24z\"><\/path><\/svg>\t\t\t<\/span>\n\t\t\t\t\t\t\t\t\t<span class=\"elementor-button-text\">Weitere Informationen<\/span>\n\t\t\t\t\t<\/span>\n\t\t\t\t\t<\/a>\n\t\t\t\t<\/div>\n\t\t\t\t\t\t\t\t<\/div>\n\t\t\t\t<\/div>\n\t\t\t\t<\/div>\n\t\t<div class=\"elementor-element elementor-element-d3a2981 e-con-full animated-fast e-flex elementor-invisible e-con e-child\" data-id=\"d3a2981\" data-element_type=\"container\" data-e-type=\"container\" data-settings=\"{&quot;animation&quot;:&quot;fadeInUp&quot;,&quot;animation_delay&quot;:500,&quot;background_background&quot;:&quot;classic&quot;}\">\n\t\t\t\t<div class=\"elementor-element elementor-element-ca0dd10 elementor-widget elementor-widget-icon-box\" data-id=\"ca0dd10\" data-element_type=\"widget\" data-e-type=\"widget\" data-widget_type=\"icon-box.default\">\n\t\t\t\t<div class=\"elementor-widget-container\">\n\t\t\t\t\t\t\t<div class=\"elementor-icon-box-wrapper\">\n\n\t\t\t\n\t\t\t\t\t\t<div class=\"elementor-icon-box-content\">\n\n\t\t\t\t\t\t\t\t\t<h3 class=\"elementor-icon-box-title\">\n\t\t\t\t\t\t<span  >\n\t\t\t\t\t\t\tSee von Aiguebelette\t\t\t\t\t\t<\/span>\n\t\t\t\t\t<\/h3>\n\t\t\t\t\n\t\t\t\t\t\t\t\t\t<p class=\"elementor-icon-box-description\">\n\t\t\t\t\t\tDer Lac d'Aiguebelette ist ein wahres Schmuckk\u00e4stchen, das f\u00fcr sein smaragdgr\u00fcnes Wasser bekannt ist. Dieser gesch\u00fctzte und ruhige See ist perfekt f\u00fcr Familien, die sich in der Natur erholen m\u00f6chten. Er ist beliebt f\u00fcr seine nichtmotorisierten Aktivit\u00e4ten wie Tretbootfahren, Paddeln oder Kajakfahren. Mit seinen unber\u00fchrten Str\u00e4nden ist er ein friedlicher Ort f\u00fcr einen entspannten Moment am Seeufer.   \t\t\t\t\t<\/p>\n\t\t\t\t\n\t\t\t<\/div>\n\t\t\t\n\t\t<\/div>\n\t\t\t\t\t\t<\/div>\n\t\t\t\t<\/div>\n\t\t\t\t<div class=\"elementor-element elementor-element-8f59447 elementor-align-justify elementor-widget elementor-widget-button\" data-id=\"8f59447\" data-element_type=\"widget\" data-e-type=\"widget\" data-widget_type=\"button.default\">\n\t\t\t\t<div class=\"elementor-widget-container\">\n\t\t\t\t\t\t\t\t\t<div class=\"elementor-button-wrapper\">\n\t\t\t\t\t<a class=\"elementor-button elementor-button-link elementor-size-sm\" href=\"https:\/\/www.campinglacdecarouge.fr\/de\/die-unumgaenglichen-orte-in-savoyen\/die-seen-in-savoyen\/#aiguebelette\">\n\t\t\t\t\t\t<span class=\"elementor-button-content-wrapper\">\n\t\t\t\t\t\t<span class=\"elementor-button-icon\">\n\t\t\t\t<svg aria-hidden=\"true\" class=\"e-font-icon-svg e-fas-info-circle\" viewBox=\"0 0 512 512\" xmlns=\"http:\/\/www.w3.org\/2000\/svg\"><path d=\"M256 8C119.043 8 8 119.083 8 256c0 136.997 111.043 248 248 248s248-111.003 248-248C504 119.083 392.957 8 256 8zm0 110c23.196 0 42 18.804 42 42s-18.804 42-42 42-42-18.804-42-42 18.804-42 42-42zm56 254c0 6.627-5.373 12-12 12h-88c-6.627 0-12-5.373-12-12v-24c0-6.627 5.373-12 12-12h12v-64h-12c-6.627 0-12-5.373-12-12v-24c0-6.627 5.373-12 12-12h64c6.627 0 12 5.373 12 12v100h12c6.627 0 12 5.373 12 12v24z\"><\/path><\/svg>\t\t\t<\/span>\n\t\t\t\t\t\t\t\t\t<span class=\"elementor-button-text\">Entdecken Sie es <\/span>\n\t\t\t\t\t<\/span>\n\t\t\t\t\t<\/a>\n\t\t\t\t<\/div>\n\t\t\t\t\t\t\t\t<\/div>\n\t\t\t\t<\/div>\n\t\t\t\t<\/div>\n\t\t<div class=\"elementor-element elementor-element-016950c e-con-full animated-fast e-flex elementor-invisible e-con e-child\" data-id=\"016950c\" data-element_type=\"container\" data-e-type=\"container\" data-settings=\"{&quot;animation&quot;:&quot;fadeInUp&quot;,&quot;animation_delay&quot;:700,&quot;background_background&quot;:&quot;classic&quot;}\">\n\t\t\t\t<div class=\"elementor-element elementor-element-be93491 elementor-widget elementor-widget-icon-box\" data-id=\"be93491\" data-element_type=\"widget\" data-e-type=\"widget\" data-widget_type=\"icon-box.default\">\n\t\t\t\t<div class=\"elementor-widget-container\">\n\t\t\t\t\t\t\t<div class=\"elementor-icon-box-wrapper\">\n\n\t\t\t\n\t\t\t\t\t\t<div class=\"elementor-icon-box-content\">\n\n\t\t\t\t\t\t\t\t\t<h3 class=\"elementor-icon-box-title\">\n\t\t\t\t\t\t<span  >\n\t\t\t\t\t\t\tDer See von Roselend\t\t\t\t\t\t<\/span>\n\t\t\t\t\t<\/h3>\n\t\t\t\t\n\t\t\t\t\t\t\t\t\t<p class=\"elementor-icon-box-description\">\n\t\t\t\t\t\tDer Lac de Roselend in der Region Beaufortain ist ein Stausee, der von atemberaubenden Alpenlandschaften umgeben ist. Er ist weniger \u00fcberlaufen als die anderen Seen und zieht Wanderer und Liebhaber der wilden Natur in seinen Bann. Die Wanderwege rund um den See bieten herrliche Ausblicke auf die umliegenden Berge, und man kann die Kapelle Sainte-Marie-Madeleine besuchen, ein kleines Juwel, das sich an die Ufer des Sees schmiegt.  \t\t\t\t\t<\/p>\n\t\t\t\t\n\t\t\t<\/div>\n\t\t\t\n\t\t<\/div>\n\t\t\t\t\t\t<\/div>\n\t\t\t\t<\/div>\n\t\t\t\t<div class=\"elementor-element elementor-element-772942a elementor-align-justify elementor-widget elementor-widget-button\" data-id=\"772942a\" data-element_type=\"widget\" data-e-type=\"widget\" data-widget_type=\"button.default\">\n\t\t\t\t<div class=\"elementor-widget-container\">\n\t\t\t\t\t\t\t\t\t<div class=\"elementor-button-wrapper\">\n\t\t\t\t\t<a class=\"elementor-button elementor-button-link elementor-size-sm\" href=\"https:\/\/www.campinglacdecarouge.fr\/de\/die-unumgaenglichen-orte-in-savoyen\/die-seen-in-savoyen\/#roselend\">\n\t\t\t\t\t\t<span class=\"elementor-button-content-wrapper\">\n\t\t\t\t\t\t<span class=\"elementor-button-icon\">\n\t\t\t\t<svg aria-hidden=\"true\" class=\"e-font-icon-svg e-fas-info-circle\" viewBox=\"0 0 512 512\" xmlns=\"http:\/\/www.w3.org\/2000\/svg\"><path d=\"M256 8C119.043 8 8 119.083 8 256c0 136.997 111.043 248 248 248s248-111.003 248-248C504 119.083 392.957 8 256 8zm0 110c23.196 0 42 18.804 42 42s-18.804 42-42 42-42-18.804-42-42 18.804-42 42-42zm56 254c0 6.627-5.373 12-12 12h-88c-6.627 0-12-5.373-12-12v-24c0-6.627 5.373-12 12-12h12v-64h-12c-6.627 0-12-5.373-12-12v-24c0-6.627 5.373-12 12-12h64c6.627 0 12 5.373 12 12v100h12c6.627 0 12 5.373 12 12v24z\"><\/path><\/svg>\t\t\t<\/span>\n\t\t\t\t\t\t\t\t\t<span class=\"elementor-button-text\">Ich m\u00f6chte es sehen<\/span>\n\t\t\t\t\t<\/span>\n\t\t\t\t\t<\/a>\n\t\t\t\t<\/div>\n\t\t\t\t\t\t\t\t<\/div>\n\t\t\t\t<\/div>\n\t\t\t\t<\/div>\n\t\t\t\t<\/div>\n\t\t\t\t<\/div>\n\t\t\t\t\t<\/div>\n\t\t\t\t<\/div>\n\t\t<div class=\"elementor-element elementor-element-4a82c87 e-con-full e-flex e-con e-parent\" data-id=\"4a82c87\" data-element_type=\"container\" data-e-type=\"container\" data-settings=\"{&quot;background_background&quot;:&quot;gradient&quot;}\">\n\t\t<div class=\"elementor-element elementor-element-5f199db e-con-full e-flex e-con e-child\" data-id=\"5f199db\" data-element_type=\"container\" data-e-type=\"container\" data-settings=\"{&quot;background_background&quot;:&quot;gradient&quot;}\">\n\t\t\t\t<div class=\"elementor-element elementor-element-f4f0b5e elementor-widget elementor-widget-spacer\" data-id=\"f4f0b5e\" data-element_type=\"widget\" data-e-type=\"widget\" data-widget_type=\"spacer.default\">\n\t\t\t\t<div class=\"elementor-widget-container\">\n\t\t\t\t\t\t\t<div class=\"elementor-spacer\">\n\t\t\t<div class=\"elementor-spacer-inner\"><\/div>\n\t\t<\/div>\n\t\t\t\t\t\t<\/div>\n\t\t\t\t<\/div>\n\t\t\t\t<\/div>\n\t\t<div class=\"elementor-element elementor-element-40a0320 e-flex e-con-boxed e-con e-child\" data-id=\"40a0320\" data-element_type=\"container\" data-e-type=\"container\">\n\t\t\t\t\t<div class=\"e-con-inner\">\n\t\t<div class=\"elementor-element elementor-element-cedb6b3 e-con-full e-flex e-con e-child\" data-id=\"cedb6b3\" data-element_type=\"container\" data-e-type=\"container\">\n\t\t\t\t<div class=\"elementor-element elementor-element-9a2c2a2 elementor-widget__width-initial elementor-invisible elementor-widget elementor-widget-heading\" data-id=\"9a2c2a2\" data-element_type=\"widget\" data-e-type=\"widget\" data-settings=\"{&quot;_animation&quot;:&quot;fadeInLeft&quot;,&quot;_animation_delay&quot;:800}\" data-widget_type=\"heading.default\">\n\t\t\t\t<div class=\"elementor-widget-container\">\n\t\t\t\t\t<h2 class=\"elementor-heading-title elementor-size-default\">Chamb\u00e9ry<\/h2>\t\t\t\t<\/div>\n\t\t\t\t<\/div>\n\t\t<div class=\"elementor-element elementor-element-0a2159f e-con-full animated-fast e-flex elementor-invisible e-con e-child\" data-id=\"0a2159f\" data-element_type=\"container\" data-e-type=\"container\" data-settings=\"{&quot;animation&quot;:&quot;fadeInRight&quot;,&quot;animation_delay&quot;:100}\">\n\t\t\t\t<div class=\"elementor-element elementor-element-7ef578f elementor-widget elementor-widget-text-editor\" data-id=\"7ef578f\" data-element_type=\"widget\" data-e-type=\"widget\" data-widget_type=\"text-editor.default\">\n\t\t\t\t<div class=\"elementor-widget-container\">\n\t\t\t\t\t\t\t\t\t<p>Nur etwa 30 km vom <strong>Campingplatz Lac de Carouge<\/strong> entfernt liegt die Stadt <strong>Chamb\u00e9ry<\/strong>, die f\u00fcr Geschichts- und Kulturliebhaber ein Muss ist. Diese Stadt mit ihrer reichen Vergangenheit ist die historische Hauptstadt von Savoyen und l\u00e4dt Sie dazu ein, ihre charmanten mittelalterlichen Gassen, ihre bunten Fassaden und ihre symboltr\u00e4chtigen Bauwerke wie das Schloss der Herz\u00f6ge von Savoyen zu entdecken. <strong>Als ehemalige Residenz der Herz\u00f6ge<\/strong> thront das Schloss \u00fcber der Stadt und zeugt von der politischen Bedeutung Chamb\u00e9rys im Laufe der Jahrhunderte. Verpassen Sie auch nicht den ber\u00fchmten <strong>Elefantenbrunnen<\/strong>, das Wahrzeichen der Stadt, der die Heldentaten eines gro\u00dfen Entdeckers aus Savoyen w\u00fcrdigt.   <\/p><p>Neben seinem historischen Erbe ist Chamb\u00e9ry auch ein lebendiger und belebter Ort, ideal f\u00fcr einen Spaziergang und um die zahlreichen Terrassen und Gesch\u00e4fte zu genie\u00dfen. Das <strong>Mus\u00e9e des Beaux-Arts<\/strong> enth\u00fcllt Ihnen eine sch\u00f6ne Sammlung europ\u00e4ischer Kunstwerke, w\u00e4hrend der <strong>Parc de Buisson Rond<\/strong> eine gr\u00fcne Oase mitten in der Stadt bietet, die perfekt f\u00fcr eine entspannende Pause ist. Dank seiner N\u00e4he zu den Bergen und Seen von Savoyen ist Chamb\u00e9ry au\u00dferdem der ideale Ausgangspunkt, um die umliegenden Naturlandschaften zu erkunden und Kultur und Natur an einem Ort zu vereinen.  <\/p>\t\t\t\t\t\t\t\t<\/div>\n\t\t\t\t<\/div>\n\t\t\t\t<\/div>\n\t\t\t\t<\/div>\n\t\t<div class=\"elementor-element elementor-element-ace1403 e-con-full e-flex e-con e-child\" data-id=\"ace1403\" data-element_type=\"container\" data-e-type=\"container\">\n\t\t<div class=\"elementor-element elementor-element-bb82342 e-con-full e-flex e-con e-child\" data-id=\"bb82342\" data-element_type=\"container\" data-e-type=\"container\">\n\t\t\t\t<div class=\"elementor-element elementor-element-c3cd600 elementor-invisible elementor-widget elementor-widget-image\" data-id=\"c3cd600\" data-element_type=\"widget\" data-e-type=\"widget\" data-settings=\"{&quot;motion_fx_motion_fx_mouse&quot;:&quot;yes&quot;,&quot;motion_fx_tilt_effect&quot;:&quot;yes&quot;,&quot;motion_fx_tilt_speed&quot;:{&quot;unit&quot;:&quot;px&quot;,&quot;size&quot;:3,&quot;sizes&quot;:[]},&quot;_animation&quot;:&quot;fadeInDown&quot;}\" data-widget_type=\"image.default\">\n\t\t\t\t<div class=\"elementor-widget-container\">\n\t\t\t\t\t\t\t\t\t\t\t\t\t\t\t<img fetchpriority=\"high\" decoding=\"async\" width=\"768\" height=\"384\" src=\"https:\/\/www.campinglacdecarouge.fr\/wp-content\/uploads\/2024\/09\/1528813816-1-768x384.jpeg\" class=\"attachment-medium_large size-medium_large wp-image-4446\" alt=\"Place des El\u00e9phants \u00e0 Chamb\u00e9ry en Savoie\" srcset=\"https:\/\/www.campinglacdecarouge.fr\/wp-content\/uploads\/2024\/09\/1528813816-1-768x384.jpeg 768w, https:\/\/www.campinglacdecarouge.fr\/wp-content\/uploads\/2024\/09\/1528813816-1-300x150.jpeg 300w, https:\/\/www.campinglacdecarouge.fr\/wp-content\/uploads\/2024\/09\/1528813816-1-1024x512.jpeg 1024w, https:\/\/www.campinglacdecarouge.fr\/wp-content\/uploads\/2024\/09\/1528813816-1.jpeg 1200w\" sizes=\"(max-width: 768px) 100vw, 768px\" \/>\t\t\t\t\t\t\t\t\t\t\t\t\t\t\t<\/div>\n\t\t\t\t<\/div>\n\t\t\t\t<div class=\"elementor-element elementor-element-ee95a24 elementor-invisible elementor-widget elementor-widget-image\" data-id=\"ee95a24\" data-element_type=\"widget\" data-e-type=\"widget\" data-settings=\"{&quot;motion_fx_motion_fx_mouse&quot;:&quot;yes&quot;,&quot;motion_fx_tilt_effect&quot;:&quot;yes&quot;,&quot;motion_fx_tilt_speed&quot;:{&quot;unit&quot;:&quot;px&quot;,&quot;size&quot;:3,&quot;sizes&quot;:[]},&quot;_animation&quot;:&quot;fadeInLeft&quot;}\" data-widget_type=\"image.default\">\n\t\t\t\t<div class=\"elementor-widget-container\">\n\t\t\t\t\t\t\t\t\t\t\t\t\t\t\t<img decoding=\"async\" width=\"768\" height=\"354\" src=\"https:\/\/www.campinglacdecarouge.fr\/wp-content\/uploads\/2024\/09\/1539212314-768x354.jpeg\" class=\"attachment-medium_large size-medium_large wp-image-4482\" alt=\"Vue sur la place de l&#039;horloge \u00e0 Chamb\u00e9ry en Savoie\" srcset=\"https:\/\/www.campinglacdecarouge.fr\/wp-content\/uploads\/2024\/09\/1539212314-768x354.jpeg 768w, https:\/\/www.campinglacdecarouge.fr\/wp-content\/uploads\/2024\/09\/1539212314-300x138.jpeg 300w, https:\/\/www.campinglacdecarouge.fr\/wp-content\/uploads\/2024\/09\/1539212314-1024x473.jpeg 1024w, https:\/\/www.campinglacdecarouge.fr\/wp-content\/uploads\/2024\/09\/1539212314.jpeg 1300w\" sizes=\"(max-width: 768px) 100vw, 768px\" \/>\t\t\t\t\t\t\t\t\t\t\t\t\t\t\t<\/div>\n\t\t\t\t<\/div>\n\t\t\t\t<\/div>\n\t\t\t\t<div class=\"elementor-element elementor-element-f558a47 elementor-align-right elementor-invisible elementor-widget elementor-widget-button\" data-id=\"f558a47\" data-element_type=\"widget\" data-e-type=\"widget\" data-settings=\"{&quot;_animation&quot;:&quot;fadeInLeft&quot;,&quot;_animation_delay&quot;:1200}\" data-widget_type=\"button.default\">\n\t\t\t\t<div class=\"elementor-widget-container\">\n\t\t\t\t\t\t\t\t\t<div class=\"elementor-button-wrapper\">\n\t\t\t\t\t<a class=\"elementor-button elementor-button-link elementor-size-sm\" href=\"https:\/\/www.campinglacdecarouge.fr\/de\/die-unumgaenglichen-orte-in-savoyen\/campingplatz-in-der-naehe-von-chambery\/\">\n\t\t\t\t\t\t<span class=\"elementor-button-content-wrapper\">\n\t\t\t\t\t\t<span class=\"elementor-button-icon\">\n\t\t\t\t<svg aria-hidden=\"true\" class=\"e-font-icon-svg e-fas-info-circle\" viewBox=\"0 0 512 512\" xmlns=\"http:\/\/www.w3.org\/2000\/svg\"><path d=\"M256 8C119.043 8 8 119.083 8 256c0 136.997 111.043 248 248 248s248-111.003 248-248C504 119.083 392.957 8 256 8zm0 110c23.196 0 42 18.804 42 42s-18.804 42-42 42-42-18.804-42-42 18.804-42 42-42zm56 254c0 6.627-5.373 12-12 12h-88c-6.627 0-12-5.373-12-12v-24c0-6.627 5.373-12 12-12h12v-64h-12c-6.627 0-12-5.373-12-12v-24c0-6.627 5.373-12 12-12h64c6.627 0 12 5.373 12 12v100h12c6.627 0 12 5.373 12 12v24z\"><\/path><\/svg>\t\t\t<\/span>\n\t\t\t\t\t\t\t\t\t<span class=\"elementor-button-text\">Weitere Informationen<\/span>\n\t\t\t\t\t<\/span>\n\t\t\t\t\t<\/a>\n\t\t\t\t<\/div>\n\t\t\t\t\t\t\t\t<\/div>\n\t\t\t\t<\/div>\n\t\t\t\t<\/div>\n\t\t\t\t\t<\/div>\n\t\t\t\t<\/div>\n\t\t<div class=\"elementor-element elementor-element-4954553 e-con-full e-flex e-con e-child\" data-id=\"4954553\" data-element_type=\"container\" data-e-type=\"container\" data-settings=\"{&quot;background_background&quot;:&quot;gradient&quot;}\">\n\t\t\t\t<div class=\"elementor-element elementor-element-b61897a elementor-widget elementor-widget-spacer\" data-id=\"b61897a\" data-element_type=\"widget\" data-e-type=\"widget\" data-widget_type=\"spacer.default\">\n\t\t\t\t<div class=\"elementor-widget-container\">\n\t\t\t\t\t\t\t<div class=\"elementor-spacer\">\n\t\t\t<div class=\"elementor-spacer-inner\"><\/div>\n\t\t<\/div>\n\t\t\t\t\t\t<\/div>\n\t\t\t\t<\/div>\n\t\t\t\t<\/div>\n\t\t\t\t<\/div>\n\t\t<div class=\"elementor-element elementor-element-2416fe5 e-con-full e-flex e-con e-parent\" data-id=\"2416fe5\" data-element_type=\"container\" data-e-type=\"container\" data-settings=\"{&quot;shape_divider_top&quot;:&quot;wave-brush&quot;,&quot;shape_divider_bottom&quot;:&quot;waves&quot;}\">\n\t\t\t\t<div class=\"elementor-shape elementor-shape-top\" aria-hidden=\"true\" data-negative=\"false\">\n\t\t\t<svg xmlns=\"http:\/\/www.w3.org\/2000\/svg\" viewBox=\"0 0 283.5 27.8\" preserveAspectRatio=\"none\">\n\t<path class=\"elementor-shape-fill\" d=\"M283.5,9.7c0,0-7.3,4.3-14,4.6c-6.8,0.3-12.6,0-20.9-1.5c-11.3-2-33.1-10.1-44.7-5.7\ts-12.1,4.6-18,7.4c-6.6,3.2-20,9.6-36.6,9.3C131.6,23.5,99.5,7.2,86.3,8c-1.4,0.1-6.6,0.8-10.5,2c-3.8,1.2-9.4,3.8-17,4.7\tc-3.2,0.4-8.3,1.1-14.2,0.9c-1.5-0.1-6.3-0.4-12-1.6c-5.7-1.2-11-3.1-15.8-3.7C6.5,9.2,0,10.8,0,10.8V0h283.5V9.7z M260.8,11.3\tc-0.7-1-2-0.4-4.3-0.4c-2.3,0-6.1-1.2-5.8-1.1c0.3,0.1,3.1,1.5,6,1.9C259.7,12.2,261.4,12.3,260.8,11.3z M242.4,8.6\tc0,0-2.4-0.2-5.6-0.9c-3.2-0.8-10.3-2.8-15.1-3.5c-8.2-1.1-15.8,0-15.1,0.1c0.8,0.1,9.6-0.6,17.6,1.1c3.3,0.7,9.3,2.2,12.4,2.7\tC239.9,8.7,242.4,8.6,242.4,8.6z M185.2,8.5c1.7-0.7-13.3,4.7-18.5,6.1c-2.1,0.6-6.2,1.6-10,2c-3.9,0.4-8.9,0.4-8.8,0.5\tc0,0.2,5.8,0.8,11.2,0c5.4-0.8,5.2-1.1,7.6-1.6C170.5,14.7,183.5,9.2,185.2,8.5z M199.1,6.9c0.2,0-0.8-0.4-4.8,1.1\tc-4,1.5-6.7,3.5-6.9,3.7c-0.2,0.1,3.5-1.8,6.6-3C197,7.5,199,6.9,199.1,6.9z M283,6c-0.1,0.1-1.9,1.1-4.8,2.5s-6.9,2.8-6.7,2.7\tc0.2,0,3.5-0.6,7.4-2.5C282.8,6.8,283.1,5.9,283,6z M31.3,11.6c0.1-0.2-1.9-0.2-4.5-1.2s-5.4-1.6-7.8-2C15,7.6,7.3,8.5,7.7,8.6\tC8,8.7,15.9,8.3,20.2,9.3c2.2,0.5,2.4,0.5,5.7,1.6S31.2,11.9,31.3,11.6z M73,9.2c0.4-0.1,3.5-1.6,8.4-2.6c4.9-1.1,8.9-0.5,8.9-0.8\tc0-0.3-1-0.9-6.2-0.3S72.6,9.3,73,9.2z M71.6,6.7C71.8,6.8,75,5.4,77.3,5c2.3-0.3,1.9-0.5,1.9-0.6c0-0.1-1.1-0.2-2.7,0.2\tC74.8,5.1,71.4,6.6,71.6,6.7z M93.6,4.4c0.1,0.2,3.5,0.8,5.6,1.8c2.1,1,1.8,0.6,1.9,0.5c0.1-0.1-0.8-0.8-2.4-1.3\tC97.1,4.8,93.5,4.2,93.6,4.4z M65.4,11.1c-0.1,0.3,0.3,0.5,1.9-0.2s2.6-1.3,2.2-1.2s-0.9,0.4-2.5,0.8C65.3,10.9,65.5,10.8,65.4,11.1\tz M34.5,12.4c-0.2,0,2.1,0.8,3.3,0.9c1.2,0.1,2,0.1,2-0.2c0-0.3-0.1-0.5-1.6-0.4C36.6,12.8,34.7,12.4,34.5,12.4z M152.2,21.1\tc-0.1,0.1-2.4-0.3-7.5-0.3c-5,0-13.6-2.4-17.2-3.5c-3.6-1.1,10,3.9,16.5,4.1C150.5,21.6,152.3,21,152.2,21.1z\"\/>\n\t<path class=\"elementor-shape-fill\" d=\"M269.6,18c-0.1-0.1-4.6,0.3-7.2,0c-7.3-0.7-17-3.2-16.6-2.9c0.4,0.3,13.7,3.1,17,3.3\tC267.7,18.8,269.7,18,269.6,18z\"\/>\n\t<path class=\"elementor-shape-fill\" d=\"M227.4,9.8c-0.2-0.1-4.5-1-9.5-1.2c-5-0.2-12.7,0.6-12.3,0.5c0.3-0.1,5.9-1.8,13.3-1.2\tS227.6,9.9,227.4,9.8z\"\/>\n\t<path class=\"elementor-shape-fill\" d=\"M204.5,13.4c-0.1-0.1,2-1,3.2-1.1c1.2-0.1,2,0,2,0.3c0,0.3-0.1,0.5-1.6,0.4\tC206.4,12.9,204.6,13.5,204.5,13.4z\"\/>\n\t<path class=\"elementor-shape-fill\" d=\"M201,10.6c0-0.1-4.4,1.2-6.3,2.2c-1.9,0.9-6.2,3.1-6.1,3.1c0.1,0.1,4.2-1.6,6.3-2.6\tS201,10.7,201,10.6z\"\/>\n\t<path class=\"elementor-shape-fill\" d=\"M154.5,26.7c-0.1-0.1-4.6,0.3-7.2,0c-7.3-0.7-17-3.2-16.6-2.9c0.4,0.3,13.7,3.1,17,3.3\tC152.6,27.5,154.6,26.8,154.5,26.7z\"\/>\n\t<path class=\"elementor-shape-fill\" d=\"M41.9,19.3c0,0,1.2-0.3,2.9-0.1c1.7,0.2,5.8,0.9,8.2,0.7c4.2-0.4,7.4-2.7,7-2.6\tc-0.4,0-4.3,2.2-8.6,1.9c-1.8-0.1-5.1-0.5-6.7-0.4S41.9,19.3,41.9,19.3z\"\/>\n\t<path class=\"elementor-shape-fill\" d=\"M75.5,12.6c0.2,0.1,2-0.8,4.3-1.1c2.3-0.2,2.1-0.3,2.1-0.5c0-0.1-1.8-0.4-3.4,0\tC76.9,11.5,75.3,12.5,75.5,12.6z\"\/>\n\t<path class=\"elementor-shape-fill\" d=\"M15.6,13.2c0-0.1,4.3,0,6.7,0.5c2.4,0.5,5,1.9,5,2c0,0.1-2.7-0.8-5.1-1.4\tC19.9,13.7,15.7,13.3,15.6,13.2z\"\/>\n<\/svg>\t\t<\/div>\n\t\t\t\t<div class=\"elementor-shape elementor-shape-bottom\" aria-hidden=\"true\" data-negative=\"false\">\n\t\t\t<svg xmlns=\"http:\/\/www.w3.org\/2000\/svg\" viewBox=\"0 0 1000 100\" preserveAspectRatio=\"none\">\n\t<path class=\"elementor-shape-fill\" d=\"M421.9,6.5c22.6-2.5,51.5,0.4,75.5,5.3c23.6,4.9,70.9,23.5,100.5,35.7c75.8,32.2,133.7,44.5,192.6,49.7\n\tc23.6,2.1,48.7,3.5,103.4-2.5c54.7-6,106.2-25.6,106.2-25.6V0H0v30.3c0,0,72,32.6,158.4,30.5c39.2-0.7,92.8-6.7,134-22.4\n\tc21.2-8.1,52.2-18.2,79.7-24.2C399.3,7.9,411.6,7.5,421.9,6.5z\"\/>\n<\/svg>\t\t<\/div>\n\t\t<div class=\"elementor-element elementor-element-d22de0b e-con-full animated-fast e-flex elementor-invisible e-con e-child\" data-id=\"d22de0b\" data-element_type=\"container\" data-e-type=\"container\" data-settings=\"{&quot;background_background&quot;:&quot;classic&quot;,&quot;animation&quot;:&quot;fadeInLeft&quot;,&quot;animation_delay&quot;:200}\">\n\t\t<div class=\"elementor-element elementor-element-868fb9b e-con-full e-flex elementor-invisible e-con e-child\" data-id=\"868fb9b\" data-element_type=\"container\" data-e-type=\"container\" data-settings=\"{&quot;animation&quot;:&quot;zoomInUp&quot;,&quot;animation_delay&quot;:800}\">\n\t\t\t\t<div class=\"elementor-element elementor-element-be2c4ad elementor-cta--skin-cover elementor-animated-content elementor-widget elementor-widget-call-to-action\" data-id=\"be2c4ad\" data-element_type=\"widget\" data-e-type=\"widget\" data-widget_type=\"call-to-action.default\">\n\t\t\t\t<div class=\"elementor-widget-container\">\n\t\t\t\t\t\t\t<a class=\"elementor-cta\" href=\"https:\/\/www.campinglacdecarouge.fr\/de\/die-unumgaenglichen-orte-in-savoyen\/annecy\/\">\n\t\t\t\t\t<div class=\"elementor-cta__bg-wrapper\">\n\t\t\t\t<div class=\"elementor-cta__bg elementor-bg\" style=\"background-image: url();\" role=\"img\" aria-label=\"\"><\/div>\n\t\t\t\t<div class=\"elementor-cta__bg-overlay\"><\/div>\n\t\t\t<\/div>\n\t\t\t\t\t\t\t<div class=\"elementor-cta__content\">\n\t\t\t\t\n\t\t\t\t\t\t\t\t\t<h2 class=\"elementor-cta__title elementor-cta__content-item elementor-content-item elementor-animated-item--grow\">\n\t\t\t\t\t\tAnnecy, das Venedig der Alpen\t\t\t\t\t<\/h2>\n\t\t\t\t\n\t\t\t\t\t\t\t\t\t<div class=\"elementor-cta__description elementor-cta__content-item elementor-content-item elementor-animated-item--grow\">\n\t\t\t\t\t\tAnnecy ist f\u00fcr seine malerische Innenstadt und seine Kan\u00e4le bekannt und ist eine der sch\u00f6nsten St\u00e4dte der Region. Die Stadt, die auch \u201eVenedig der Alpen\u201c genannt wird, bezaubert ihre Besucher mit gepflasterten Stra\u00dfen, bunten H\u00e4usern und einem wundersch\u00f6nen See, der zum Spazierengehen oder Bootfahren einl\u00e4dt. \t\t\t\t\t<\/div>\n\t\t\t\t\n\t\t\t\t\t\t\t\t\t<div class=\"elementor-cta__button-wrapper elementor-cta__content-item elementor-content-item elementor-animated-item--grow\">\n\t\t\t\t\t<span class=\"elementor-cta__button elementor-button elementor-size-\">\n\t\t\t\t\t\tWeitere Informationen\t\t\t\t\t<\/span>\n\t\t\t\t\t<\/div>\n\t\t\t\t\t\t\t<\/div>\n\t\t\t\t\t\t<\/a>\n\t\t\t\t\t\t<\/div>\n\t\t\t\t<\/div>\n\t\t\t\t<\/div>\n\t\t\t\t<\/div>\n\t\t<div class=\"elementor-element elementor-element-fefad8b e-con-full animated-fast elementor-hidden-mobile e-flex elementor-invisible e-con e-child\" data-id=\"fefad8b\" data-element_type=\"container\" data-e-type=\"container\" data-settings=\"{&quot;background_background&quot;:&quot;classic&quot;,&quot;animation&quot;:&quot;fadeInRight&quot;,&quot;animation_delay&quot;:200}\">\n\t\t\t\t<\/div>\n\t\t\t\t<\/div>\n\t\t<div class=\"elementor-element elementor-element-325edf1 e-flex e-con-boxed e-con e-parent\" data-id=\"325edf1\" data-element_type=\"container\" data-e-type=\"container\" data-settings=\"{&quot;shape_divider_top&quot;:&quot;waves&quot;,&quot;shape_divider_bottom&quot;:&quot;pyramids&quot;,&quot;background_background&quot;:&quot;classic&quot;,&quot;shape_divider_top_negative&quot;:&quot;yes&quot;,&quot;shape_divider_bottom_negative&quot;:&quot;yes&quot;}\">\n\t\t\t\t\t<div class=\"e-con-inner\">\n\t\t\t\t<div class=\"elementor-shape elementor-shape-top\" aria-hidden=\"true\" data-negative=\"true\">\n\t\t\t<svg xmlns=\"http:\/\/www.w3.org\/2000\/svg\" viewBox=\"0 0 1000 100\" preserveAspectRatio=\"none\">\n\t<path class=\"elementor-shape-fill\" d=\"M790.5,93.1c-59.3-5.3-116.8-18-192.6-50c-29.6-12.7-76.9-31-100.5-35.9c-23.6-4.9-52.6-7.8-75.5-5.3\n\tc-10.2,1.1-22.6,1.4-50.1,7.4c-27.2,6.3-58.2,16.6-79.4,24.7c-41.3,15.9-94.9,21.9-134,22.6C72,58.2,0,25.8,0,25.8V100h1000V65.3\n\tc0,0-51.5,19.4-106.2,25.7C839.5,97,814.1,95.2,790.5,93.1z\"\/>\n<\/svg>\t\t<\/div>\n\t\t\t\t<div class=\"elementor-shape elementor-shape-bottom\" aria-hidden=\"true\" data-negative=\"true\">\n\t\t\t<svg xmlns=\"http:\/\/www.w3.org\/2000\/svg\" viewBox=\"0 0 1000 100\" preserveAspectRatio=\"none\">\n\t<path class=\"elementor-shape-fill\" d=\"M761.9,40.6L643.1,24L333.9,93.8L0.1,1H0v99h1000V1\"\/>\n<\/svg>\t\t<\/div>\n\t\t<div class=\"elementor-element elementor-element-03d3037 e-con-full e-flex elementor-invisible e-con e-child\" data-id=\"03d3037\" data-element_type=\"container\" data-e-type=\"container\" data-settings=\"{&quot;background_background&quot;:&quot;classic&quot;,&quot;animation&quot;:&quot;fadeInRight&quot;}\">\n\t\t\t\t<div class=\"elementor-element elementor-element-4ba1e9b elementor-widget__width-initial elementor-widget elementor-widget-heading\" data-id=\"4ba1e9b\" data-element_type=\"widget\" data-e-type=\"widget\" data-settings=\"{&quot;_animation&quot;:&quot;none&quot;,&quot;_animation_delay&quot;:100}\" data-widget_type=\"heading.default\">\n\t\t\t\t<div class=\"elementor-widget-container\">\n\t\t\t\t\t<h2 class=\"elementor-heading-title elementor-size-default\">Aix-les-Bains<\/h2>\t\t\t\t<\/div>\n\t\t\t\t<\/div>\n\t\t\t\t<div class=\"elementor-element elementor-element-0210e4c elementor-widget elementor-widget-text-editor\" data-id=\"0210e4c\" data-element_type=\"widget\" data-e-type=\"widget\" data-settings=\"{&quot;_animation&quot;:&quot;none&quot;,&quot;_animation_delay&quot;:500}\" data-widget_type=\"text-editor.default\">\n\t\t\t\t<div class=\"elementor-widget-container\">\n\t\t\t\t\t\t\t\t\t<p>An den Ufern des Lac du Bourget, des gr\u00f6\u00dften nat\u00fcrlichen Sees Frankreichs, liegt Aix-les-Bains, eine bekannte Kurstadt. Sie bietet eine Vielzahl von Wassersport- und Wellnessaktivit\u00e4ten, die Wasserspa\u00df mit Entspannung in renommierten Spas verbinden. Ideal f\u00fcr einen Moment der Entspannung.  <\/p>\t\t\t\t\t\t\t\t<\/div>\n\t\t\t\t<\/div>\n\t\t\t\t<\/div>\n\t\t<div class=\"elementor-element elementor-element-dee5a6f e-con-full e-flex e-con e-child\" data-id=\"dee5a6f\" data-element_type=\"container\" data-e-type=\"container\">\n\t\t\t\t<div class=\"elementor-element elementor-element-b8a4715 elementor-align-justify elementor-invisible elementor-widget elementor-widget-button\" data-id=\"b8a4715\" data-element_type=\"widget\" data-e-type=\"widget\" data-settings=\"{&quot;_animation&quot;:&quot;fadeInRight&quot;,&quot;_animation_delay&quot;:0}\" data-widget_type=\"button.default\">\n\t\t\t\t<div class=\"elementor-widget-container\">\n\t\t\t\t\t\t\t\t\t<div class=\"elementor-button-wrapper\">\n\t\t\t\t\t<a class=\"elementor-button elementor-button-link elementor-size-sm\" href=\"https:\/\/www.campinglacdecarouge.fr\/de\/die-unumgaenglichen-orte-in-savoyen\/aix-les-bains\/\">\n\t\t\t\t\t\t<span class=\"elementor-button-content-wrapper\">\n\t\t\t\t\t\t<span class=\"elementor-button-icon\">\n\t\t\t\t<svg aria-hidden=\"true\" class=\"e-font-icon-svg e-fas-info-circle\" viewBox=\"0 0 512 512\" xmlns=\"http:\/\/www.w3.org\/2000\/svg\"><path d=\"M256 8C119.043 8 8 119.083 8 256c0 136.997 111.043 248 248 248s248-111.003 248-248C504 119.083 392.957 8 256 8zm0 110c23.196 0 42 18.804 42 42s-18.804 42-42 42-42-18.804-42-42 18.804-42 42-42zm56 254c0 6.627-5.373 12-12 12h-88c-6.627 0-12-5.373-12-12v-24c0-6.627 5.373-12 12-12h12v-64h-12c-6.627 0-12-5.373-12-12v-24c0-6.627 5.373-12 12-12h64c6.627 0 12 5.373 12 12v100h12c6.627 0 12 5.373 12 12v24z\"><\/path><\/svg>\t\t\t<\/span>\n\t\t\t\t\t\t\t\t\t<span class=\"elementor-button-text\">Weitere Informationen<\/span>\n\t\t\t\t\t<\/span>\n\t\t\t\t\t<\/a>\n\t\t\t\t<\/div>\n\t\t\t\t\t\t\t\t<\/div>\n\t\t\t\t<\/div>\n\t\t\t\t<\/div>\n\t\t\t\t\t<\/div>\n\t\t\t\t<\/div>\n\t\t<div class=\"elementor-element elementor-element-e7978fa e-flex e-con-boxed e-con e-parent\" data-id=\"e7978fa\" data-element_type=\"container\" data-e-type=\"container\" data-settings=\"{&quot;animation&quot;:&quot;none&quot;}\">\n\t\t\t\t\t<div class=\"e-con-inner\">\n\t\t<div class=\"elementor-element elementor-element-7972338 e-con-full animated-fast e-flex elementor-invisible e-con e-child\" data-id=\"7972338\" data-element_type=\"container\" data-e-type=\"container\" data-settings=\"{&quot;animation&quot;:&quot;rotateInUpLeft&quot;,&quot;animation_delay&quot;:200}\">\n\t\t\t\t<div class=\"elementor-element elementor-element-f3bc5cb elementor-cta--layout-image-above elementor-cta--valign-bottom vignette-incontournable elementor-bg-transform elementor-bg-transform-zoom-out elementor-cta--skin-classic elementor-animated-content elementor-widget elementor-widget-call-to-action\" data-id=\"f3bc5cb\" data-element_type=\"widget\" data-e-type=\"widget\" data-widget_type=\"call-to-action.default\">\n\t\t\t\t<div class=\"elementor-widget-container\">\n\t\t\t\t\t\t\t<a class=\"elementor-cta\" href=\"https:\/\/www.campinglacdecarouge.fr\/de\/die-unumgaenglichen-orte-in-savoyen\/chamonix-mont-blanc\/\">\n\t\t\t\t\t<div class=\"elementor-cta__bg-wrapper\">\n\t\t\t\t<div class=\"elementor-cta__bg elementor-bg\" style=\"background-image: url(https:\/\/www.campinglacdecarouge.fr\/wp-content\/uploads\/2024\/11\/IMG_20070714_113939-1-768x570.jpg);\" role=\"img\" aria-label=\"Randonneur au plan de l&#039;Aiguille dans le massif du Mont Blanc\"><\/div>\n\t\t\t\t<div class=\"elementor-cta__bg-overlay\"><\/div>\n\t\t\t<\/div>\n\t\t\t\t\t\t\t<div class=\"elementor-cta__content\">\n\t\t\t\t\n\t\t\t\t\n\t\t\t\t\t\t\t\t\t<div class=\"elementor-cta__description elementor-cta__content-item elementor-content-item\">\n\t\t\t\t\t\tChamonix liegt am Fu\u00dfe des Mont Blanc und ist ein mythisches Reiseziel f\u00fcr Bergliebhaber. Bekannt als das Dach Europas, ist es der ideale Ort f\u00fcr Wanderer, Bergsteiger oder einfach nur, um die grandiosen Landschaften zu bewundern. \t\t\t\t\t<\/div>\n\t\t\t\t\n\t\t\t\t\t\t\t\t\t<div class=\"elementor-cta__button-wrapper elementor-cta__content-item elementor-content-item \">\n\t\t\t\t\t<span class=\"elementor-cta__button elementor-button elementor-size-\">\n\t\t\t\t\t\tChamonix Mont Blanc\t\t\t\t\t<\/span>\n\t\t\t\t\t<\/div>\n\t\t\t\t\t\t\t<\/div>\n\t\t\t\t\t\t<\/a>\n\t\t\t\t\t\t<\/div>\n\t\t\t\t<\/div>\n\t\t\t\t<\/div>\n\t\t<div class=\"elementor-element elementor-element-9c4b264 e-con-full animated-fast e-flex elementor-invisible e-con e-child\" data-id=\"9c4b264\" data-element_type=\"container\" data-e-type=\"container\" data-settings=\"{&quot;animation&quot;:&quot;rotateInUpLeft&quot;,&quot;animation_delay&quot;:600}\">\n\t\t\t\t<div class=\"elementor-element elementor-element-bbee334 elementor-cta--layout-image-above elementor-cta--valign-bottom vignette-incontournable elementor-bg-transform elementor-bg-transform-zoom-out elementor-cta--skin-classic elementor-animated-content elementor-widget elementor-widget-call-to-action\" data-id=\"bbee334\" data-element_type=\"widget\" data-e-type=\"widget\" data-widget_type=\"call-to-action.default\">\n\t\t\t\t<div class=\"elementor-widget-container\">\n\t\t\t\t\t\t\t<a class=\"elementor-cta\" href=\"https:\/\/www.campinglacdecarouge.fr\/de\/die-unumgaenglichen-orte-in-savoyen\/der-staudamm-von-roselend\/\">\n\t\t\t\t\t<div class=\"elementor-cta__bg-wrapper\">\n\t\t\t\t<div class=\"elementor-cta__bg elementor-bg\" style=\"background-image: url(https:\/\/www.campinglacdecarouge.fr\/wp-content\/uploads\/2024\/09\/1580112834-768x354.png);\" role=\"img\" aria-label=\"1580112834\"><\/div>\n\t\t\t\t<div class=\"elementor-cta__bg-overlay\"><\/div>\n\t\t\t<\/div>\n\t\t\t\t\t\t\t<div class=\"elementor-cta__content\">\n\t\t\t\t\n\t\t\t\t\n\t\t\t\t\t\t\t\t\t<div class=\"elementor-cta__description elementor-cta__content-item elementor-content-item\">\n\t\t\t\t\t\tDer Roselend-Staudamm ist ein technisches Juwel, das in eine beeindruckende nat\u00fcrliche Umgebung eingebettet ist. Dieser spektakul\u00e4re Ort, der von gr\u00fcnen Bergen und einem tiefblauen See umgeben ist, bietet atemberaubende Panoramablicke. Ein perfekter Ort f\u00fcr Fotografiebegeisterte.  \t\t\t\t\t<\/div>\n\t\t\t\t\n\t\t\t\t\t\t\t\t\t<div class=\"elementor-cta__button-wrapper elementor-cta__content-item elementor-content-item \">\n\t\t\t\t\t<span class=\"elementor-cta__button elementor-button elementor-size-\">\n\t\t\t\t\t\tDer Staudamm von Roselend\t\t\t\t\t<\/span>\n\t\t\t\t\t<\/div>\n\t\t\t\t\t\t\t<\/div>\n\t\t\t\t\t\t<\/a>\n\t\t\t\t\t\t<\/div>\n\t\t\t\t<\/div>\n\t\t\t\t<\/div>\n\t\t<div class=\"elementor-element elementor-element-63722b3 e-con-full animated-fast e-flex elementor-invisible e-con e-child\" data-id=\"63722b3\" data-element_type=\"container\" data-e-type=\"container\" data-settings=\"{&quot;animation&quot;:&quot;rotateInUpLeft&quot;,&quot;animation_delay&quot;:1000}\">\n\t\t\t\t<div class=\"elementor-element elementor-element-5597c62 elementor-cta--layout-image-above elementor-cta--valign-bottom vignette-incontournable elementor-bg-transform elementor-bg-transform-zoom-out elementor-cta--skin-classic elementor-animated-content elementor-widget elementor-widget-call-to-action\" data-id=\"5597c62\" data-element_type=\"widget\" data-e-type=\"widget\" data-widget_type=\"call-to-action.default\">\n\t\t\t\t<div class=\"elementor-widget-container\">\n\t\t\t\t\t\t\t<a class=\"elementor-cta\" href=\"https:\/\/www.campinglacdecarouge.fr\/de\/die-unumgaenglichen-orte-in-savoyen\/albertville\/\">\n\t\t\t\t\t<div class=\"elementor-cta__bg-wrapper\">\n\t\t\t\t<div class=\"elementor-cta__bg elementor-bg\" style=\"background-image: url(https:\/\/www.campinglacdecarouge.fr\/wp-content\/uploads\/2024\/09\/1553636404-768x354.jpeg);\" role=\"img\" aria-label=\"1553636404\"><\/div>\n\t\t\t\t<div class=\"elementor-cta__bg-overlay\"><\/div>\n\t\t\t<\/div>\n\t\t\t\t\t\t\t<div class=\"elementor-cta__content\">\n\t\t\t\t\n\t\t\t\t\n\t\t\t\t\t\t\t\t\t<div class=\"elementor-cta__description elementor-cta__content-item elementor-content-item\">\n\t\t\t\t\t\tAlbertville, das als Austragungsort der Olympischen Winterspiele 1992 ber\u00fchmt wurde, ist eine dynamische Stadt, die Geschichte und Sport miteinander verbindet. Erkunden Sie die mittelalterliche Stadt Conflans, entdecken Sie ihr Kulturerbe und tauchen Sie ein in die Geschichte dieser Stadt, die die Welt des Sports gepr\u00e4gt hat. \t\t\t\t\t<\/div>\n\t\t\t\t\n\t\t\t\t\t\t\t\t\t<div class=\"elementor-cta__button-wrapper elementor-cta__content-item elementor-content-item \">\n\t\t\t\t\t<span class=\"elementor-cta__button elementor-button elementor-size-\">\n\t\t\t\t\t\tAlbertville\t\t\t\t\t<\/span>\n\t\t\t\t\t<\/div>\n\t\t\t\t\t\t\t<\/div>\n\t\t\t\t\t\t<\/a>\n\t\t\t\t\t\t<\/div>\n\t\t\t\t<\/div>\n\t\t\t\t<\/div>\n\t\t<div class=\"elementor-element elementor-element-7ff25ae e-con-full animated-fast e-flex elementor-invisible e-con e-child\" data-id=\"7ff25ae\" data-element_type=\"container\" data-e-type=\"container\" data-settings=\"{&quot;animation&quot;:&quot;rotateInUpLeft&quot;,&quot;animation_delay&quot;:200}\">\n\t\t\t\t<div class=\"elementor-element elementor-element-106318f elementor-cta--layout-image-above elementor-cta--valign-bottom vignette-incontournable elementor-bg-transform elementor-bg-transform-zoom-out elementor-cta--skin-classic elementor-animated-content elementor-widget elementor-widget-call-to-action\" data-id=\"106318f\" data-element_type=\"widget\" data-e-type=\"widget\" data-widget_type=\"call-to-action.default\">\n\t\t\t\t<div class=\"elementor-widget-container\">\n\t\t\t\t\t\t\t<a class=\"elementor-cta\" href=\"https:\/\/www.campinglacdecarouge.fr\/de\/die-unumgaenglichen-orte-in-savoyen\/le-lac-du-bourget\/\">\n\t\t\t\t\t<div class=\"elementor-cta__bg-wrapper\">\n\t\t\t\t<div class=\"elementor-cta__bg elementor-bg\" style=\"background-image: url(https:\/\/www.campinglacdecarouge.fr\/wp-content\/uploads\/2024\/09\/1539212413-768x354.jpeg);\" role=\"img\" aria-label=\"1539212413\"><\/div>\n\t\t\t\t<div class=\"elementor-cta__bg-overlay\"><\/div>\n\t\t\t<\/div>\n\t\t\t\t\t\t\t<div class=\"elementor-cta__content\">\n\t\t\t\t\n\t\t\t\t\n\t\t\t\t\t\t\t\t\t<div class=\"elementor-cta__description elementor-cta__content-item elementor-content-item\">\n\t\t\t\t\t\tNur 27 Kilometer vom Campingplatz entfernt liegt der Lac du Bourget, ein Ort der Gelassenheit und der nat\u00fcrlichen Sch\u00f6nheit. Es ist der perfekte Ort, um zu baden, Wassersport zu betreiben oder einfach die beruhigende Landschaft rund um diesen majest\u00e4tischen See zu genie\u00dfen. \t\t\t\t\t<\/div>\n\t\t\t\t\n\t\t\t\t\t\t\t\t\t<div class=\"elementor-cta__button-wrapper elementor-cta__content-item elementor-content-item \">\n\t\t\t\t\t<span class=\"elementor-cta__button elementor-button elementor-size-\">\n\t\t\t\t\t\tDer Lac du Bourget\t\t\t\t\t<\/span>\n\t\t\t\t\t<\/div>\n\t\t\t\t\t\t\t<\/div>\n\t\t\t\t\t\t<\/a>\n\t\t\t\t\t\t<\/div>\n\t\t\t\t<\/div>\n\t\t\t\t<\/div>\n\t\t<div class=\"elementor-element elementor-element-a201770 e-con-full animated-fast e-flex elementor-invisible e-con e-child\" data-id=\"a201770\" data-element_type=\"container\" data-e-type=\"container\" data-settings=\"{&quot;animation&quot;:&quot;rotateInUpLeft&quot;,&quot;animation_delay&quot;:600}\">\n\t\t\t\t<div class=\"elementor-element elementor-element-00ef916 elementor-cta--layout-image-above elementor-cta--valign-bottom vignette-incontournable elementor-bg-transform elementor-bg-transform-zoom-out elementor-cta--skin-classic elementor-animated-content elementor-widget elementor-widget-call-to-action\" data-id=\"00ef916\" data-element_type=\"widget\" data-e-type=\"widget\" data-widget_type=\"call-to-action.default\">\n\t\t\t\t<div class=\"elementor-widget-container\">\n\t\t\t\t\t\t\t<a class=\"elementor-cta\" href=\"https:\/\/www.campinglacdecarouge.fr\/de\/die-unumgaenglichen-orte-in-savoyen\/massif-des-bauges\/\">\n\t\t\t\t\t<div class=\"elementor-cta__bg-wrapper\">\n\t\t\t\t<div class=\"elementor-cta__bg elementor-bg\" style=\"background-image: url(https:\/\/www.campinglacdecarouge.fr\/wp-content\/uploads\/2024\/09\/1569320013-768x354.jpeg);\" role=\"img\" aria-label=\"1569320013\"><\/div>\n\t\t\t\t<div class=\"elementor-cta__bg-overlay\"><\/div>\n\t\t\t<\/div>\n\t\t\t\t\t\t\t<div class=\"elementor-cta__content\">\n\t\t\t\t\n\t\t\t\t\n\t\t\t\t\t\t\t\t\t<div class=\"elementor-cta__description elementor-cta__content-item elementor-content-item\">\n\t\t\t\t\t\tDas Massif des Bauges, ein wahres gr\u00fcnes Schmuckk\u00e4stchen, ist ein beliebtes Ziel f\u00fcr Wander- und Naturliebhaber. Als regionaler Naturpark eingestuft, bietet es eine unglaubliche Vielfalt an Landschaften, Fauna und Flora, die das ganze Jahr \u00fcber erkundet werden kann. \t\t\t\t\t<\/div>\n\t\t\t\t\n\t\t\t\t\t\t\t\t\t<div class=\"elementor-cta__button-wrapper elementor-cta__content-item elementor-content-item \">\n\t\t\t\t\t<span class=\"elementor-cta__button elementor-button elementor-size-\">\n\t\t\t\t\t\tDas Massif des Bauges\t\t\t\t\t<\/span>\n\t\t\t\t\t<\/div>\n\t\t\t\t\t\t\t<\/div>\n\t\t\t\t\t\t<\/a>\n\t\t\t\t\t\t<\/div>\n\t\t\t\t<\/div>\n\t\t\t\t<\/div>\n\t\t<div class=\"elementor-element elementor-element-4c56476 e-con-full animated-fast e-flex elementor-invisible e-con e-child\" data-id=\"4c56476\" data-element_type=\"container\" data-e-type=\"container\" data-settings=\"{&quot;animation&quot;:&quot;rotateInUpLeft&quot;,&quot;animation_delay&quot;:200}\">\n\t\t\t\t<div class=\"elementor-element elementor-element-12b9356 elementor-cta--layout-image-above elementor-cta--valign-bottom vignette-incontournable elementor-bg-transform elementor-bg-transform-zoom-out elementor-cta--skin-classic elementor-animated-content elementor-widget elementor-widget-call-to-action\" data-id=\"12b9356\" data-element_type=\"widget\" data-e-type=\"widget\" data-widget_type=\"call-to-action.default\">\n\t\t\t\t<div class=\"elementor-widget-container\">\n\t\t\t\t\t\t\t<a class=\"elementor-cta\" href=\"https:\/\/www.campinglacdecarouge.fr\/de\/die-unumgaenglichen-orte-in-savoyen\/combe-de-savoie\/\">\n\t\t\t\t\t<div class=\"elementor-cta__bg-wrapper\">\n\t\t\t\t<div class=\"elementor-cta__bg elementor-bg\" style=\"background-image: url(https:\/\/www.campinglacdecarouge.fr\/wp-content\/uploads\/2024\/09\/1528813854-768x384.jpeg);\" role=\"img\" aria-label=\"Vue A\u00e9rienne Combe de Savoie\"><\/div>\n\t\t\t\t<div class=\"elementor-cta__bg-overlay\"><\/div>\n\t\t\t<\/div>\n\t\t\t\t\t\t\t<div class=\"elementor-cta__content\">\n\t\t\t\t\n\t\t\t\t\n\t\t\t\t\t\t\t\t\t<div class=\"elementor-cta__description elementor-cta__content-item elementor-content-item\">\n\t\t\t\t\t\tDie Combe de Savoie ist eine Weinbauregion, die f\u00fcr ihre Weine und ihre Gastronomie ber\u00fchmt ist. Ideal zwischen Bergen und T\u00e4lern gelegen, ist sie der perfekte Ausgangspunkt, um die kulturellen und nat\u00fcrlichen Reicht\u00fcmer Savoyens zu entdecken. \t\t\t\t\t<\/div>\n\t\t\t\t\n\t\t\t\t\t\t\t\t\t<div class=\"elementor-cta__button-wrapper elementor-cta__content-item elementor-content-item \">\n\t\t\t\t\t<span class=\"elementor-cta__button elementor-button elementor-size-\">\n\t\t\t\t\t\tCombe de Savoie\t\t\t\t\t<\/span>\n\t\t\t\t\t<\/div>\n\t\t\t\t\t\t\t<\/div>\n\t\t\t\t\t\t<\/a>\n\t\t\t\t\t\t<\/div>\n\t\t\t\t<\/div>\n\t\t\t\t<\/div>\n\t\t<div class=\"elementor-element elementor-element-019ba2f e-con-full animated-fast e-flex elementor-invisible e-con e-child\" data-id=\"019ba2f\" data-element_type=\"container\" data-e-type=\"container\" data-settings=\"{&quot;animation&quot;:&quot;rotateInUpLeft&quot;,&quot;animation_delay&quot;:600}\">\n\t\t\t\t<div class=\"elementor-element elementor-element-b035b10 elementor-cta--layout-image-above elementor-cta--valign-bottom vignette-incontournable elementor-bg-transform elementor-bg-transform-zoom-out elementor-cta--skin-classic elementor-animated-content elementor-widget elementor-widget-call-to-action\" data-id=\"b035b10\" data-element_type=\"widget\" data-e-type=\"widget\" data-widget_type=\"call-to-action.default\">\n\t\t\t\t<div class=\"elementor-widget-container\">\n\t\t\t\t\t\t\t<a class=\"elementor-cta\" href=\"https:\/\/www.campinglacdecarouge.fr\/de\/die-unumgaenglichen-orte-in-savoyen\/thermalismus\/\">\n\t\t\t\t\t<div class=\"elementor-cta__bg-wrapper\">\n\t\t\t\t<div class=\"elementor-cta__bg elementor-bg\" style=\"background-image: url(https:\/\/www.campinglacdecarouge.fr\/wp-content\/uploads\/2024\/09\/1541414796-768x354.jpeg);\" role=\"img\" aria-label=\"1541414796\"><\/div>\n\t\t\t\t<div class=\"elementor-cta__bg-overlay\"><\/div>\n\t\t\t<\/div>\n\t\t\t\t\t\t\t<div class=\"elementor-cta__content\">\n\t\t\t\t\n\t\t\t\t\n\t\t\t\t\t\t\t\t\t<div class=\"elementor-cta__description elementor-cta__content-item elementor-content-item\">\n\t\t\t\t\t\tSavoyen ist auch f\u00fcr seine Thermalquellen bekannt. Die ber\u00fchmten Kurorte Aix-les-Bains und Challes-les-Eaux laden Sie ein, die wohltuende Wirkung des Wassers zu nutzen, um sich zu entspannen und Ihren K\u00f6rper zu revitalisieren. Ein entspannter Aufenthalt ist Ihnen sicher.  \t\t\t\t\t<\/div>\n\t\t\t\t\n\t\t\t\t\t\t\t\t\t<div class=\"elementor-cta__button-wrapper elementor-cta__content-item elementor-content-item \">\n\t\t\t\t\t<span class=\"elementor-cta__button elementor-button elementor-size-\">\n\t\t\t\t\t\tThermalismus\t\t\t\t\t<\/span>\n\t\t\t\t\t<\/div>\n\t\t\t\t\t\t\t<\/div>\n\t\t\t\t\t\t<\/a>\n\t\t\t\t\t\t<\/div>\n\t\t\t\t<\/div>\n\t\t\t\t<\/div>\n\t\t<div class=\"elementor-element elementor-element-9a95c4d e-con-full animated-fast e-flex elementor-invisible e-con e-child\" data-id=\"9a95c4d\" data-element_type=\"container\" data-e-type=\"container\" data-settings=\"{&quot;animation&quot;:&quot;rotateInUpLeft&quot;,&quot;animation_delay&quot;:1000}\">\n\t\t\t\t<div class=\"elementor-element elementor-element-ffddc60 elementor-cta--layout-image-above elementor-cta--valign-bottom vignette-incontournable elementor-bg-transform elementor-bg-transform-zoom-out elementor-cta--skin-classic elementor-animated-content elementor-widget elementor-widget-call-to-action\" data-id=\"ffddc60\" data-element_type=\"widget\" data-e-type=\"widget\" data-widget_type=\"call-to-action.default\">\n\t\t\t\t<div class=\"elementor-widget-container\">\n\t\t\t\t\t\t\t<a class=\"elementor-cta\" href=\"https:\/\/www.campinglacdecarouge.fr\/de\/die-unumgaenglichen-orte-in-savoyen\/le-cirque-de-saint-meme\/\">\n\t\t\t\t\t<div class=\"elementor-cta__bg-wrapper\">\n\t\t\t\t<div class=\"elementor-cta__bg elementor-bg\" style=\"background-image: url(https:\/\/www.campinglacdecarouge.fr\/wp-content\/uploads\/2024\/09\/1619299870-768x354.jpeg);\" role=\"img\" aria-label=\"1619299870\"><\/div>\n\t\t\t\t<div class=\"elementor-cta__bg-overlay\"><\/div>\n\t\t\t<\/div>\n\t\t\t\t\t\t\t<div class=\"elementor-cta__content\">\n\t\t\t\t\n\t\t\t\t\n\t\t\t\t\t\t\t\t\t<div class=\"elementor-cta__description elementor-cta__content-item elementor-content-item\">\n\t\t\t\t\t\tDer Cirque de Saint-M\u00eame ist ein Naturwunder im Massif de la Chartreuse. Mit seinen beeindruckenden Wasserf\u00e4llen und den f\u00fcr alle zug\u00e4nglichen Wanderwegen ist er ein beliebtes Ziel f\u00fcr Liebhaber von Natur und wilden Landschaften. \t\t\t\t\t<\/div>\n\t\t\t\t\n\t\t\t\t\t\t\t\t\t<div class=\"elementor-cta__button-wrapper elementor-cta__content-item elementor-content-item \">\n\t\t\t\t\t<span class=\"elementor-cta__button elementor-button elementor-size-\">\n\t\t\t\t\t\tDer Cirque de Saint-M\u00eame\t\t\t\t\t<\/span>\n\t\t\t\t\t<\/div>\n\t\t\t\t\t\t\t<\/div>\n\t\t\t\t\t\t<\/a>\n\t\t\t\t\t\t<\/div>\n\t\t\t\t<\/div>\n\t\t\t\t<\/div>\n\t\t\t\t\t<\/div>\n\t\t\t\t<\/div>\n\t\t\t\t<\/div>\n\t\t","protected":false},"excerpt":{"rendered":"<p>Entdecken Sie die unverzichtbaren Sehensw\u00fcrdigkeiten von Savoyen. Tauchen Sie ein in das Herz der Alpen und entdecken Sie den Zauber von Savoyen, indem Sie auf dem Campingplatz Lac de Carouge \u00fcbernachten. Eingebettet in eine au\u00dfergew\u00f6hnliche nat\u00fcrliche Umgebung, ideal gelegen in der Region Rhone Alpes. Dieser Ort ist der ideale Ausgangspunkt f\u00fcr unvergessliche Ausfl\u00fcge. Lassen Sie [&hellip;]<\/p>\n","protected":false},"author":1,"featured_media":0,"parent":0,"menu_order":0,"comment_status":"closed","ping_status":"closed","template":"elementor_header_footer","meta":{"footnotes":""},"class_list":["post-5755","page","type-page","status-publish","hentry"],"blocksy_meta":[],"yoast_head":"<!-- This site is optimized with the Yoast SEO Premium plugin v27.2 (Yoast SEO v27.2) - https:\/\/yoast.com\/product\/yoast-seo-premium-wordpress\/ -->\n<title>Region Rhone Alpen - Camping du Lac de Carouge<\/title>\n<meta name=\"description\" content=\"Besuchen Sie Savoyen und die Region Rh\u00f4ne-Alpes bei einem Aufenthalt auf dem Camping du Lac de Carouge. Genie\u00dfen Sie unvergessliche Ausfl\u00fcge in die Berge.\" \/>\n<meta name=\"robots\" content=\"index, follow, max-snippet:-1, max-image-preview:large, max-video-preview:-1\" \/>\n<link rel=\"canonical\" href=\"https:\/\/www.campinglacdecarouge.fr\/de\/die-unumgaenglichen-orte-in-savoyen\/\" \/>\n<meta property=\"og:locale\" content=\"de_DE\" \/>\n<meta property=\"og:type\" content=\"article\" \/>\n<meta property=\"og:title\" content=\"Die Region Rhone-Alpes\" \/>\n<meta property=\"og:description\" content=\"Besuchen Sie Savoyen und die Region Rh\u00f4ne-Alpes bei einem Aufenthalt auf dem Camping du Lac de Carouge. Genie\u00dfen Sie unvergessliche Ausfl\u00fcge in die Berge.\" \/>\n<meta property=\"og:url\" content=\"https:\/\/www.campinglacdecarouge.fr\/de\/die-unumgaenglichen-orte-in-savoyen\/\" \/>\n<meta property=\"og:site_name\" content=\"Camping du Lac de Carouge\" \/>\n<meta property=\"article:publisher\" content=\"https:\/\/www.facebook.com\/pagelacdecarouge\/\" \/>\n<meta property=\"article:modified_time\" content=\"2025-06-15T15:29:03+00:00\" \/>\n<meta property=\"og:image\" content=\"https:\/\/www.campinglacdecarouge.fr\/wp-content\/uploads\/2024\/09\/1528813816-1.jpeg\" \/>\n\t<meta property=\"og:image:width\" content=\"1200\" \/>\n\t<meta property=\"og:image:height\" content=\"600\" \/>\n\t<meta property=\"og:image:type\" content=\"image\/jpeg\" \/>\n<meta name=\"twitter:card\" content=\"summary_large_image\" \/>\n<meta name=\"twitter:site\" content=\"@lacdecarouge\" \/>\n<meta name=\"twitter:label1\" content=\"Gesch\u00e4tzte Lesezeit\" \/>\n\t<meta name=\"twitter:data1\" content=\"6\u00a0Minuten\" \/>\n<script type=\"application\/ld+json\" class=\"yoast-schema-graph\">{\"@context\":\"https:\/\/schema.org\",\"@graph\":[{\"@type\":\"WebPage\",\"@id\":\"https:\/\/www.campinglacdecarouge.fr\/de\/die-unumgaenglichen-orte-in-savoyen\/\",\"url\":\"https:\/\/www.campinglacdecarouge.fr\/de\/die-unumgaenglichen-orte-in-savoyen\/\",\"name\":\"Region Rhone Alpen - Camping du Lac de Carouge\",\"isPartOf\":{\"@id\":\"https:\/\/www.campinglacdecarouge.fr\/de\/#website\"},\"primaryImageOfPage\":{\"@id\":\"https:\/\/www.campinglacdecarouge.fr\/de\/die-unumgaenglichen-orte-in-savoyen\/#primaryimage\"},\"image\":{\"@id\":\"https:\/\/www.campinglacdecarouge.fr\/de\/die-unumgaenglichen-orte-in-savoyen\/#primaryimage\"},\"thumbnailUrl\":\"https:\/\/www.campinglacdecarouge.fr\/wp-content\/uploads\/2024\/09\/1528813816-1-768x384.jpeg\",\"datePublished\":\"2024-09-02T14:51:26+00:00\",\"dateModified\":\"2025-06-15T15:29:03+00:00\",\"description\":\"Besuchen Sie Savoyen und die Region Rh\u00f4ne-Alpes bei einem Aufenthalt auf dem Camping du Lac de Carouge. Genie\u00dfen Sie unvergessliche Ausfl\u00fcge in die Berge.\",\"breadcrumb\":{\"@id\":\"https:\/\/www.campinglacdecarouge.fr\/de\/die-unumgaenglichen-orte-in-savoyen\/#breadcrumb\"},\"inLanguage\":\"de\",\"potentialAction\":[{\"@type\":\"ReadAction\",\"target\":[\"https:\/\/www.campinglacdecarouge.fr\/de\/die-unumgaenglichen-orte-in-savoyen\/\"]}]},{\"@type\":\"ImageObject\",\"inLanguage\":\"de\",\"@id\":\"https:\/\/www.campinglacdecarouge.fr\/de\/die-unumgaenglichen-orte-in-savoyen\/#primaryimage\",\"url\":\"https:\/\/www.campinglacdecarouge.fr\/wp-content\/uploads\/2024\/09\/1528813816-1-768x384.jpeg\",\"contentUrl\":\"https:\/\/www.campinglacdecarouge.fr\/wp-content\/uploads\/2024\/09\/1528813816-1-768x384.jpeg\"},{\"@type\":\"BreadcrumbList\",\"@id\":\"https:\/\/www.campinglacdecarouge.fr\/de\/die-unumgaenglichen-orte-in-savoyen\/#breadcrumb\",\"itemListElement\":[{\"@type\":\"ListItem\",\"position\":1,\"name\":\"Accueil\",\"item\":\"https:\/\/www.campinglacdecarouge.fr\/de\/startseite-2\/\"},{\"@type\":\"ListItem\",\"position\":2,\"name\":\"Die Region Rhone-Alpes\"}]},{\"@type\":\"WebSite\",\"@id\":\"https:\/\/www.campinglacdecarouge.fr\/de\/#website\",\"url\":\"https:\/\/www.campinglacdecarouge.fr\/de\/\",\"name\":\"Camping du Lac de Carouge\",\"description\":\"Webseite des Camping du Lac de Carouge in Savoyen\",\"publisher\":{\"@id\":\"https:\/\/www.campinglacdecarouge.fr\/de\/#organization\"},\"potentialAction\":[{\"@type\":\"SearchAction\",\"target\":{\"@type\":\"EntryPoint\",\"urlTemplate\":\"https:\/\/www.campinglacdecarouge.fr\/de\/?s={search_term_string}\"},\"query-input\":{\"@type\":\"PropertyValueSpecification\",\"valueRequired\":true,\"valueName\":\"search_term_string\"}}],\"inLanguage\":\"de\"},{\"@type\":\"Organization\",\"@id\":\"https:\/\/www.campinglacdecarouge.fr\/de\/#organization\",\"name\":\"Camping du Lac de Carouge\",\"url\":\"https:\/\/www.campinglacdecarouge.fr\/de\/\",\"logo\":{\"@type\":\"ImageObject\",\"inLanguage\":\"de\",\"@id\":\"https:\/\/www.campinglacdecarouge.fr\/de\/#\/schema\/logo\/image\/\",\"url\":\"https:\/\/www.campinglacdecarouge.fr\/wp-content\/uploads\/2024\/07\/logo-1.png\",\"contentUrl\":\"https:\/\/www.campinglacdecarouge.fr\/wp-content\/uploads\/2024\/07\/logo-1.png\",\"width\":530,\"height\":270,\"caption\":\"Camping du Lac de Carouge\"},\"image\":{\"@id\":\"https:\/\/www.campinglacdecarouge.fr\/de\/#\/schema\/logo\/image\/\"},\"sameAs\":[\"https:\/\/www.facebook.com\/pagelacdecarouge\/\",\"https:\/\/x.com\/lacdecarouge\",\"https:\/\/www.instagram.com\/lacdecarouge\/\"],\"legalName\":\"SAS SELYV\",\"foundingDate\":\"2009-01-01\",\"numberOfEmployees\":{\"@type\":\"QuantitativeValue\",\"minValue\":\"1\",\"maxValue\":\"10\"},\"publishingPrinciples\":\"https:\/\/www.campinglacdecarouge.fr\/principes-editoriaux\/\",\"correctionsPolicy\":\"https:\/\/www.campinglacdecarouge.fr\/politique-de-correction-editoriale-camping-du-lac-de-carouge\/\",\"ethicsPolicy\":\"https:\/\/www.campinglacdecarouge.fr\/standards-de-comportement-camping-du-lac-de-carouge\/\",\"diversityPolicy\":\"https:\/\/www.campinglacdecarouge.fr\/politique-de-diversite-pour-le-contenu-editorial\/\"}]}<\/script>\n<!-- \/ Yoast SEO Premium plugin. -->","yoast_head_json":{"title":"Region Rhone Alpen - Camping du Lac de Carouge","description":"Besuchen Sie Savoyen und die Region Rh\u00f4ne-Alpes bei einem Aufenthalt auf dem Camping du Lac de Carouge. Genie\u00dfen Sie unvergessliche Ausfl\u00fcge in die Berge.","robots":{"index":"index","follow":"follow","max-snippet":"max-snippet:-1","max-image-preview":"max-image-preview:large","max-video-preview":"max-video-preview:-1"},"canonical":"https:\/\/www.campinglacdecarouge.fr\/de\/die-unumgaenglichen-orte-in-savoyen\/","og_locale":"de_DE","og_type":"article","og_title":"Die Region Rhone-Alpes","og_description":"Besuchen Sie Savoyen und die Region Rh\u00f4ne-Alpes bei einem Aufenthalt auf dem Camping du Lac de Carouge. Genie\u00dfen Sie unvergessliche Ausfl\u00fcge in die Berge.","og_url":"https:\/\/www.campinglacdecarouge.fr\/de\/die-unumgaenglichen-orte-in-savoyen\/","og_site_name":"Camping du Lac de Carouge","article_publisher":"https:\/\/www.facebook.com\/pagelacdecarouge\/","article_modified_time":"2025-06-15T15:29:03+00:00","og_image":[{"width":1200,"height":600,"url":"https:\/\/www.campinglacdecarouge.fr\/wp-content\/uploads\/2024\/09\/1528813816-1.jpeg","type":"image\/jpeg"}],"twitter_card":"summary_large_image","twitter_site":"@lacdecarouge","twitter_misc":{"Gesch\u00e4tzte Lesezeit":"6\u00a0Minuten"},"schema":{"@context":"https:\/\/schema.org","@graph":[{"@type":"WebPage","@id":"https:\/\/www.campinglacdecarouge.fr\/de\/die-unumgaenglichen-orte-in-savoyen\/","url":"https:\/\/www.campinglacdecarouge.fr\/de\/die-unumgaenglichen-orte-in-savoyen\/","name":"Region Rhone Alpen - Camping du Lac de Carouge","isPartOf":{"@id":"https:\/\/www.campinglacdecarouge.fr\/de\/#website"},"primaryImageOfPage":{"@id":"https:\/\/www.campinglacdecarouge.fr\/de\/die-unumgaenglichen-orte-in-savoyen\/#primaryimage"},"image":{"@id":"https:\/\/www.campinglacdecarouge.fr\/de\/die-unumgaenglichen-orte-in-savoyen\/#primaryimage"},"thumbnailUrl":"https:\/\/www.campinglacdecarouge.fr\/wp-content\/uploads\/2024\/09\/1528813816-1-768x384.jpeg","datePublished":"2024-09-02T14:51:26+00:00","dateModified":"2025-06-15T15:29:03+00:00","description":"Besuchen Sie Savoyen und die Region Rh\u00f4ne-Alpes bei einem Aufenthalt auf dem Camping du Lac de Carouge. Genie\u00dfen Sie unvergessliche Ausfl\u00fcge in die Berge.","breadcrumb":{"@id":"https:\/\/www.campinglacdecarouge.fr\/de\/die-unumgaenglichen-orte-in-savoyen\/#breadcrumb"},"inLanguage":"de","potentialAction":[{"@type":"ReadAction","target":["https:\/\/www.campinglacdecarouge.fr\/de\/die-unumgaenglichen-orte-in-savoyen\/"]}]},{"@type":"ImageObject","inLanguage":"de","@id":"https:\/\/www.campinglacdecarouge.fr\/de\/die-unumgaenglichen-orte-in-savoyen\/#primaryimage","url":"https:\/\/www.campinglacdecarouge.fr\/wp-content\/uploads\/2024\/09\/1528813816-1-768x384.jpeg","contentUrl":"https:\/\/www.campinglacdecarouge.fr\/wp-content\/uploads\/2024\/09\/1528813816-1-768x384.jpeg"},{"@type":"BreadcrumbList","@id":"https:\/\/www.campinglacdecarouge.fr\/de\/die-unumgaenglichen-orte-in-savoyen\/#breadcrumb","itemListElement":[{"@type":"ListItem","position":1,"name":"Accueil","item":"https:\/\/www.campinglacdecarouge.fr\/de\/startseite-2\/"},{"@type":"ListItem","position":2,"name":"Die Region Rhone-Alpes"}]},{"@type":"WebSite","@id":"https:\/\/www.campinglacdecarouge.fr\/de\/#website","url":"https:\/\/www.campinglacdecarouge.fr\/de\/","name":"Camping du Lac de Carouge","description":"Webseite des Camping du Lac de Carouge in Savoyen","publisher":{"@id":"https:\/\/www.campinglacdecarouge.fr\/de\/#organization"},"potentialAction":[{"@type":"SearchAction","target":{"@type":"EntryPoint","urlTemplate":"https:\/\/www.campinglacdecarouge.fr\/de\/?s={search_term_string}"},"query-input":{"@type":"PropertyValueSpecification","valueRequired":true,"valueName":"search_term_string"}}],"inLanguage":"de"},{"@type":"Organization","@id":"https:\/\/www.campinglacdecarouge.fr\/de\/#organization","name":"Camping du Lac de Carouge","url":"https:\/\/www.campinglacdecarouge.fr\/de\/","logo":{"@type":"ImageObject","inLanguage":"de","@id":"https:\/\/www.campinglacdecarouge.fr\/de\/#\/schema\/logo\/image\/","url":"https:\/\/www.campinglacdecarouge.fr\/wp-content\/uploads\/2024\/07\/logo-1.png","contentUrl":"https:\/\/www.campinglacdecarouge.fr\/wp-content\/uploads\/2024\/07\/logo-1.png","width":530,"height":270,"caption":"Camping du Lac de Carouge"},"image":{"@id":"https:\/\/www.campinglacdecarouge.fr\/de\/#\/schema\/logo\/image\/"},"sameAs":["https:\/\/www.facebook.com\/pagelacdecarouge\/","https:\/\/x.com\/lacdecarouge","https:\/\/www.instagram.com\/lacdecarouge\/"],"legalName":"SAS SELYV","foundingDate":"2009-01-01","numberOfEmployees":{"@type":"QuantitativeValue","minValue":"1","maxValue":"10"},"publishingPrinciples":"https:\/\/www.campinglacdecarouge.fr\/principes-editoriaux\/","correctionsPolicy":"https:\/\/www.campinglacdecarouge.fr\/politique-de-correction-editoriale-camping-du-lac-de-carouge\/","ethicsPolicy":"https:\/\/www.campinglacdecarouge.fr\/standards-de-comportement-camping-du-lac-de-carouge\/","diversityPolicy":"https:\/\/www.campinglacdecarouge.fr\/politique-de-diversite-pour-le-contenu-editorial\/"}]}},"_links":{"self":[{"href":"https:\/\/www.campinglacdecarouge.fr\/de\/wp-json\/wp\/v2\/pages\/5755","targetHints":{"allow":["GET"]}}],"collection":[{"href":"https:\/\/www.campinglacdecarouge.fr\/de\/wp-json\/wp\/v2\/pages"}],"about":[{"href":"https:\/\/www.campinglacdecarouge.fr\/de\/wp-json\/wp\/v2\/types\/page"}],"author":[{"embeddable":true,"href":"https:\/\/www.campinglacdecarouge.fr\/de\/wp-json\/wp\/v2\/users\/1"}],"replies":[{"embeddable":true,"href":"https:\/\/www.campinglacdecarouge.fr\/de\/wp-json\/wp\/v2\/comments?post=5755"}],"version-history":[{"count":2,"href":"https:\/\/www.campinglacdecarouge.fr\/de\/wp-json\/wp\/v2\/pages\/5755\/revisions"}],"predecessor-version":[{"id":54050,"href":"https:\/\/www.campinglacdecarouge.fr\/de\/wp-json\/wp\/v2\/pages\/5755\/revisions\/54050"}],"wp:attachment":[{"href":"https:\/\/www.campinglacdecarouge.fr\/de\/wp-json\/wp\/v2\/media?parent=5755"}],"curies":[{"name":"wp","href":"https:\/\/api.w.org\/{rel}","templated":true}]}}