{"id":14471,"date":"2024-11-25T15:23:42","date_gmt":"2024-11-25T14:23:42","guid":{"rendered":"https:\/\/www.campinglacdecarouge.fr\/le-camping-du-lac-de-carouge\/aktivitaeten-und-freizeit\/via-ferrata-klettersteig\/"},"modified":"2025-05-04T11:38:43","modified_gmt":"2025-05-04T09:38:43","slug":"via-ferrata-klettersteig","status":"publish","type":"page","link":"https:\/\/www.campinglacdecarouge.fr\/de\/der-campingplatz\/aktivitaeten-und-freizeit\/via-ferrata-klettersteig\/","title":{"rendered":"Via Ferrata (Klettersteig)"},"content":{"rendered":"\t\t<div data-elementor-type=\"wp-page\" data-elementor-id=\"14471\" class=\"elementor elementor-14471 elementor-10034\" data-elementor-post-type=\"page\">\n\t\t\t\t<div class=\"elementor-element elementor-element-725e720 e-flex e-con-boxed elementor-invisible e-con e-parent\" data-id=\"725e720\" data-element_type=\"container\" data-e-type=\"container\" data-settings=\"{&quot;shape_divider_bottom&quot;:&quot;wave-brush&quot;,&quot;background_background&quot;:&quot;slideshow&quot;,&quot;background_slideshow_lazyload&quot;:&quot;yes&quot;,&quot;background_slideshow_ken_burns&quot;:&quot;yes&quot;,&quot;background_slideshow_ken_burns_zoom_direction&quot;:&quot;out&quot;,&quot;animation&quot;:&quot;fadeIn&quot;,&quot;background_slideshow_gallery&quot;:[{&quot;id&quot;:10726,&quot;url&quot;:&quot;https:\\\/\\\/www.campinglacdecarouge.fr\\\/wp-content\\\/uploads\\\/2024\\\/11\\\/IMG_20070915_122806-1.jpg&quot;},{&quot;id&quot;:10724,&quot;url&quot;:&quot;https:\\\/\\\/www.campinglacdecarouge.fr\\\/wp-content\\\/uploads\\\/2024\\\/11\\\/IMG_20080810_094606-1-scaled.jpg&quot;}],&quot;background_slideshow_loop&quot;:&quot;yes&quot;,&quot;background_slideshow_slide_duration&quot;:5000,&quot;background_slideshow_slide_transition&quot;:&quot;fade&quot;,&quot;background_slideshow_transition_duration&quot;:500}\">\n\t\t\t\t\t<div class=\"e-con-inner\">\n\t\t\t\t<div class=\"elementor-shape elementor-shape-bottom\" aria-hidden=\"true\" data-negative=\"false\">\n\t\t\t<svg xmlns=\"http:\/\/www.w3.org\/2000\/svg\" viewBox=\"0 0 283.5 27.8\" preserveAspectRatio=\"none\">\n\t<path class=\"elementor-shape-fill\" d=\"M283.5,9.7c0,0-7.3,4.3-14,4.6c-6.8,0.3-12.6,0-20.9-1.5c-11.3-2-33.1-10.1-44.7-5.7\ts-12.1,4.6-18,7.4c-6.6,3.2-20,9.6-36.6,9.3C131.6,23.5,99.5,7.2,86.3,8c-1.4,0.1-6.6,0.8-10.5,2c-3.8,1.2-9.4,3.8-17,4.7\tc-3.2,0.4-8.3,1.1-14.2,0.9c-1.5-0.1-6.3-0.4-12-1.6c-5.7-1.2-11-3.1-15.8-3.7C6.5,9.2,0,10.8,0,10.8V0h283.5V9.7z M260.8,11.3\tc-0.7-1-2-0.4-4.3-0.4c-2.3,0-6.1-1.2-5.8-1.1c0.3,0.1,3.1,1.5,6,1.9C259.7,12.2,261.4,12.3,260.8,11.3z M242.4,8.6\tc0,0-2.4-0.2-5.6-0.9c-3.2-0.8-10.3-2.8-15.1-3.5c-8.2-1.1-15.8,0-15.1,0.1c0.8,0.1,9.6-0.6,17.6,1.1c3.3,0.7,9.3,2.2,12.4,2.7\tC239.9,8.7,242.4,8.6,242.4,8.6z M185.2,8.5c1.7-0.7-13.3,4.7-18.5,6.1c-2.1,0.6-6.2,1.6-10,2c-3.9,0.4-8.9,0.4-8.8,0.5\tc0,0.2,5.8,0.8,11.2,0c5.4-0.8,5.2-1.1,7.6-1.6C170.5,14.7,183.5,9.2,185.2,8.5z M199.1,6.9c0.2,0-0.8-0.4-4.8,1.1\tc-4,1.5-6.7,3.5-6.9,3.7c-0.2,0.1,3.5-1.8,6.6-3C197,7.5,199,6.9,199.1,6.9z M283,6c-0.1,0.1-1.9,1.1-4.8,2.5s-6.9,2.8-6.7,2.7\tc0.2,0,3.5-0.6,7.4-2.5C282.8,6.8,283.1,5.9,283,6z M31.3,11.6c0.1-0.2-1.9-0.2-4.5-1.2s-5.4-1.6-7.8-2C15,7.6,7.3,8.5,7.7,8.6\tC8,8.7,15.9,8.3,20.2,9.3c2.2,0.5,2.4,0.5,5.7,1.6S31.2,11.9,31.3,11.6z M73,9.2c0.4-0.1,3.5-1.6,8.4-2.6c4.9-1.1,8.9-0.5,8.9-0.8\tc0-0.3-1-0.9-6.2-0.3S72.6,9.3,73,9.2z M71.6,6.7C71.8,6.8,75,5.4,77.3,5c2.3-0.3,1.9-0.5,1.9-0.6c0-0.1-1.1-0.2-2.7,0.2\tC74.8,5.1,71.4,6.6,71.6,6.7z M93.6,4.4c0.1,0.2,3.5,0.8,5.6,1.8c2.1,1,1.8,0.6,1.9,0.5c0.1-0.1-0.8-0.8-2.4-1.3\tC97.1,4.8,93.5,4.2,93.6,4.4z M65.4,11.1c-0.1,0.3,0.3,0.5,1.9-0.2s2.6-1.3,2.2-1.2s-0.9,0.4-2.5,0.8C65.3,10.9,65.5,10.8,65.4,11.1\tz M34.5,12.4c-0.2,0,2.1,0.8,3.3,0.9c1.2,0.1,2,0.1,2-0.2c0-0.3-0.1-0.5-1.6-0.4C36.6,12.8,34.7,12.4,34.5,12.4z M152.2,21.1\tc-0.1,0.1-2.4-0.3-7.5-0.3c-5,0-13.6-2.4-17.2-3.5c-3.6-1.1,10,3.9,16.5,4.1C150.5,21.6,152.3,21,152.2,21.1z\"\/>\n\t<path class=\"elementor-shape-fill\" d=\"M269.6,18c-0.1-0.1-4.6,0.3-7.2,0c-7.3-0.7-17-3.2-16.6-2.9c0.4,0.3,13.7,3.1,17,3.3\tC267.7,18.8,269.7,18,269.6,18z\"\/>\n\t<path class=\"elementor-shape-fill\" d=\"M227.4,9.8c-0.2-0.1-4.5-1-9.5-1.2c-5-0.2-12.7,0.6-12.3,0.5c0.3-0.1,5.9-1.8,13.3-1.2\tS227.6,9.9,227.4,9.8z\"\/>\n\t<path class=\"elementor-shape-fill\" d=\"M204.5,13.4c-0.1-0.1,2-1,3.2-1.1c1.2-0.1,2,0,2,0.3c0,0.3-0.1,0.5-1.6,0.4\tC206.4,12.9,204.6,13.5,204.5,13.4z\"\/>\n\t<path class=\"elementor-shape-fill\" d=\"M201,10.6c0-0.1-4.4,1.2-6.3,2.2c-1.9,0.9-6.2,3.1-6.1,3.1c0.1,0.1,4.2-1.6,6.3-2.6\tS201,10.7,201,10.6z\"\/>\n\t<path class=\"elementor-shape-fill\" d=\"M154.5,26.7c-0.1-0.1-4.6,0.3-7.2,0c-7.3-0.7-17-3.2-16.6-2.9c0.4,0.3,13.7,3.1,17,3.3\tC152.6,27.5,154.6,26.8,154.5,26.7z\"\/>\n\t<path class=\"elementor-shape-fill\" d=\"M41.9,19.3c0,0,1.2-0.3,2.9-0.1c1.7,0.2,5.8,0.9,8.2,0.7c4.2-0.4,7.4-2.7,7-2.6\tc-0.4,0-4.3,2.2-8.6,1.9c-1.8-0.1-5.1-0.5-6.7-0.4S41.9,19.3,41.9,19.3z\"\/>\n\t<path class=\"elementor-shape-fill\" d=\"M75.5,12.6c0.2,0.1,2-0.8,4.3-1.1c2.3-0.2,2.1-0.3,2.1-0.5c0-0.1-1.8-0.4-3.4,0\tC76.9,11.5,75.3,12.5,75.5,12.6z\"\/>\n\t<path class=\"elementor-shape-fill\" d=\"M15.6,13.2c0-0.1,4.3,0,6.7,0.5c2.4,0.5,5,1.9,5,2c0,0.1-2.7-0.8-5.1-1.4\tC19.9,13.7,15.7,13.3,15.6,13.2z\"\/>\n<\/svg>\t\t<\/div>\n\t\t<div class=\"elementor-element elementor-element-7acb223f e-con-full e-flex elementor-invisible e-con e-child\" data-id=\"7acb223f\" data-element_type=\"container\" data-e-type=\"container\" data-settings=\"{&quot;animation&quot;:&quot;slideInLeft&quot;,&quot;animation_delay&quot;:800}\">\n\t\t<div class=\"elementor-element elementor-element-779dd71 e-con-full skew-container-light e-flex elementor-invisible e-con e-child\" data-id=\"779dd71\" data-element_type=\"container\" data-e-type=\"container\" data-settings=\"{&quot;background_background&quot;:&quot;classic&quot;,&quot;animation&quot;:&quot;fadeIn&quot;,&quot;animation_delay&quot;:800}\">\n\t\t\t\t<div class=\"elementor-element elementor-element-7848f4fa elementor-widget elementor-widget-heading\" data-id=\"7848f4fa\" data-element_type=\"widget\" data-e-type=\"widget\" data-settings=\"{&quot;_animation&quot;:&quot;none&quot;,&quot;_animation_delay&quot;:100}\" data-widget_type=\"heading.default\">\n\t\t\t\t<div class=\"elementor-widget-container\">\n\t\t\t\t\t<h1 class=\"elementor-heading-title elementor-size-default\">Via Ferrata (Klettersteig)<\/h1>\t\t\t\t<\/div>\n\t\t\t\t<\/div>\n\t\t\t\t<div class=\"elementor-element elementor-element-2e801c6c elementor-widget elementor-widget-text-editor\" data-id=\"2e801c6c\" data-element_type=\"widget\" data-e-type=\"widget\" data-settings=\"{&quot;_animation&quot;:&quot;none&quot;,&quot;_animation_delay&quot;:500}\" data-widget_type=\"text-editor.default\">\n\t\t\t\t<div class=\"elementor-widget-container\">\n\t\t\t\t\t\t\t\t\t<p>Die verschiedenen Klettersteige in der Umgebung bieten Ihnen atemberaubende Landschaften!<\/p>\t\t\t\t\t\t\t\t<\/div>\n\t\t\t\t<\/div>\n\t\t\t\t<\/div>\n\t\t<div class=\"elementor-element elementor-element-327bf01b e-con-full elementor-hidden-tablet elementor-hidden-mobile e-flex e-con e-child\" data-id=\"327bf01b\" data-element_type=\"container\" data-e-type=\"container\">\n\t\t\t\t<\/div>\n\t\t\t\t<\/div>\n\t\t\t\t\t<\/div>\n\t\t\t\t<\/div>\n\t\t<div class=\"elementor-element elementor-element-65d60470 e-flex e-con-boxed e-con e-parent\" data-id=\"65d60470\" data-element_type=\"container\" data-e-type=\"container\">\n\t\t\t\t\t<div class=\"e-con-inner\">\n\t\t\t\t<div class=\"elementor-element elementor-element-5c9d4c2b elementor-widget elementor-widget-heading\" data-id=\"5c9d4c2b\" data-element_type=\"widget\" data-e-type=\"widget\" data-widget_type=\"heading.default\">\n\t\t\t\t<div class=\"elementor-widget-container\">\n\t\t\t\t\t<h2 class=\"elementor-heading-title elementor-size-default\">Sportm\u00f6glichkeiten in der Umgebung des Campingplatzes: Via ferrata (Klettersteig) in der Umgebung des Campingplatzes<\/h2>\t\t\t\t<\/div>\n\t\t\t\t<\/div>\n\t\t\t\t<div class=\"elementor-element elementor-element-6543d000 elementor-widget elementor-widget-text-editor\" data-id=\"6543d000\" data-element_type=\"widget\" data-e-type=\"widget\" data-widget_type=\"text-editor.default\">\n\t\t\t\t<div class=\"elementor-widget-container\">\n\t\t\t\t\t\t\t\t\t<p>Bei einem Aufenthalt auf einem Campingplatz sind die G\u00e4ste von einem breiten Spektrum an M\u00f6glichkeiten umgeben. Die Freizeit kann auf vielerlei Weise ausgef\u00fcllt werden. So k\u00f6nnen Sie zum Beispiel auf dem Lac du Bourget segeln, rudern, Kanu fahren, angeln, tauchen, Wasserski fahren oder Wakeboard fahren. Sie k\u00f6nnen sich auch f\u00fcr eine spektakul\u00e4re Rafting-Tour in der N\u00e4he von Aime entscheiden. Nat\u00fcrlich k\u00f6nnen Sie auch im Schwimmbad oder im nahe gelegenen Lac de Carouge schwimmen. Auch Radfahrer kommen hier auf allen Ebenen auf ihre Kosten.     <\/p>\t\t\t\t\t\t\t\t<\/div>\n\t\t\t\t<\/div>\n\t\t\t\t<div class=\"elementor-element elementor-element-35b7e65 elementor-widget elementor-widget-text-editor\" data-id=\"35b7e65\" data-element_type=\"widget\" data-e-type=\"widget\" data-widget_type=\"text-editor.default\">\n\t\t\t\t<div class=\"elementor-widget-container\">\n\t\t\t\t\t\t\t\t\t<p>Dieses facettenreiche franz\u00f6sische Departement ist bekannt f\u00fcr seine sch\u00f6ne Natur mit vielen M\u00f6glichkeiten f\u00fcr Aktivit\u00e4ten. Das ganze Jahr \u00fcber werden hier sportliche Aktivit\u00e4ten angeboten. In den Wintermonaten ziehen die Skigebiete der sch\u00f6nen Alpen viele Besucher an, aber in den anderen Monaten gibt es viele andere M\u00f6glichkeiten f\u00fcr Urlauber.  <\/p>\t\t\t\t\t\t\t\t<\/div>\n\t\t\t\t<\/div>\n\t\t\t\t<div class=\"elementor-element elementor-element-75b36429 elementor-widget elementor-widget-spacer\" data-id=\"75b36429\" data-element_type=\"widget\" data-e-type=\"widget\" data-widget_type=\"spacer.default\">\n\t\t\t\t<div class=\"elementor-widget-container\">\n\t\t\t\t\t\t\t<div class=\"elementor-spacer\">\n\t\t\t<div class=\"elementor-spacer-inner\"><\/div>\n\t\t<\/div>\n\t\t\t\t\t\t<\/div>\n\t\t\t\t<\/div>\n\t\t\t\t<div class=\"elementor-element elementor-element-7a5eaa29 elementor-widget elementor-widget-heading\" data-id=\"7a5eaa29\" data-element_type=\"widget\" data-e-type=\"widget\" data-widget_type=\"heading.default\">\n\t\t\t\t<div class=\"elementor-widget-container\">\n\t\t\t\t\t<h2 class=\"elementor-heading-title elementor-size-default\">Die Via Ferrata, ein einzigartiges Erlebnis<\/h2>\t\t\t\t<\/div>\n\t\t\t\t<\/div>\n\t\t\t\t<div class=\"elementor-element elementor-element-68779949 elementor-widget elementor-widget-text-editor\" data-id=\"68779949\" data-element_type=\"widget\" data-e-type=\"widget\" data-widget_type=\"text-editor.default\">\n\t\t\t\t<div class=\"elementor-widget-container\">\n\t\t\t\t\t\t\t\t\t<p>Ein weiteres besonderes Erlebnis ist die Via Ferrata. Immer mehr Menschen kommen extra in die Alpen, um dies zu praktizieren. In Savoyen und vor allem in der Umgebung des Campingplatzes gibt es viele M\u00f6glichkeiten f\u00fcr Klettersteige, die auch als Via Ferrata bezeichnet werden. Via Ferrata bedeutet auf Italienisch w\u00f6rtlich &#8222;eiserne Stra\u00dfe&#8220;. Das liegt daran, dass die Route des Klettersteigs mit einem Stahlseil gesichert ist. Es ist ein alternativer und anregender Weg, um die sch\u00f6nsten Orte auf eine einigerma\u00dfen einfache und sichere Weise zu erreichen, die man bei einer normalen Bergwanderung nicht erreichen kann. Dies erm\u00f6glicht einen atemberaubenden Blick auf die Landschaft.      <\/p>\t\t\t\t\t\t\t\t<\/div>\n\t\t\t\t<\/div>\n\t\t\t\t<div class=\"elementor-element elementor-element-4e3cafd8 elementor-widget elementor-widget-spacer\" data-id=\"4e3cafd8\" data-element_type=\"widget\" data-e-type=\"widget\" data-widget_type=\"spacer.default\">\n\t\t\t\t<div class=\"elementor-widget-container\">\n\t\t\t\t\t\t\t<div class=\"elementor-spacer\">\n\t\t\t<div class=\"elementor-spacer-inner\"><\/div>\n\t\t<\/div>\n\t\t\t\t\t\t<\/div>\n\t\t\t\t<\/div>\n\t\t\t\t<div class=\"elementor-element elementor-element-31aab5f elementor-widget elementor-widget-heading\" data-id=\"31aab5f\" data-element_type=\"widget\" data-e-type=\"widget\" data-widget_type=\"heading.default\">\n\t\t\t\t<div class=\"elementor-widget-container\">\n\t\t\t\t\t<h2 class=\"elementor-heading-title elementor-size-default\">Was Sie von der Via Ferrata erwarten k\u00f6nnen<\/h2>\t\t\t\t<\/div>\n\t\t\t\t<\/div>\n\t\t\t\t<div class=\"elementor-element elementor-element-dde1f7e elementor-widget elementor-widget-text-editor\" data-id=\"dde1f7e\" data-element_type=\"widget\" data-e-type=\"widget\" data-widget_type=\"text-editor.default\">\n\t\t\t\t<div class=\"elementor-widget-container\">\n\t\t\t\t\t\t\t\t\t<p>Auf der Via Ferrata gibt es also ein Stahlseil, an dem man sich festhalten kann. Wenn Sie also stolpern, k\u00f6nnen Sie sich am Stahlseil festhalten. Normalerweise gibt es auf einem Klettersteig auch andere Vorrichtungen, die den Weg erleichtern. Dies k\u00f6nnen z.B. Eisentreppen, Haken und Stifte oder H\u00e4ngebr\u00fccken und Seilbr\u00fccken sein. Mit diesen Br\u00fccken k\u00f6nnen Sie z.B. von einer Bergwand zur anderen gelangen.    <\/p>\t\t\t\t\t\t\t\t<\/div>\n\t\t\t\t<\/div>\n\t\t\t\t<div class=\"elementor-element elementor-element-f5efedc elementor-widget elementor-widget-heading\" data-id=\"f5efedc\" data-element_type=\"widget\" data-e-type=\"widget\" data-widget_type=\"heading.default\">\n\t\t\t\t<div class=\"elementor-widget-container\">\n\t\t\t\t\t<h2 class=\"elementor-heading-title elementor-size-default\">Die Geschichte<\/h2>\t\t\t\t<\/div>\n\t\t\t\t<\/div>\n\t\t\t\t<div class=\"elementor-element elementor-element-ed09123 elementor-widget elementor-widget-text-editor\" data-id=\"ed09123\" data-element_type=\"widget\" data-e-type=\"widget\" data-widget_type=\"text-editor.default\">\n\t\t\t\t<div class=\"elementor-widget-container\">\n\t\t\t\t\t\t\t\t\t<p>Der Ursprung der Via Ferrata liegt eigentlich in den Dolomiten. W\u00e4hrend des Ersten Weltkriegs fanden viele Schlachten in den Bergen statt und um die Soldaten so sicher wie m\u00f6glich \u00fcber die Berge zu einer strategischen Position zu f\u00fchren, wurden oft Stahlseile an den Bergw\u00e4nden befestigt. Sp\u00e4ter wurde dies auch als Freizeitbesch\u00e4ftigung genutzt. Die ersten Linien wurden in den 1990er Jahren in Frankreich gebaut. W\u00e4hrend sie in den Dolomiten oft im Hochgebirge verlaufen, befinden sie sich in Frankreich eher in der N\u00e4he von Touristenzentren. Die Strecken k\u00f6nnen k\u00fcrzer sein, haben aber oft einen spektakul\u00e4ren Charakter. Der Schwierigkeitsgrad wird von verschiedenen Faktoren bestimmt. Die Schwierigkeitsgrade der Routen werden von A (sehr leicht) bis E (sehr schwierig) angegeben.       <\/p>\t\t\t\t\t\t\t\t<\/div>\n\t\t\t\t<\/div>\n\t\t\t\t<div class=\"elementor-element elementor-element-2fac3b8 elementor-widget elementor-widget-heading\" data-id=\"2fac3b8\" data-element_type=\"widget\" data-e-type=\"widget\" data-widget_type=\"heading.default\">\n\t\t\t\t<div class=\"elementor-widget-container\">\n\t\t\t\t\t<h2 class=\"elementor-heading-title elementor-size-default\">Via Ferrata in Savoyen<\/h2>\t\t\t\t<\/div>\n\t\t\t\t<\/div>\n\t\t\t\t<div class=\"elementor-element elementor-element-f5afc10 elementor-widget elementor-widget-text-editor\" data-id=\"f5afc10\" data-element_type=\"widget\" data-e-type=\"widget\" data-widget_type=\"text-editor.default\">\n\t\t\t\t<div class=\"elementor-widget-container\">\n\t\t\t\t\t\t\t\t\t<p>Eines der Beispiele ist die Via Ferrata Saix de Miol\u00e8ne. Diese Tour hat einen Schwierigkeitsgrad von D\/E. Die Ausgangsh\u00f6he betr\u00e4gt 1.030 Meter und die Endh\u00f6he 1.250 Meter. Der Ausgangspunkt ist La Chappelle d&#8217;Abondance und die Dauer betr\u00e4gt etwa ein bis zwei Stunden. In Annecy gibt es z.B. einen sch\u00f6nen und einfachen Klettersteig, der etwa drei Stunden dauert. Hier k\u00f6nnen Sie abwechselnd wandern, \u00fcber Stangen klettern, sich abseilen, eine Seilrutsche und eine H\u00e4ngebr\u00fccke \u00fcberqueren. Dieser Weg ist f\u00fcr Anf\u00e4nger ab 12 Jahren geeignet. Es gibt verschiedene Arten von Via Ferrata in dieser Region. Treffen Sie unseren Anbieter beim Begr\u00fc\u00dfungsgetr\u00e4nk am Sonntagabend und planen Sie mindestens einmal diese Aktivit\u00e4t. Sie werden atemberaubende Landschaften entdecken und mit vielen Erinnerungen nach Hause zur\u00fcckkehren.        <\/p>\t\t\t\t\t\t\t\t<\/div>\n\t\t\t\t<\/div>\n\t\t\t\t<div class=\"elementor-element elementor-element-6b2103f elementor-widget elementor-widget-heading\" data-id=\"6b2103f\" data-element_type=\"widget\" data-e-type=\"widget\" data-widget_type=\"heading.default\">\n\t\t\t\t<div class=\"elementor-widget-container\">\n\t\t\t\t\t<h2 class=\"elementor-heading-title elementor-size-default\">Stellen Sie sicher, dass Sie gut vorbereitet sind<\/h2>\t\t\t\t<\/div>\n\t\t\t\t<\/div>\n\t\t\t\t<div class=\"elementor-element elementor-element-071e5a7 elementor-widget elementor-widget-text-editor\" data-id=\"071e5a7\" data-element_type=\"widget\" data-e-type=\"widget\" data-widget_type=\"text-editor.default\">\n\t\t\t\t<div class=\"elementor-widget-container\">\n\t\t\t\t\t\t\t\t\t<p>Wie bei anderen Bergsportarten gibt es auch hier immer Risiken. Zun\u00e4chst einmal m\u00fcssen Sie immer das Wetter ber\u00fccksichtigen, also im Voraus \u00fcber die Wettervorhersage gut informiert sein. Beim Klettern sollten Sie immer einen Helm tragen, auch wegen der Steinsplitter. Warnen Sie immer andere Kletterer, wenn Steine herunterfallen. Schauen Sie sich das Niveau der Route gut an und pr\u00fcfen Sie, ob Sie und Ihre Mitkletterer damit zurechtkommen. Stellen Sie immer sicher, dass Sie eine gute Karte haben. F\u00fcr unerfahrene Kletterer kann es sinnvoll sein, mit einem F\u00fchrer zu klettern.      <\/p>\t\t\t\t\t\t\t\t<\/div>\n\t\t\t\t<\/div>\n\t\t\t\t<div class=\"elementor-element elementor-element-0eaeb40 elementor-widget elementor-widget-heading\" data-id=\"0eaeb40\" data-element_type=\"widget\" data-e-type=\"widget\" data-widget_type=\"heading.default\">\n\t\t\t\t<div class=\"elementor-widget-container\">\n\t\t\t\t\t<h2 class=\"elementor-heading-title elementor-size-default\">Eine unvergessliche Aktivit\u00e4t<\/h2>\t\t\t\t<\/div>\n\t\t\t\t<\/div>\n\t\t\t\t<div class=\"elementor-element elementor-element-260d77e elementor-widget elementor-widget-text-editor\" data-id=\"260d77e\" data-element_type=\"widget\" data-e-type=\"widget\" data-widget_type=\"text-editor.default\">\n\t\t\t\t<div class=\"elementor-widget-container\">\n\t\t\t\t\t\t\t\t\t<div id=\"body_content\"><section id=\"content\"><article><div><p>F\u00fcr welchen Klettersteig Sie sich auch entscheiden, er wird immer ein besonderes Erlebnis f\u00fcr Sie sein. Sie werden an Orte gelangen, die Sie sonst nicht so schnell erreichen w\u00fcrden und Sie werden wundersch\u00f6ne Panoramen genie\u00dfen k\u00f6nnen. Vor allem aber ist es eine gro\u00dfe Herausforderung, die Ihnen erm\u00f6glicht, die sch\u00f6ne Region Savoyen auf einzigartige Weise zu entdecken.  <\/p><\/div><\/article><\/section><\/div><footer><div id=\"footer_table\" class=\"clearfix\"><div class=\"gauche\"><div><div class=\"infos_contact\"> <\/div><\/div><\/div><\/div><\/footer>\t\t\t\t\t\t\t\t<\/div>\n\t\t\t\t<\/div>\n\t\t\t\t\t<\/div>\n\t\t\t\t<\/div>\n\t\t\t\t<\/div>\n\t\t","protected":false},"excerpt":{"rendered":"<p>Die verschiedenen Klettersteige in der Umgebung bieten Ihnen atemberaubende Landschaften! Sportm\u00f6glichkeiten in der Umgebung des Campingplatzes: Via ferrata (Klettersteig) in der Umgebung des Campingplatzes Bei einem Aufenthalt auf einem Campingplatz sind die G\u00e4ste von einem breiten Spektrum an M\u00f6glichkeiten umgeben. Die Freizeit kann auf vielerlei Weise ausgef\u00fcllt werden. So k\u00f6nnen Sie zum Beispiel auf dem [&hellip;]<\/p>\n","protected":false},"author":1,"featured_media":0,"parent":9053,"menu_order":0,"comment_status":"closed","ping_status":"closed","template":"elementor_header_footer","meta":{"footnotes":""},"class_list":["post-14471","page","type-page","status-publish","hentry"],"blocksy_meta":[],"yoast_head":"<!-- This site is optimized with the Yoast SEO Premium plugin v27.2 (Yoast SEO v27.2) - https:\/\/yoast.com\/product\/yoast-seo-premium-wordpress\/ -->\n<title>Via Ferrata (Klettersteig) - Camping du Lac de Carouge<\/title>\n<meta name=\"robots\" content=\"index, follow, max-snippet:-1, max-image-preview:large, max-video-preview:-1\" \/>\n<link rel=\"canonical\" href=\"https:\/\/www.campinglacdecarouge.fr\/de\/der-campingplatz\/aktivitaeten-und-freizeit\/via-ferrata-klettersteig\/\" \/>\n<meta property=\"og:locale\" content=\"de_DE\" \/>\n<meta property=\"og:type\" content=\"article\" \/>\n<meta property=\"og:title\" content=\"Via Ferrata (Klettersteig)\" \/>\n<meta property=\"og:description\" content=\"Die verschiedenen Klettersteige in der Umgebung bieten Ihnen atemberaubende Landschaften! Sportm\u00f6glichkeiten in der Umgebung des Campingplatzes: Via ferrata (Klettersteig) in der Umgebung des Campingplatzes Bei einem Aufenthalt auf einem Campingplatz sind die G\u00e4ste von einem breiten Spektrum an M\u00f6glichkeiten umgeben. Die Freizeit kann auf vielerlei Weise ausgef\u00fcllt werden. So k\u00f6nnen Sie zum Beispiel auf dem [&hellip;]\" \/>\n<meta property=\"og:url\" content=\"https:\/\/www.campinglacdecarouge.fr\/de\/der-campingplatz\/aktivitaeten-und-freizeit\/via-ferrata-klettersteig\/\" \/>\n<meta property=\"og:site_name\" content=\"Camping du Lac de Carouge\" \/>\n<meta property=\"article:publisher\" content=\"https:\/\/www.facebook.com\/pagelacdecarouge\/\" \/>\n<meta property=\"article:modified_time\" content=\"2025-05-04T09:38:43+00:00\" \/>\n<meta property=\"og:image\" content=\"https:\/\/www.campinglacdecarouge.fr\/wp-content\/uploads\/2024\/11\/20240624_105940-scaled.jpg\" \/>\n\t<meta property=\"og:image:width\" content=\"2560\" \/>\n\t<meta property=\"og:image:height\" content=\"1442\" \/>\n\t<meta property=\"og:image:type\" content=\"image\/jpeg\" \/>\n<meta name=\"twitter:card\" content=\"summary_large_image\" \/>\n<meta name=\"twitter:site\" content=\"@lacdecarouge\" \/>\n<meta name=\"twitter:label1\" content=\"Gesch\u00e4tzte Lesezeit\" \/>\n\t<meta name=\"twitter:data1\" content=\"4\u00a0Minuten\" \/>\n<script type=\"application\/ld+json\" class=\"yoast-schema-graph\">{\"@context\":\"https:\/\/schema.org\",\"@graph\":[{\"@type\":\"WebPage\",\"@id\":\"https:\/\/www.campinglacdecarouge.fr\/de\/der-campingplatz\/aktivitaeten-und-freizeit\/via-ferrata-klettersteig\/\",\"url\":\"https:\/\/www.campinglacdecarouge.fr\/de\/der-campingplatz\/aktivitaeten-und-freizeit\/via-ferrata-klettersteig\/\",\"name\":\"Via Ferrata (Klettersteig) - Camping du Lac de Carouge\",\"isPartOf\":{\"@id\":\"https:\/\/www.campinglacdecarouge.fr\/de\/#website\"},\"datePublished\":\"2024-11-25T14:23:42+00:00\",\"dateModified\":\"2025-05-04T09:38:43+00:00\",\"breadcrumb\":{\"@id\":\"https:\/\/www.campinglacdecarouge.fr\/de\/der-campingplatz\/aktivitaeten-und-freizeit\/via-ferrata-klettersteig\/#breadcrumb\"},\"inLanguage\":\"de\",\"potentialAction\":[{\"@type\":\"ReadAction\",\"target\":[\"https:\/\/www.campinglacdecarouge.fr\/de\/der-campingplatz\/aktivitaeten-und-freizeit\/via-ferrata-klettersteig\/\"]}]},{\"@type\":\"BreadcrumbList\",\"@id\":\"https:\/\/www.campinglacdecarouge.fr\/de\/der-campingplatz\/aktivitaeten-und-freizeit\/via-ferrata-klettersteig\/#breadcrumb\",\"itemListElement\":[{\"@type\":\"ListItem\",\"position\":1,\"name\":\"Accueil\",\"item\":\"https:\/\/www.campinglacdecarouge.fr\/de\/startseite-2\/\"},{\"@type\":\"ListItem\",\"position\":2,\"name\":\"Le Camping du Lac de Carouge\",\"item\":\"https:\/\/www.campinglacdecarouge.fr\/de\/le-camping\/\"},{\"@type\":\"ListItem\",\"position\":3,\"name\":\"Aktivit\u00e4ten und Freizeit\",\"item\":\"https:\/\/www.campinglacdecarouge.fr\/de\/der-campingplatz\/aktivitaeten-und-freizeit\/\"},{\"@type\":\"ListItem\",\"position\":4,\"name\":\"Via Ferrata (Klettersteig)\"}]},{\"@type\":\"WebSite\",\"@id\":\"https:\/\/www.campinglacdecarouge.fr\/de\/#website\",\"url\":\"https:\/\/www.campinglacdecarouge.fr\/de\/\",\"name\":\"Camping du Lac de Carouge\",\"description\":\"Webseite des Camping du Lac de Carouge in Savoyen\",\"publisher\":{\"@id\":\"https:\/\/www.campinglacdecarouge.fr\/de\/#organization\"},\"potentialAction\":[{\"@type\":\"SearchAction\",\"target\":{\"@type\":\"EntryPoint\",\"urlTemplate\":\"https:\/\/www.campinglacdecarouge.fr\/de\/?s={search_term_string}\"},\"query-input\":{\"@type\":\"PropertyValueSpecification\",\"valueRequired\":true,\"valueName\":\"search_term_string\"}}],\"inLanguage\":\"de\"},{\"@type\":\"Organization\",\"@id\":\"https:\/\/www.campinglacdecarouge.fr\/de\/#organization\",\"name\":\"Camping du Lac de Carouge\",\"url\":\"https:\/\/www.campinglacdecarouge.fr\/de\/\",\"logo\":{\"@type\":\"ImageObject\",\"inLanguage\":\"de\",\"@id\":\"https:\/\/www.campinglacdecarouge.fr\/de\/#\/schema\/logo\/image\/\",\"url\":\"https:\/\/www.campinglacdecarouge.fr\/wp-content\/uploads\/2024\/07\/logo-1.png\",\"contentUrl\":\"https:\/\/www.campinglacdecarouge.fr\/wp-content\/uploads\/2024\/07\/logo-1.png\",\"width\":530,\"height\":270,\"caption\":\"Camping du Lac de Carouge\"},\"image\":{\"@id\":\"https:\/\/www.campinglacdecarouge.fr\/de\/#\/schema\/logo\/image\/\"},\"sameAs\":[\"https:\/\/www.facebook.com\/pagelacdecarouge\/\",\"https:\/\/x.com\/lacdecarouge\",\"https:\/\/www.instagram.com\/lacdecarouge\/\"],\"legalName\":\"SAS SELYV\",\"foundingDate\":\"2009-01-01\",\"numberOfEmployees\":{\"@type\":\"QuantitativeValue\",\"minValue\":\"1\",\"maxValue\":\"10\"},\"publishingPrinciples\":\"https:\/\/www.campinglacdecarouge.fr\/principes-editoriaux\/\",\"correctionsPolicy\":\"https:\/\/www.campinglacdecarouge.fr\/politique-de-correction-editoriale-camping-du-lac-de-carouge\/\",\"ethicsPolicy\":\"https:\/\/www.campinglacdecarouge.fr\/standards-de-comportement-camping-du-lac-de-carouge\/\",\"diversityPolicy\":\"https:\/\/www.campinglacdecarouge.fr\/politique-de-diversite-pour-le-contenu-editorial\/\"}]}<\/script>\n<!-- \/ Yoast SEO Premium plugin. -->","yoast_head_json":{"title":"Via Ferrata (Klettersteig) - Camping du Lac de Carouge","robots":{"index":"index","follow":"follow","max-snippet":"max-snippet:-1","max-image-preview":"max-image-preview:large","max-video-preview":"max-video-preview:-1"},"canonical":"https:\/\/www.campinglacdecarouge.fr\/de\/der-campingplatz\/aktivitaeten-und-freizeit\/via-ferrata-klettersteig\/","og_locale":"de_DE","og_type":"article","og_title":"Via Ferrata (Klettersteig)","og_description":"Die verschiedenen Klettersteige in der Umgebung bieten Ihnen atemberaubende Landschaften! Sportm\u00f6glichkeiten in der Umgebung des Campingplatzes: Via ferrata (Klettersteig) in der Umgebung des Campingplatzes Bei einem Aufenthalt auf einem Campingplatz sind die G\u00e4ste von einem breiten Spektrum an M\u00f6glichkeiten umgeben. Die Freizeit kann auf vielerlei Weise ausgef\u00fcllt werden. So k\u00f6nnen Sie zum Beispiel auf dem [&hellip;]","og_url":"https:\/\/www.campinglacdecarouge.fr\/de\/der-campingplatz\/aktivitaeten-und-freizeit\/via-ferrata-klettersteig\/","og_site_name":"Camping du Lac de Carouge","article_publisher":"https:\/\/www.facebook.com\/pagelacdecarouge\/","article_modified_time":"2025-05-04T09:38:43+00:00","og_image":[{"width":2560,"height":1442,"url":"https:\/\/www.campinglacdecarouge.fr\/wp-content\/uploads\/2024\/11\/20240624_105940-scaled.jpg","type":"image\/jpeg"}],"twitter_card":"summary_large_image","twitter_site":"@lacdecarouge","twitter_misc":{"Gesch\u00e4tzte Lesezeit":"4\u00a0Minuten"},"schema":{"@context":"https:\/\/schema.org","@graph":[{"@type":"WebPage","@id":"https:\/\/www.campinglacdecarouge.fr\/de\/der-campingplatz\/aktivitaeten-und-freizeit\/via-ferrata-klettersteig\/","url":"https:\/\/www.campinglacdecarouge.fr\/de\/der-campingplatz\/aktivitaeten-und-freizeit\/via-ferrata-klettersteig\/","name":"Via Ferrata (Klettersteig) - Camping du Lac de Carouge","isPartOf":{"@id":"https:\/\/www.campinglacdecarouge.fr\/de\/#website"},"datePublished":"2024-11-25T14:23:42+00:00","dateModified":"2025-05-04T09:38:43+00:00","breadcrumb":{"@id":"https:\/\/www.campinglacdecarouge.fr\/de\/der-campingplatz\/aktivitaeten-und-freizeit\/via-ferrata-klettersteig\/#breadcrumb"},"inLanguage":"de","potentialAction":[{"@type":"ReadAction","target":["https:\/\/www.campinglacdecarouge.fr\/de\/der-campingplatz\/aktivitaeten-und-freizeit\/via-ferrata-klettersteig\/"]}]},{"@type":"BreadcrumbList","@id":"https:\/\/www.campinglacdecarouge.fr\/de\/der-campingplatz\/aktivitaeten-und-freizeit\/via-ferrata-klettersteig\/#breadcrumb","itemListElement":[{"@type":"ListItem","position":1,"name":"Accueil","item":"https:\/\/www.campinglacdecarouge.fr\/de\/startseite-2\/"},{"@type":"ListItem","position":2,"name":"Le Camping du Lac de Carouge","item":"https:\/\/www.campinglacdecarouge.fr\/de\/le-camping\/"},{"@type":"ListItem","position":3,"name":"Aktivit\u00e4ten und Freizeit","item":"https:\/\/www.campinglacdecarouge.fr\/de\/der-campingplatz\/aktivitaeten-und-freizeit\/"},{"@type":"ListItem","position":4,"name":"Via Ferrata (Klettersteig)"}]},{"@type":"WebSite","@id":"https:\/\/www.campinglacdecarouge.fr\/de\/#website","url":"https:\/\/www.campinglacdecarouge.fr\/de\/","name":"Camping du Lac de Carouge","description":"Webseite des Camping du Lac de Carouge in Savoyen","publisher":{"@id":"https:\/\/www.campinglacdecarouge.fr\/de\/#organization"},"potentialAction":[{"@type":"SearchAction","target":{"@type":"EntryPoint","urlTemplate":"https:\/\/www.campinglacdecarouge.fr\/de\/?s={search_term_string}"},"query-input":{"@type":"PropertyValueSpecification","valueRequired":true,"valueName":"search_term_string"}}],"inLanguage":"de"},{"@type":"Organization","@id":"https:\/\/www.campinglacdecarouge.fr\/de\/#organization","name":"Camping du Lac de Carouge","url":"https:\/\/www.campinglacdecarouge.fr\/de\/","logo":{"@type":"ImageObject","inLanguage":"de","@id":"https:\/\/www.campinglacdecarouge.fr\/de\/#\/schema\/logo\/image\/","url":"https:\/\/www.campinglacdecarouge.fr\/wp-content\/uploads\/2024\/07\/logo-1.png","contentUrl":"https:\/\/www.campinglacdecarouge.fr\/wp-content\/uploads\/2024\/07\/logo-1.png","width":530,"height":270,"caption":"Camping du Lac de Carouge"},"image":{"@id":"https:\/\/www.campinglacdecarouge.fr\/de\/#\/schema\/logo\/image\/"},"sameAs":["https:\/\/www.facebook.com\/pagelacdecarouge\/","https:\/\/x.com\/lacdecarouge","https:\/\/www.instagram.com\/lacdecarouge\/"],"legalName":"SAS SELYV","foundingDate":"2009-01-01","numberOfEmployees":{"@type":"QuantitativeValue","minValue":"1","maxValue":"10"},"publishingPrinciples":"https:\/\/www.campinglacdecarouge.fr\/principes-editoriaux\/","correctionsPolicy":"https:\/\/www.campinglacdecarouge.fr\/politique-de-correction-editoriale-camping-du-lac-de-carouge\/","ethicsPolicy":"https:\/\/www.campinglacdecarouge.fr\/standards-de-comportement-camping-du-lac-de-carouge\/","diversityPolicy":"https:\/\/www.campinglacdecarouge.fr\/politique-de-diversite-pour-le-contenu-editorial\/"}]}},"_links":{"self":[{"href":"https:\/\/www.campinglacdecarouge.fr\/de\/wp-json\/wp\/v2\/pages\/14471","targetHints":{"allow":["GET"]}}],"collection":[{"href":"https:\/\/www.campinglacdecarouge.fr\/de\/wp-json\/wp\/v2\/pages"}],"about":[{"href":"https:\/\/www.campinglacdecarouge.fr\/de\/wp-json\/wp\/v2\/types\/page"}],"author":[{"embeddable":true,"href":"https:\/\/www.campinglacdecarouge.fr\/de\/wp-json\/wp\/v2\/users\/1"}],"replies":[{"embeddable":true,"href":"https:\/\/www.campinglacdecarouge.fr\/de\/wp-json\/wp\/v2\/comments?post=14471"}],"version-history":[{"count":3,"href":"https:\/\/www.campinglacdecarouge.fr\/de\/wp-json\/wp\/v2\/pages\/14471\/revisions"}],"predecessor-version":[{"id":52863,"href":"https:\/\/www.campinglacdecarouge.fr\/de\/wp-json\/wp\/v2\/pages\/14471\/revisions\/52863"}],"up":[{"embeddable":true,"href":"https:\/\/www.campinglacdecarouge.fr\/de\/wp-json\/wp\/v2\/pages\/9053"}],"wp:attachment":[{"href":"https:\/\/www.campinglacdecarouge.fr\/de\/wp-json\/wp\/v2\/media?parent=14471"}],"curies":[{"name":"wp","href":"https:\/\/api.w.org\/{rel}","templated":true}]}}