{"id":5139,"date":"2024-10-02T10:24:07","date_gmt":"2024-10-02T08:24:07","guid":{"rendered":"https:\/\/www.campinglacdecarouge.fr\/annecy\/"},"modified":"2024-12-20T23:31:10","modified_gmt":"2024-12-20T22:31:10","slug":"annecy","status":"publish","type":"page","link":"https:\/\/www.campinglacdecarouge.fr\/da\/must-see-steder-i-savoie\/annecy\/","title":{"rendered":"Annecy, Alpernes Venedig"},"content":{"rendered":"\t\t<div data-elementor-type=\"wp-page\" data-elementor-id=\"5139\" class=\"elementor elementor-5139 elementor-3250\" data-elementor-post-type=\"page\">\n\t\t\t\t<div class=\"elementor-element elementor-element-71842dc e-flex e-con-boxed elementor-invisible e-con e-parent\" data-id=\"71842dc\" data-element_type=\"container\" data-e-type=\"container\" data-settings=\"{&quot;shape_divider_bottom&quot;:&quot;wave-brush&quot;,&quot;background_background&quot;:&quot;slideshow&quot;,&quot;background_slideshow_gallery&quot;:[{&quot;id&quot;:2591,&quot;url&quot;:&quot;https:\\\/\\\/www.campinglacdecarouge.fr\\\/wp-content\\\/uploads\\\/2024\\\/09\\\/IMG_20080805_130257-scaled.jpg&quot;},{&quot;id&quot;:10176,&quot;url&quot;:&quot;https:\\\/\\\/www.campinglacdecarouge.fr\\\/wp-content\\\/uploads\\\/2024\\\/11\\\/Island-Palace-Annecy-in-France.-River-town-in-France-Annecy-Castle-landscape-shutterstock_638444734.jpg&quot;},{&quot;id&quot;:10187,&quot;url&quot;:&quot;https:\\\/\\\/www.campinglacdecarouge.fr\\\/wp-content\\\/uploads\\\/2024\\\/11\\\/Ben-Peccoux-Photography-edited.jpeg&quot;},{&quot;id&quot;:10175,&quot;url&quot;:&quot;https:\\\/\\\/www.campinglacdecarouge.fr\\\/wp-content\\\/uploads\\\/2024\\\/11\\\/annecyouverture-scaled.jpg&quot;},{&quot;id&quot;:10174,&quot;url&quot;:&quot;https:\\\/\\\/www.campinglacdecarouge.fr\\\/wp-content\\\/uploads\\\/2024\\\/11\\\/fete-du-lac-annecy.jpg&quot;}],&quot;background_slideshow_lazyload&quot;:&quot;yes&quot;,&quot;background_slideshow_ken_burns&quot;:&quot;yes&quot;,&quot;background_slideshow_ken_burns_zoom_direction&quot;:&quot;out&quot;,&quot;animation&quot;:&quot;fadeIn&quot;,&quot;shape_divider_top&quot;:&quot;wave-brush&quot;,&quot;background_slideshow_loop&quot;:&quot;yes&quot;,&quot;background_slideshow_slide_duration&quot;:5000,&quot;background_slideshow_slide_transition&quot;:&quot;fade&quot;,&quot;background_slideshow_transition_duration&quot;:500}\">\n\t\t\t\t\t<div class=\"e-con-inner\">\n\t\t\t\t<div class=\"elementor-shape elementor-shape-top\" aria-hidden=\"true\" data-negative=\"false\">\n\t\t\t<svg xmlns=\"http:\/\/www.w3.org\/2000\/svg\" viewBox=\"0 0 283.5 27.8\" preserveAspectRatio=\"none\">\n\t<path class=\"elementor-shape-fill\" d=\"M283.5,9.7c0,0-7.3,4.3-14,4.6c-6.8,0.3-12.6,0-20.9-1.5c-11.3-2-33.1-10.1-44.7-5.7\ts-12.1,4.6-18,7.4c-6.6,3.2-20,9.6-36.6,9.3C131.6,23.5,99.5,7.2,86.3,8c-1.4,0.1-6.6,0.8-10.5,2c-3.8,1.2-9.4,3.8-17,4.7\tc-3.2,0.4-8.3,1.1-14.2,0.9c-1.5-0.1-6.3-0.4-12-1.6c-5.7-1.2-11-3.1-15.8-3.7C6.5,9.2,0,10.8,0,10.8V0h283.5V9.7z M260.8,11.3\tc-0.7-1-2-0.4-4.3-0.4c-2.3,0-6.1-1.2-5.8-1.1c0.3,0.1,3.1,1.5,6,1.9C259.7,12.2,261.4,12.3,260.8,11.3z M242.4,8.6\tc0,0-2.4-0.2-5.6-0.9c-3.2-0.8-10.3-2.8-15.1-3.5c-8.2-1.1-15.8,0-15.1,0.1c0.8,0.1,9.6-0.6,17.6,1.1c3.3,0.7,9.3,2.2,12.4,2.7\tC239.9,8.7,242.4,8.6,242.4,8.6z M185.2,8.5c1.7-0.7-13.3,4.7-18.5,6.1c-2.1,0.6-6.2,1.6-10,2c-3.9,0.4-8.9,0.4-8.8,0.5\tc0,0.2,5.8,0.8,11.2,0c5.4-0.8,5.2-1.1,7.6-1.6C170.5,14.7,183.5,9.2,185.2,8.5z M199.1,6.9c0.2,0-0.8-0.4-4.8,1.1\tc-4,1.5-6.7,3.5-6.9,3.7c-0.2,0.1,3.5-1.8,6.6-3C197,7.5,199,6.9,199.1,6.9z M283,6c-0.1,0.1-1.9,1.1-4.8,2.5s-6.9,2.8-6.7,2.7\tc0.2,0,3.5-0.6,7.4-2.5C282.8,6.8,283.1,5.9,283,6z M31.3,11.6c0.1-0.2-1.9-0.2-4.5-1.2s-5.4-1.6-7.8-2C15,7.6,7.3,8.5,7.7,8.6\tC8,8.7,15.9,8.3,20.2,9.3c2.2,0.5,2.4,0.5,5.7,1.6S31.2,11.9,31.3,11.6z M73,9.2c0.4-0.1,3.5-1.6,8.4-2.6c4.9-1.1,8.9-0.5,8.9-0.8\tc0-0.3-1-0.9-6.2-0.3S72.6,9.3,73,9.2z M71.6,6.7C71.8,6.8,75,5.4,77.3,5c2.3-0.3,1.9-0.5,1.9-0.6c0-0.1-1.1-0.2-2.7,0.2\tC74.8,5.1,71.4,6.6,71.6,6.7z M93.6,4.4c0.1,0.2,3.5,0.8,5.6,1.8c2.1,1,1.8,0.6,1.9,0.5c0.1-0.1-0.8-0.8-2.4-1.3\tC97.1,4.8,93.5,4.2,93.6,4.4z M65.4,11.1c-0.1,0.3,0.3,0.5,1.9-0.2s2.6-1.3,2.2-1.2s-0.9,0.4-2.5,0.8C65.3,10.9,65.5,10.8,65.4,11.1\tz M34.5,12.4c-0.2,0,2.1,0.8,3.3,0.9c1.2,0.1,2,0.1,2-0.2c0-0.3-0.1-0.5-1.6-0.4C36.6,12.8,34.7,12.4,34.5,12.4z M152.2,21.1\tc-0.1,0.1-2.4-0.3-7.5-0.3c-5,0-13.6-2.4-17.2-3.5c-3.6-1.1,10,3.9,16.5,4.1C150.5,21.6,152.3,21,152.2,21.1z\"\/>\n\t<path class=\"elementor-shape-fill\" d=\"M269.6,18c-0.1-0.1-4.6,0.3-7.2,0c-7.3-0.7-17-3.2-16.6-2.9c0.4,0.3,13.7,3.1,17,3.3\tC267.7,18.8,269.7,18,269.6,18z\"\/>\n\t<path class=\"elementor-shape-fill\" d=\"M227.4,9.8c-0.2-0.1-4.5-1-9.5-1.2c-5-0.2-12.7,0.6-12.3,0.5c0.3-0.1,5.9-1.8,13.3-1.2\tS227.6,9.9,227.4,9.8z\"\/>\n\t<path class=\"elementor-shape-fill\" d=\"M204.5,13.4c-0.1-0.1,2-1,3.2-1.1c1.2-0.1,2,0,2,0.3c0,0.3-0.1,0.5-1.6,0.4\tC206.4,12.9,204.6,13.5,204.5,13.4z\"\/>\n\t<path class=\"elementor-shape-fill\" d=\"M201,10.6c0-0.1-4.4,1.2-6.3,2.2c-1.9,0.9-6.2,3.1-6.1,3.1c0.1,0.1,4.2-1.6,6.3-2.6\tS201,10.7,201,10.6z\"\/>\n\t<path class=\"elementor-shape-fill\" d=\"M154.5,26.7c-0.1-0.1-4.6,0.3-7.2,0c-7.3-0.7-17-3.2-16.6-2.9c0.4,0.3,13.7,3.1,17,3.3\tC152.6,27.5,154.6,26.8,154.5,26.7z\"\/>\n\t<path class=\"elementor-shape-fill\" d=\"M41.9,19.3c0,0,1.2-0.3,2.9-0.1c1.7,0.2,5.8,0.9,8.2,0.7c4.2-0.4,7.4-2.7,7-2.6\tc-0.4,0-4.3,2.2-8.6,1.9c-1.8-0.1-5.1-0.5-6.7-0.4S41.9,19.3,41.9,19.3z\"\/>\n\t<path class=\"elementor-shape-fill\" d=\"M75.5,12.6c0.2,0.1,2-0.8,4.3-1.1c2.3-0.2,2.1-0.3,2.1-0.5c0-0.1-1.8-0.4-3.4,0\tC76.9,11.5,75.3,12.5,75.5,12.6z\"\/>\n\t<path class=\"elementor-shape-fill\" d=\"M15.6,13.2c0-0.1,4.3,0,6.7,0.5c2.4,0.5,5,1.9,5,2c0,0.1-2.7-0.8-5.1-1.4\tC19.9,13.7,15.7,13.3,15.6,13.2z\"\/>\n<\/svg>\t\t<\/div>\n\t\t\t\t<div class=\"elementor-shape elementor-shape-bottom\" aria-hidden=\"true\" data-negative=\"false\">\n\t\t\t<svg xmlns=\"http:\/\/www.w3.org\/2000\/svg\" viewBox=\"0 0 283.5 27.8\" preserveAspectRatio=\"none\">\n\t<path class=\"elementor-shape-fill\" d=\"M283.5,9.7c0,0-7.3,4.3-14,4.6c-6.8,0.3-12.6,0-20.9-1.5c-11.3-2-33.1-10.1-44.7-5.7\ts-12.1,4.6-18,7.4c-6.6,3.2-20,9.6-36.6,9.3C131.6,23.5,99.5,7.2,86.3,8c-1.4,0.1-6.6,0.8-10.5,2c-3.8,1.2-9.4,3.8-17,4.7\tc-3.2,0.4-8.3,1.1-14.2,0.9c-1.5-0.1-6.3-0.4-12-1.6c-5.7-1.2-11-3.1-15.8-3.7C6.5,9.2,0,10.8,0,10.8V0h283.5V9.7z M260.8,11.3\tc-0.7-1-2-0.4-4.3-0.4c-2.3,0-6.1-1.2-5.8-1.1c0.3,0.1,3.1,1.5,6,1.9C259.7,12.2,261.4,12.3,260.8,11.3z M242.4,8.6\tc0,0-2.4-0.2-5.6-0.9c-3.2-0.8-10.3-2.8-15.1-3.5c-8.2-1.1-15.8,0-15.1,0.1c0.8,0.1,9.6-0.6,17.6,1.1c3.3,0.7,9.3,2.2,12.4,2.7\tC239.9,8.7,242.4,8.6,242.4,8.6z M185.2,8.5c1.7-0.7-13.3,4.7-18.5,6.1c-2.1,0.6-6.2,1.6-10,2c-3.9,0.4-8.9,0.4-8.8,0.5\tc0,0.2,5.8,0.8,11.2,0c5.4-0.8,5.2-1.1,7.6-1.6C170.5,14.7,183.5,9.2,185.2,8.5z M199.1,6.9c0.2,0-0.8-0.4-4.8,1.1\tc-4,1.5-6.7,3.5-6.9,3.7c-0.2,0.1,3.5-1.8,6.6-3C197,7.5,199,6.9,199.1,6.9z M283,6c-0.1,0.1-1.9,1.1-4.8,2.5s-6.9,2.8-6.7,2.7\tc0.2,0,3.5-0.6,7.4-2.5C282.8,6.8,283.1,5.9,283,6z M31.3,11.6c0.1-0.2-1.9-0.2-4.5-1.2s-5.4-1.6-7.8-2C15,7.6,7.3,8.5,7.7,8.6\tC8,8.7,15.9,8.3,20.2,9.3c2.2,0.5,2.4,0.5,5.7,1.6S31.2,11.9,31.3,11.6z M73,9.2c0.4-0.1,3.5-1.6,8.4-2.6c4.9-1.1,8.9-0.5,8.9-0.8\tc0-0.3-1-0.9-6.2-0.3S72.6,9.3,73,9.2z M71.6,6.7C71.8,6.8,75,5.4,77.3,5c2.3-0.3,1.9-0.5,1.9-0.6c0-0.1-1.1-0.2-2.7,0.2\tC74.8,5.1,71.4,6.6,71.6,6.7z M93.6,4.4c0.1,0.2,3.5,0.8,5.6,1.8c2.1,1,1.8,0.6,1.9,0.5c0.1-0.1-0.8-0.8-2.4-1.3\tC97.1,4.8,93.5,4.2,93.6,4.4z M65.4,11.1c-0.1,0.3,0.3,0.5,1.9-0.2s2.6-1.3,2.2-1.2s-0.9,0.4-2.5,0.8C65.3,10.9,65.5,10.8,65.4,11.1\tz M34.5,12.4c-0.2,0,2.1,0.8,3.3,0.9c1.2,0.1,2,0.1,2-0.2c0-0.3-0.1-0.5-1.6-0.4C36.6,12.8,34.7,12.4,34.5,12.4z M152.2,21.1\tc-0.1,0.1-2.4-0.3-7.5-0.3c-5,0-13.6-2.4-17.2-3.5c-3.6-1.1,10,3.9,16.5,4.1C150.5,21.6,152.3,21,152.2,21.1z\"\/>\n\t<path class=\"elementor-shape-fill\" d=\"M269.6,18c-0.1-0.1-4.6,0.3-7.2,0c-7.3-0.7-17-3.2-16.6-2.9c0.4,0.3,13.7,3.1,17,3.3\tC267.7,18.8,269.7,18,269.6,18z\"\/>\n\t<path class=\"elementor-shape-fill\" d=\"M227.4,9.8c-0.2-0.1-4.5-1-9.5-1.2c-5-0.2-12.7,0.6-12.3,0.5c0.3-0.1,5.9-1.8,13.3-1.2\tS227.6,9.9,227.4,9.8z\"\/>\n\t<path class=\"elementor-shape-fill\" d=\"M204.5,13.4c-0.1-0.1,2-1,3.2-1.1c1.2-0.1,2,0,2,0.3c0,0.3-0.1,0.5-1.6,0.4\tC206.4,12.9,204.6,13.5,204.5,13.4z\"\/>\n\t<path class=\"elementor-shape-fill\" d=\"M201,10.6c0-0.1-4.4,1.2-6.3,2.2c-1.9,0.9-6.2,3.1-6.1,3.1c0.1,0.1,4.2-1.6,6.3-2.6\tS201,10.7,201,10.6z\"\/>\n\t<path class=\"elementor-shape-fill\" d=\"M154.5,26.7c-0.1-0.1-4.6,0.3-7.2,0c-7.3-0.7-17-3.2-16.6-2.9c0.4,0.3,13.7,3.1,17,3.3\tC152.6,27.5,154.6,26.8,154.5,26.7z\"\/>\n\t<path class=\"elementor-shape-fill\" d=\"M41.9,19.3c0,0,1.2-0.3,2.9-0.1c1.7,0.2,5.8,0.9,8.2,0.7c4.2-0.4,7.4-2.7,7-2.6\tc-0.4,0-4.3,2.2-8.6,1.9c-1.8-0.1-5.1-0.5-6.7-0.4S41.9,19.3,41.9,19.3z\"\/>\n\t<path class=\"elementor-shape-fill\" d=\"M75.5,12.6c0.2,0.1,2-0.8,4.3-1.1c2.3-0.2,2.1-0.3,2.1-0.5c0-0.1-1.8-0.4-3.4,0\tC76.9,11.5,75.3,12.5,75.5,12.6z\"\/>\n\t<path class=\"elementor-shape-fill\" d=\"M15.6,13.2c0-0.1,4.3,0,6.7,0.5c2.4,0.5,5,1.9,5,2c0,0.1-2.7-0.8-5.1-1.4\tC19.9,13.7,15.7,13.3,15.6,13.2z\"\/>\n<\/svg>\t\t<\/div>\n\t\t<div class=\"elementor-element elementor-element-0908ef8 e-con-full e-flex elementor-invisible e-con e-child\" data-id=\"0908ef8\" data-element_type=\"container\" data-e-type=\"container\" data-settings=\"{&quot;animation&quot;:&quot;slideInLeft&quot;,&quot;animation_delay&quot;:800}\">\n\t\t<div class=\"elementor-element elementor-element-bc16758 e-con-full skew-container-light e-flex elementor-invisible e-con e-child\" data-id=\"bc16758\" data-element_type=\"container\" data-e-type=\"container\" data-settings=\"{&quot;background_background&quot;:&quot;classic&quot;,&quot;animation&quot;:&quot;fadeIn&quot;,&quot;animation_delay&quot;:800}\">\n\t\t\t\t<div class=\"elementor-element elementor-element-4eac95f elementor-widget elementor-widget-heading\" data-id=\"4eac95f\" data-element_type=\"widget\" data-e-type=\"widget\" data-settings=\"{&quot;_animation&quot;:&quot;none&quot;,&quot;_animation_delay&quot;:100}\" data-widget_type=\"heading.default\">\n\t\t\t\t<div class=\"elementor-widget-container\">\n\t\t\t\t\t<h1 class=\"elementor-heading-title elementor-size-default\">Campingplads n\u00e6r Annecy, \u00bbAlpernes Venedig<\/h1>\t\t\t\t<\/div>\n\t\t\t\t<\/div>\n\t\t\t\t<div class=\"elementor-element elementor-element-4a93997 elementor-widget elementor-widget-text-editor\" data-id=\"4a93997\" data-element_type=\"widget\" data-e-type=\"widget\" data-settings=\"{&quot;_animation&quot;:&quot;none&quot;,&quot;_animation_delay&quot;:500}\" data-widget_type=\"text-editor.default\">\n\t\t\t\t<div class=\"elementor-widget-container\">\n\t\t\t\t\t\t\t\t\t<p style=\"text-align: center;\">T\u00e6t p\u00e5 vand, som er en af byens naturlige ressourcer, er <strong>Annecy <\/strong>blevet formet af det, og det vidner arkitekturen om. Den gamle bydel med traboules, en slags hemmelig passage, og et virvar af huse er karakteristisk. De middelalderlige f\u00e6rdsels\u00e5rer (Porte Sainte Claire, C\u00f4te Perri\u00e8re), der adskiller den gamle bydel fra resten af byen, er der stadig i dag.<\/p>\n\t\t\t\t\t\t\t\t<\/div>\n\t\t\t\t<\/div>\n\t\t\t\t<\/div>\n\t\t<div class=\"elementor-element elementor-element-19c78a3 e-con-full elementor-hidden-tablet elementor-hidden-mobile e-flex e-con e-child\" data-id=\"19c78a3\" data-element_type=\"container\" data-e-type=\"container\">\n\t\t\t\t<\/div>\n\t\t\t\t<\/div>\n\t\t\t\t\t<\/div>\n\t\t\t\t<\/div>\n\t\t<div class=\"elementor-element elementor-element-091a162 e-flex e-con-boxed e-con e-parent\" data-id=\"091a162\" data-element_type=\"container\" data-e-type=\"container\">\n\t\t\t\t\t<div class=\"e-con-inner\">\n\t\t\t\t<div class=\"elementor-element elementor-element-94e5813 elementor-widget elementor-widget-heading\" data-id=\"94e5813\" data-element_type=\"widget\" data-e-type=\"widget\" data-widget_type=\"heading.default\">\n\t\t\t\t<div class=\"elementor-widget-container\">\n\t\t\t\t\t<h2 class=\"elementor-heading-title elementor-size-default\">En historisk by meget t\u00e6t p\u00e5 vores campingplads n\u00e6r Annecy<\/h2>\t\t\t\t<\/div>\n\t\t\t\t<\/div>\n\t\t\t\t<div class=\"elementor-element elementor-element-9b862f1 elementor-widget elementor-widget-text-editor\" data-id=\"9b862f1\" data-element_type=\"widget\" data-e-type=\"widget\" data-widget_type=\"text-editor.default\">\n\t\t\t\t<div class=\"elementor-widget-container\">\n\t\t\t\t\t\t\t\t\t<p>Campingpladsen Lac de Carouge i Savoie ligger ved foden af de franske alper. Der er masser af sportslige og kulturelle aktiviteter. Men hvis du foretr\u00e6kker at slentre gennem shoppinggaderne eller bes\u00f8ge en af de smukkeste byer i omr\u00e5det, kan vi anbefale Annecy.  <\/p>\n\t\t\t\t\t\t\t\t<\/div>\n\t\t\t\t<\/div>\n\t\t\t\t<div class=\"elementor-element elementor-element-1c7f9c0 elementor-widget elementor-widget-text-editor\" data-id=\"1c7f9c0\" data-element_type=\"widget\" data-e-type=\"widget\" data-widget_type=\"text-editor.default\">\n\t\t\t\t<div class=\"elementor-widget-container\">\n\t\t\t\t\t\t\t\t\t<p><a href=\"https:\/\/www.annecy.fr\/\">Annecy <\/a>er hovedstaden i departementet Haute-Savoie. Den ligger nord for s\u00f8en af samme navn, 45 minutter fra campingpladsen. Byen har lidt over 50.000 indbyggere og mange sev\u00e6rdigheder og monumenter. Den er ogs\u00e5 kendt som \u00bbAlpernes Venedig\u00ab eller \u00bbAlpernes Perle\u00ab p\u00e5 grund af sin bymidte og sine kanaler. Desuden er det en af de smukkeste byer, hvis ikke den smukkeste by i Alperne, takket v\u00e6re s\u00f8en, det historiske centrum og de mange sev\u00e6rdigheder.    <\/p>\n\t\t\t\t\t\t\t\t<\/div>\n\t\t\t\t<\/div>\n\t\t\t\t<div class=\"elementor-element elementor-element-74ac0c9 elementor-widget elementor-widget-text-editor\" data-id=\"74ac0c9\" data-element_type=\"widget\" data-e-type=\"widget\" data-widget_type=\"text-editor.default\">\n\t\t\t\t<div class=\"elementor-widget-container\">\n\t\t\t\t\t\t\t\t\t<div>Vi elsker denne by, som b\u00e5de er gammel og moderne. Du kan ogs\u00e5 slentre <strong>langs Annecy-s\u00f8ens bredder<\/strong>, slappe af p\u00e5 gr\u00e6spl\u00e6nerne eller leje en b\u00e5d eller vandcykel for at sejle p\u00e5 s\u00f8en. Der er selvf\u00f8lgelig masser af andre steder at bes\u00f8ge i omr\u00e5det, is\u00e6r Gorges du Fier, som vi er s\u00e6rligt glade for.  <\/div>\n\t\t\t\t\t\t\t\t<\/div>\n\t\t\t\t<\/div>\n\t\t\t\t<div class=\"elementor-element elementor-element-be9ec2a elementor-widget elementor-widget-text-editor\" data-id=\"be9ec2a\" data-element_type=\"widget\" data-e-type=\"widget\" data-widget_type=\"text-editor.default\">\n\t\t\t\t<div class=\"elementor-widget-container\">\n\t\t\t\t\t\t\t\t\t<p>Byen har en rig historie, der begyndte i begyndelsen af vores tidsregning, da en gallisk stamme boede her. Romerne byggede derefter deres f\u00f8rste bos\u00e6ttelse her, komplet med forum, basilika, templer og teater. Byen ligger p\u00e5 en strategisk handelsrute mellem Frankrig og Italien og voksede i betydning gennem \u00e5rhundrederne.  <\/p>\n\t\t\t\t\t\t\t\t<\/div>\n\t\t\t\t<\/div>\n\t\t\t\t<div class=\"elementor-element elementor-element-56dcda3 elementor-widget elementor-widget-text-editor\" data-id=\"56dcda3\" data-element_type=\"widget\" data-e-type=\"widget\" data-widget_type=\"text-editor.default\">\n\t\t\t\t<div class=\"elementor-widget-container\">\n\t\t\t\t\t\t\t\t\t<p>I den middelalderlige bymidte kan du forestille dig, at du tr\u00e6der tilbage i tiden. Her finder du smukke gamle bygninger og gader. Beliggenheden ved vandet g\u00f8r den til noget helt s\u00e6rligt. N\u00e5r du slentrer gennem gaderne, vil du automatisk st\u00f8de p\u00e5 de forskellige vartegn. Peterskirken i barokstil fra det 16. \u00e5rhundrede er en ret stram, men imponerende bygning. Kuplen og dele af loftet er rigt bemalet og et bes\u00f8g v\u00e6rd.     <\/p>\n\t\t\t\t\t\t\t\t<\/div>\n\t\t\t\t<\/div>\n\t\t\t\t<div class=\"elementor-element elementor-element-c8069aa elementor-widget elementor-widget-text-editor\" data-id=\"c8069aa\" data-element_type=\"widget\" data-e-type=\"widget\" data-widget_type=\"text-editor.default\">\n\t\t\t\t<div class=\"elementor-widget-container\">\n\t\t\t\t\t\t\t\t\t<p>I kirken finder du ogs\u00e5 en r\u00e6kke kunstgenstande fra det 19. \u00e5rhundrede. En anden kirke, der er v\u00e6rd at bes\u00f8ge, er den romersk-katolske kirke Saint-Maurice, som er den \u00e6ldste kirke i byen. Den gotiske kirke har flere kapeller og en smuk trompe-l&#8217;oeil fra det 15. \u00e5rhundrede. Greven af Savoyens slot, hvis konstruktion blev afsluttet i 1107, ligger p\u00e5 h\u00f8jderne af Annecy. Den blev hovedstad i grevskabet Gen\u00e8ve i det 14. \u00e5rhundrede og vendte derefter tilbage til familien af greverne af Savoyen. Byen blev endelig fransk i 1860.     <\/p>\n\t\t\t\t\t\t\t\t<\/div>\n\t\t\t\t<\/div>\n\t\t\t\t<div class=\"elementor-element elementor-element-412ab43 elementor-widget elementor-widget-spacer\" data-id=\"412ab43\" data-element_type=\"widget\" data-e-type=\"widget\" data-widget_type=\"spacer.default\">\n\t\t\t\t<div class=\"elementor-widget-container\">\n\t\t\t\t\t\t\t<div class=\"elementor-spacer\">\n\t\t\t<div class=\"elementor-spacer-inner\"><\/div>\n\t\t<\/div>\n\t\t\t\t\t\t<\/div>\n\t\t\t\t<\/div>\n\t\t\t\t<div class=\"elementor-element elementor-element-4192bb9 elementor-widget elementor-widget-heading\" data-id=\"4192bb9\" data-element_type=\"widget\" data-e-type=\"widget\" data-widget_type=\"heading.default\">\n\t\t\t\t<div class=\"elementor-widget-container\">\n\t\t\t\t\t<h2 class=\"elementor-heading-title elementor-size-default\">En afslappende dag i Annecy: slentre forbi butikkerne eller nyd s\u00f8en.<\/h2>\t\t\t\t<\/div>\n\t\t\t\t<\/div>\n\t\t\t\t<div class=\"elementor-element elementor-element-d23e16a elementor-widget elementor-widget-text-editor\" data-id=\"d23e16a\" data-element_type=\"widget\" data-e-type=\"widget\" data-widget_type=\"text-editor.default\">\n\t\t\t\t<div class=\"elementor-widget-container\">\n\t\t\t\t\t\t\t\t\t<p>I den gamle bydel m\u00e5 man ikke g\u00e5 glip af Palais de l&#8217;Isle. Det har l\u00e6nge v\u00e6ret betragtet som byens symbol og en af de mest fotograferede bygninger i Frankrig. Denne bygning fra det 12. \u00e5rhundrede var tidligere et f\u00e6ngsel, men i dag finder du et museum om byens historie.  <\/p>\n\t\t\t\t\t\t\t\t<\/div>\n\t\t\t\t<\/div>\n\t\t\t\t<div class=\"elementor-element elementor-element-6d7caa6 elementor-widget elementor-widget-text-editor\" data-id=\"6d7caa6\" data-element_type=\"widget\" data-e-type=\"widget\" data-widget_type=\"text-editor.default\">\n\t\t\t\t<div class=\"elementor-widget-container\">\n\t\t\t\t\t\t\t\t\t<p>I n\u00e6rheden ligger Rue Sainte-Claire med sine farverige huse og smukke gallerier. Der er mange restauranter, caf\u00e9er og butikker p\u00e5 denne gade. Der er ogs\u00e5 nogle fine specialbutikker, hvor man kan k\u00f8be regionale specialiteter. De smalle, snoede gader i Rue Sainte-Claire f\u00f8rer dig til slottet fra det 12. \u00e5rhundrede med udsigt over byen. Udsigten over byen herfra er betagende. Du finder flere museer og midlertidige udstillinger i selve slottet.     <\/p>\n\t\t\t\t\t\t\t\t<\/div>\n\t\t\t\t<\/div>\n\t\t\t\t<div class=\"elementor-element elementor-element-fb9fe85 elementor-widget elementor-widget-image\" data-id=\"fb9fe85\" data-element_type=\"widget\" data-e-type=\"widget\" data-widget_type=\"image.default\">\n\t\t\t\t<div class=\"elementor-widget-container\">\n\t\t\t\t\t\t\t\t\t\t\t\t\t\t\t<img fetchpriority=\"high\" decoding=\"async\" width=\"768\" height=\"512\" src=\"https:\/\/www.campinglacdecarouge.fr\/wp-content\/uploads\/2024\/09\/IMG_20080805_130257-768x512.jpg\" class=\"attachment-medium_large size-medium_large wp-image-4413\" alt=\"Pont des Amours \u00e0 Annecy\" srcset=\"https:\/\/www.campinglacdecarouge.fr\/wp-content\/uploads\/2024\/09\/IMG_20080805_130257-768x512.jpg 768w, https:\/\/www.campinglacdecarouge.fr\/wp-content\/uploads\/2024\/09\/IMG_20080805_130257-300x200.jpg 300w, https:\/\/www.campinglacdecarouge.fr\/wp-content\/uploads\/2024\/09\/IMG_20080805_130257-1024x683.jpg 1024w, https:\/\/www.campinglacdecarouge.fr\/wp-content\/uploads\/2024\/09\/IMG_20080805_130257-1536x1024.jpg 1536w, https:\/\/www.campinglacdecarouge.fr\/wp-content\/uploads\/2024\/09\/IMG_20080805_130257-2048x1365.jpg 2048w\" sizes=\"(max-width: 768px) 100vw, 768px\" \/>\t\t\t\t\t\t\t\t\t\t\t\t\t\t\t<\/div>\n\t\t\t\t<\/div>\n\t\t\t\t<div class=\"elementor-element elementor-element-69d30eb elementor-widget elementor-widget-image\" data-id=\"69d30eb\" data-element_type=\"widget\" data-e-type=\"widget\" data-widget_type=\"image.default\">\n\t\t\t\t<div class=\"elementor-widget-container\">\n\t\t\t\t\t\t\t\t\t\t\t\t\t\t\t<img decoding=\"async\" width=\"768\" height=\"517\" src=\"https:\/\/www.campinglacdecarouge.fr\/wp-content\/uploads\/2024\/11\/annecyouverture-768x517.jpg\" class=\"attachment-medium_large size-medium_large wp-image-10175\" alt=\"Camping Annecy - Ancienne Prison sur les canaux\" srcset=\"https:\/\/www.campinglacdecarouge.fr\/wp-content\/uploads\/2024\/11\/annecyouverture-768x517.jpg 768w, https:\/\/www.campinglacdecarouge.fr\/wp-content\/uploads\/2024\/11\/annecyouverture-512x345.jpg 512w, https:\/\/www.campinglacdecarouge.fr\/wp-content\/uploads\/2024\/11\/annecyouverture-1024x689.jpg 1024w, https:\/\/www.campinglacdecarouge.fr\/wp-content\/uploads\/2024\/11\/annecyouverture-1536x1034.jpg 1536w, https:\/\/www.campinglacdecarouge.fr\/wp-content\/uploads\/2024\/11\/annecyouverture-2048x1379.jpg 2048w\" sizes=\"(max-width: 768px) 100vw, 768px\" \/>\t\t\t\t\t\t\t\t\t\t\t\t\t\t\t<\/div>\n\t\t\t\t<\/div>\n\t\t\t\t<div class=\"elementor-element elementor-element-571192a elementor-widget elementor-widget-text-editor\" data-id=\"571192a\" data-element_type=\"widget\" data-e-type=\"widget\" data-widget_type=\"text-editor.default\">\n\t\t\t\t<div class=\"elementor-widget-container\">\n\t\t\t\t\t\t\t\t\t<p>Mellem den gamle bydel og s\u00f8en finder du en r\u00e6kke store byparker, hvor du kan spadsere i det gr\u00f8nne og ved vandet. Jardins d&#8217;Europe blev anlagt i slutningen af det 19. \u00e5rhundrede og er fuld af smukke, \u00e5rhundredgamle tr\u00e6er. Sammen med damme og springvand er de et k\u00f8ligt sted om sommeren. Fra Jardins de l&#8217;Europe g\u00e5r man over den storsl\u00e5ede Pont des Amours til P\u00e2quier. Herfra kan du forts\u00e6tte langs boulevarden til Jardins de l&#8217;Imp\u00e9rial-paladset. Det imponerende hotel-casino Imperial Palace stammer fra det 20. \u00e5rhundrede og byder p\u00e5 en storsl\u00e5et udsigt over s\u00f8en.     <\/p>\n\t\t\t\t\t\t\t\t<\/div>\n\t\t\t\t<\/div>\n\t\t\t\t<div class=\"elementor-element elementor-element-30b3aa6 elementor-widget elementor-widget-spacer\" data-id=\"30b3aa6\" data-element_type=\"widget\" data-e-type=\"widget\" data-widget_type=\"spacer.default\">\n\t\t\t\t<div class=\"elementor-widget-container\">\n\t\t\t\t\t\t\t<div class=\"elementor-spacer\">\n\t\t\t<div class=\"elementor-spacer-inner\"><\/div>\n\t\t<\/div>\n\t\t\t\t\t\t<\/div>\n\t\t\t\t<\/div>\n\t\t\t\t<div class=\"elementor-element elementor-element-f49be15 elementor-widget elementor-widget-heading\" data-id=\"f49be15\" data-element_type=\"widget\" data-e-type=\"widget\" data-widget_type=\"heading.default\">\n\t\t\t\t<div class=\"elementor-widget-container\">\n\t\t\t\t\t<h2 class=\"elementor-heading-title elementor-size-default\">Annecy-s\u00f8en er en af de smukkeste bjergs\u00f8er i Alperne.<\/h2>\t\t\t\t<\/div>\n\t\t\t\t<\/div>\n\t\t\t\t<div class=\"elementor-element elementor-element-9e35c0b elementor-widget elementor-widget-text-editor\" data-id=\"9e35c0b\" data-element_type=\"widget\" data-e-type=\"widget\" data-widget_type=\"text-editor.default\">\n\t\t\t\t<div class=\"elementor-widget-container\">\n\t\t\t\t\t\t\t\t\t<p>S\u00f8en ligger <strong>mindre end 40 minutter fra campingpladsen<\/strong> i 477 meters h\u00f8jde og er omgivet af de omkringliggende bjergmassiver som Bauges (den bedste rute til Annecy). Du ankommer til s\u00f8en fra et h\u00f8jt sted, hvilket giver dig en af de mest enest\u00e5ende udsigter i omr\u00e5det) eller Le Grand Bornand. Kom og oplev juvelen Annecy-s\u00f8en med dens turkisbl\u00e5 vand. Med sine 32 kilometer kystlinje kan du nyde vandtemperaturer p\u00e5 n\u00e6sten 24\u00b0C om sommeren.  <\/p>\n<p>Hvis du f\u00f8ler dig sporty, kan du cykle, k\u00f8re p\u00e5 rullesk\u00f8jter eller endda g\u00e5 rundt om s\u00f8en p\u00e5 cykelstien.<\/p>\n\t\t\t\t\t\t\t\t<\/div>\n\t\t\t\t<\/div>\n\t\t\t\t<div class=\"elementor-element elementor-element-ae9a715 elementor-widget elementor-widget-text-editor\" data-id=\"ae9a715\" data-element_type=\"widget\" data-e-type=\"widget\" data-widget_type=\"text-editor.default\">\n\t\t\t\t<div class=\"elementor-widget-container\">\n\t\t\t\t\t\t\t\t\t<p>S\u00f8en er is\u00e6r popul\u00e6r for sit rene, krystalklare vand, som kommer direkte fra en gletsjer og en unders\u00f8isk kilde. Den d\u00e6kker et omr\u00e5de p\u00e5 omkring 27 kvadratkilometer og er 80 meter dyb. Der er mange strande langs den 38 km lange kystlinje. En stor del af s\u00f8en er omgivet af cykelstier, hvor man kan g\u00e5 eller cykle i fuld sikkerhed. Selv om s\u00f8en er omgivet af imponerende bjerge, kan den udforskes p\u00e5 cykel eller til fods.    <\/p>\n\t\t\t\t\t\t\t\t<\/div>\n\t\t\t\t<\/div>\n\t\t\t\t\t<\/div>\n\t\t\t\t<\/div>\n\t\t\t\t<\/div>\n\t\t","protected":false},"excerpt":{"rendered":"<p>Campingplads n\u00e6r Annecy, \u00bbAlpernes Venedig T\u00e6t p\u00e5 vand, som er en af byens naturlige ressourcer, er Annecy blevet formet af det, og det vidner arkitekturen om. Den gamle bydel med traboules, en slags hemmelig passage, og et virvar af huse er karakteristisk. De middelalderlige f\u00e6rdsels\u00e5rer (Porte Sainte Claire, C\u00f4te Perri\u00e8re), der adskiller den gamle bydel [&hellip;]<\/p>\n","protected":false},"author":1,"featured_media":0,"parent":5749,"menu_order":0,"comment_status":"closed","ping_status":"closed","template":"elementor_header_footer","meta":{"footnotes":""},"class_list":["post-5139","page","type-page","status-publish","hentry"],"blocksy_meta":[],"yoast_head":"<!-- This site is optimized with the Yoast SEO Premium plugin v27.2 (Yoast SEO v27.2) - https:\/\/yoast.com\/product\/yoast-seo-premium-wordpress\/ -->\n<title>Annecy, Alpernes Venedig - Camping du Lac de Carouge<\/title>\n<meta name=\"description\" content=\"\u00bbAlpernes Venedig\u00ab, t\u00e6t p\u00e5 vand og natur, vores campingplads n\u00e6r Annecy giver dig mulighed for at opdage denne storsl\u00e5ede by.\" \/>\n<meta name=\"robots\" content=\"index, follow, max-snippet:-1, max-image-preview:large, max-video-preview:-1\" \/>\n<link rel=\"canonical\" href=\"https:\/\/www.campinglacdecarouge.fr\/da\/must-see-steder-i-savoie\/annecy\/\" \/>\n<meta property=\"og:locale\" content=\"da_DK\" \/>\n<meta property=\"og:type\" content=\"article\" \/>\n<meta property=\"og:title\" content=\"Annecy, Alpernes Venedig\" \/>\n<meta property=\"og:description\" content=\"\u00bbAlpernes Venedig\u00ab, t\u00e6t p\u00e5 vand og natur, vores campingplads n\u00e6r Annecy giver dig mulighed for at opdage denne storsl\u00e5ede by.\" \/>\n<meta property=\"og:url\" content=\"https:\/\/www.campinglacdecarouge.fr\/da\/must-see-steder-i-savoie\/annecy\/\" \/>\n<meta property=\"og:site_name\" content=\"Camping du Lac de Carouge\" \/>\n<meta property=\"article:publisher\" content=\"https:\/\/www.facebook.com\/pagelacdecarouge\/\" \/>\n<meta property=\"article:modified_time\" content=\"2024-12-20T22:31:10+00:00\" \/>\n<meta property=\"og:image\" content=\"https:\/\/www.campinglacdecarouge.fr\/wp-content\/uploads\/2024\/09\/IMG_20080805_130257-scaled.jpg\" \/>\n\t<meta property=\"og:image:width\" content=\"2560\" \/>\n\t<meta property=\"og:image:height\" content=\"1707\" \/>\n\t<meta property=\"og:image:type\" content=\"image\/jpeg\" \/>\n<meta name=\"twitter:card\" content=\"summary_large_image\" \/>\n<meta name=\"twitter:site\" content=\"@lacdecarouge\" \/>\n<meta name=\"twitter:label1\" content=\"Estimeret l\u00e6setid\" \/>\n\t<meta name=\"twitter:data1\" content=\"5 minutter\" \/>\n<script type=\"application\/ld+json\" class=\"yoast-schema-graph\">{\"@context\":\"https:\/\/schema.org\",\"@graph\":[{\"@type\":\"WebPage\",\"@id\":\"https:\/\/www.campinglacdecarouge.fr\/da\/must-see-steder-i-savoie\/annecy\/\",\"url\":\"https:\/\/www.campinglacdecarouge.fr\/da\/must-see-steder-i-savoie\/annecy\/\",\"name\":\"Annecy, Alpernes Venedig - Camping du Lac de Carouge\",\"isPartOf\":{\"@id\":\"https:\/\/www.campinglacdecarouge.fr\/da\/#website\"},\"primaryImageOfPage\":{\"@id\":\"https:\/\/www.campinglacdecarouge.fr\/da\/must-see-steder-i-savoie\/annecy\/#primaryimage\"},\"image\":{\"@id\":\"https:\/\/www.campinglacdecarouge.fr\/da\/must-see-steder-i-savoie\/annecy\/#primaryimage\"},\"thumbnailUrl\":\"https:\/\/www.campinglacdecarouge.fr\/wp-content\/uploads\/2024\/09\/IMG_20080805_130257-768x512.jpg\",\"datePublished\":\"2024-10-02T08:24:07+00:00\",\"dateModified\":\"2024-12-20T22:31:10+00:00\",\"description\":\"\u00bbAlpernes Venedig\u00ab, t\u00e6t p\u00e5 vand og natur, vores campingplads n\u00e6r Annecy giver dig mulighed for at opdage denne storsl\u00e5ede by.\",\"breadcrumb\":{\"@id\":\"https:\/\/www.campinglacdecarouge.fr\/da\/must-see-steder-i-savoie\/annecy\/#breadcrumb\"},\"inLanguage\":\"da-DK\",\"potentialAction\":[{\"@type\":\"ReadAction\",\"target\":[\"https:\/\/www.campinglacdecarouge.fr\/da\/must-see-steder-i-savoie\/annecy\/\"]}]},{\"@type\":\"ImageObject\",\"inLanguage\":\"da-DK\",\"@id\":\"https:\/\/www.campinglacdecarouge.fr\/da\/must-see-steder-i-savoie\/annecy\/#primaryimage\",\"url\":\"https:\/\/www.campinglacdecarouge.fr\/wp-content\/uploads\/2024\/09\/IMG_20080805_130257-768x512.jpg\",\"contentUrl\":\"https:\/\/www.campinglacdecarouge.fr\/wp-content\/uploads\/2024\/09\/IMG_20080805_130257-768x512.jpg\"},{\"@type\":\"BreadcrumbList\",\"@id\":\"https:\/\/www.campinglacdecarouge.fr\/da\/must-see-steder-i-savoie\/annecy\/#breadcrumb\",\"itemListElement\":[{\"@type\":\"ListItem\",\"position\":1,\"name\":\"Accueil\",\"item\":\"https:\/\/www.campinglacdecarouge.fr\/da\/startside-2\/\"},{\"@type\":\"ListItem\",\"position\":2,\"name\":\"Regionen Rh\u00f4ne-Alpes\",\"item\":\"https:\/\/www.campinglacdecarouge.fr\/da\/must-see-steder-i-savoie\/\"},{\"@type\":\"ListItem\",\"position\":3,\"name\":\"Annecy, Alpernes Venedig\"}]},{\"@type\":\"WebSite\",\"@id\":\"https:\/\/www.campinglacdecarouge.fr\/da\/#website\",\"url\":\"https:\/\/www.campinglacdecarouge.fr\/da\/\",\"name\":\"Camping du Lac de Carouge\",\"description\":\"Hjemmeside for campingpladsen Lac de Carouge i Savoie\",\"publisher\":{\"@id\":\"https:\/\/www.campinglacdecarouge.fr\/da\/#organization\"},\"potentialAction\":[{\"@type\":\"SearchAction\",\"target\":{\"@type\":\"EntryPoint\",\"urlTemplate\":\"https:\/\/www.campinglacdecarouge.fr\/da\/?s={search_term_string}\"},\"query-input\":{\"@type\":\"PropertyValueSpecification\",\"valueRequired\":true,\"valueName\":\"search_term_string\"}}],\"inLanguage\":\"da-DK\"},{\"@type\":\"Organization\",\"@id\":\"https:\/\/www.campinglacdecarouge.fr\/da\/#organization\",\"name\":\"Camping du Lac de Carouge\",\"url\":\"https:\/\/www.campinglacdecarouge.fr\/da\/\",\"logo\":{\"@type\":\"ImageObject\",\"inLanguage\":\"da-DK\",\"@id\":\"https:\/\/www.campinglacdecarouge.fr\/da\/#\/schema\/logo\/image\/\",\"url\":\"https:\/\/www.campinglacdecarouge.fr\/wp-content\/uploads\/2024\/07\/logo-1.png\",\"contentUrl\":\"https:\/\/www.campinglacdecarouge.fr\/wp-content\/uploads\/2024\/07\/logo-1.png\",\"width\":530,\"height\":270,\"caption\":\"Camping du Lac de Carouge\"},\"image\":{\"@id\":\"https:\/\/www.campinglacdecarouge.fr\/da\/#\/schema\/logo\/image\/\"},\"sameAs\":[\"https:\/\/www.facebook.com\/pagelacdecarouge\/\",\"https:\/\/x.com\/lacdecarouge\",\"https:\/\/www.instagram.com\/lacdecarouge\/\"],\"legalName\":\"SAS SELYV\",\"foundingDate\":\"2009-01-01\",\"numberOfEmployees\":{\"@type\":\"QuantitativeValue\",\"minValue\":\"1\",\"maxValue\":\"10\"},\"publishingPrinciples\":\"https:\/\/www.campinglacdecarouge.fr\/principes-editoriaux\/\",\"correctionsPolicy\":\"https:\/\/www.campinglacdecarouge.fr\/politique-de-correction-editoriale-camping-du-lac-de-carouge\/\",\"ethicsPolicy\":\"https:\/\/www.campinglacdecarouge.fr\/standards-de-comportement-camping-du-lac-de-carouge\/\",\"diversityPolicy\":\"https:\/\/www.campinglacdecarouge.fr\/politique-de-diversite-pour-le-contenu-editorial\/\"}]}<\/script>\n<!-- \/ Yoast SEO Premium plugin. -->","yoast_head_json":{"title":"Annecy, Alpernes Venedig - Camping du Lac de Carouge","description":"\u00bbAlpernes Venedig\u00ab, t\u00e6t p\u00e5 vand og natur, vores campingplads n\u00e6r Annecy giver dig mulighed for at opdage denne storsl\u00e5ede by.","robots":{"index":"index","follow":"follow","max-snippet":"max-snippet:-1","max-image-preview":"max-image-preview:large","max-video-preview":"max-video-preview:-1"},"canonical":"https:\/\/www.campinglacdecarouge.fr\/da\/must-see-steder-i-savoie\/annecy\/","og_locale":"da_DK","og_type":"article","og_title":"Annecy, Alpernes Venedig","og_description":"\u00bbAlpernes Venedig\u00ab, t\u00e6t p\u00e5 vand og natur, vores campingplads n\u00e6r Annecy giver dig mulighed for at opdage denne storsl\u00e5ede by.","og_url":"https:\/\/www.campinglacdecarouge.fr\/da\/must-see-steder-i-savoie\/annecy\/","og_site_name":"Camping du Lac de Carouge","article_publisher":"https:\/\/www.facebook.com\/pagelacdecarouge\/","article_modified_time":"2024-12-20T22:31:10+00:00","og_image":[{"width":2560,"height":1707,"url":"https:\/\/www.campinglacdecarouge.fr\/wp-content\/uploads\/2024\/09\/IMG_20080805_130257-scaled.jpg","type":"image\/jpeg"}],"twitter_card":"summary_large_image","twitter_site":"@lacdecarouge","twitter_misc":{"Estimeret l\u00e6setid":"5 minutter"},"schema":{"@context":"https:\/\/schema.org","@graph":[{"@type":"WebPage","@id":"https:\/\/www.campinglacdecarouge.fr\/da\/must-see-steder-i-savoie\/annecy\/","url":"https:\/\/www.campinglacdecarouge.fr\/da\/must-see-steder-i-savoie\/annecy\/","name":"Annecy, Alpernes Venedig - Camping du Lac de Carouge","isPartOf":{"@id":"https:\/\/www.campinglacdecarouge.fr\/da\/#website"},"primaryImageOfPage":{"@id":"https:\/\/www.campinglacdecarouge.fr\/da\/must-see-steder-i-savoie\/annecy\/#primaryimage"},"image":{"@id":"https:\/\/www.campinglacdecarouge.fr\/da\/must-see-steder-i-savoie\/annecy\/#primaryimage"},"thumbnailUrl":"https:\/\/www.campinglacdecarouge.fr\/wp-content\/uploads\/2024\/09\/IMG_20080805_130257-768x512.jpg","datePublished":"2024-10-02T08:24:07+00:00","dateModified":"2024-12-20T22:31:10+00:00","description":"\u00bbAlpernes Venedig\u00ab, t\u00e6t p\u00e5 vand og natur, vores campingplads n\u00e6r Annecy giver dig mulighed for at opdage denne storsl\u00e5ede by.","breadcrumb":{"@id":"https:\/\/www.campinglacdecarouge.fr\/da\/must-see-steder-i-savoie\/annecy\/#breadcrumb"},"inLanguage":"da-DK","potentialAction":[{"@type":"ReadAction","target":["https:\/\/www.campinglacdecarouge.fr\/da\/must-see-steder-i-savoie\/annecy\/"]}]},{"@type":"ImageObject","inLanguage":"da-DK","@id":"https:\/\/www.campinglacdecarouge.fr\/da\/must-see-steder-i-savoie\/annecy\/#primaryimage","url":"https:\/\/www.campinglacdecarouge.fr\/wp-content\/uploads\/2024\/09\/IMG_20080805_130257-768x512.jpg","contentUrl":"https:\/\/www.campinglacdecarouge.fr\/wp-content\/uploads\/2024\/09\/IMG_20080805_130257-768x512.jpg"},{"@type":"BreadcrumbList","@id":"https:\/\/www.campinglacdecarouge.fr\/da\/must-see-steder-i-savoie\/annecy\/#breadcrumb","itemListElement":[{"@type":"ListItem","position":1,"name":"Accueil","item":"https:\/\/www.campinglacdecarouge.fr\/da\/startside-2\/"},{"@type":"ListItem","position":2,"name":"Regionen Rh\u00f4ne-Alpes","item":"https:\/\/www.campinglacdecarouge.fr\/da\/must-see-steder-i-savoie\/"},{"@type":"ListItem","position":3,"name":"Annecy, Alpernes Venedig"}]},{"@type":"WebSite","@id":"https:\/\/www.campinglacdecarouge.fr\/da\/#website","url":"https:\/\/www.campinglacdecarouge.fr\/da\/","name":"Camping du Lac de Carouge","description":"Hjemmeside for campingpladsen Lac de Carouge i Savoie","publisher":{"@id":"https:\/\/www.campinglacdecarouge.fr\/da\/#organization"},"potentialAction":[{"@type":"SearchAction","target":{"@type":"EntryPoint","urlTemplate":"https:\/\/www.campinglacdecarouge.fr\/da\/?s={search_term_string}"},"query-input":{"@type":"PropertyValueSpecification","valueRequired":true,"valueName":"search_term_string"}}],"inLanguage":"da-DK"},{"@type":"Organization","@id":"https:\/\/www.campinglacdecarouge.fr\/da\/#organization","name":"Camping du Lac de Carouge","url":"https:\/\/www.campinglacdecarouge.fr\/da\/","logo":{"@type":"ImageObject","inLanguage":"da-DK","@id":"https:\/\/www.campinglacdecarouge.fr\/da\/#\/schema\/logo\/image\/","url":"https:\/\/www.campinglacdecarouge.fr\/wp-content\/uploads\/2024\/07\/logo-1.png","contentUrl":"https:\/\/www.campinglacdecarouge.fr\/wp-content\/uploads\/2024\/07\/logo-1.png","width":530,"height":270,"caption":"Camping du Lac de Carouge"},"image":{"@id":"https:\/\/www.campinglacdecarouge.fr\/da\/#\/schema\/logo\/image\/"},"sameAs":["https:\/\/www.facebook.com\/pagelacdecarouge\/","https:\/\/x.com\/lacdecarouge","https:\/\/www.instagram.com\/lacdecarouge\/"],"legalName":"SAS SELYV","foundingDate":"2009-01-01","numberOfEmployees":{"@type":"QuantitativeValue","minValue":"1","maxValue":"10"},"publishingPrinciples":"https:\/\/www.campinglacdecarouge.fr\/principes-editoriaux\/","correctionsPolicy":"https:\/\/www.campinglacdecarouge.fr\/politique-de-correction-editoriale-camping-du-lac-de-carouge\/","ethicsPolicy":"https:\/\/www.campinglacdecarouge.fr\/standards-de-comportement-camping-du-lac-de-carouge\/","diversityPolicy":"https:\/\/www.campinglacdecarouge.fr\/politique-de-diversite-pour-le-contenu-editorial\/"}]}},"_links":{"self":[{"href":"https:\/\/www.campinglacdecarouge.fr\/da\/wp-json\/wp\/v2\/pages\/5139","targetHints":{"allow":["GET"]}}],"collection":[{"href":"https:\/\/www.campinglacdecarouge.fr\/da\/wp-json\/wp\/v2\/pages"}],"about":[{"href":"https:\/\/www.campinglacdecarouge.fr\/da\/wp-json\/wp\/v2\/types\/page"}],"author":[{"embeddable":true,"href":"https:\/\/www.campinglacdecarouge.fr\/da\/wp-json\/wp\/v2\/users\/1"}],"replies":[{"embeddable":true,"href":"https:\/\/www.campinglacdecarouge.fr\/da\/wp-json\/wp\/v2\/comments?post=5139"}],"version-history":[{"count":0,"href":"https:\/\/www.campinglacdecarouge.fr\/da\/wp-json\/wp\/v2\/pages\/5139\/revisions"}],"up":[{"embeddable":true,"href":"https:\/\/www.campinglacdecarouge.fr\/da\/wp-json\/wp\/v2\/pages\/5749"}],"wp:attachment":[{"href":"https:\/\/www.campinglacdecarouge.fr\/da\/wp-json\/wp\/v2\/media?parent=5139"}],"curies":[{"name":"wp","href":"https:\/\/api.w.org\/{rel}","templated":true}]}}